{"id":762126,"date":"2025-08-28T09:58:51","date_gmt":"2025-08-28T06:58:51","guid":{"rendered":"https:\/\/roveyayinevi.com.tr\/index.php\/urun\/gunlerden-kirmizi\/"},"modified":"2026-04-15T03:27:11","modified_gmt":"2026-04-15T00:27:11","slug":"gunlerden-kirmizi","status":"publish","type":"product","link":"https:\/\/roveyayinevi.com.tr\/index.php\/urun\/gunlerden-kirmizi\/","title":{"rendered":"G\u00fcnlerden K\u0131rm\u0131z\u0131"},"content":{"rendered":"<p>Do\u011fuma ve \u00f6l\u00fcme imk\u00e2n tan\u0131yan, \u00f6z\u00fc a\u015fk ve \u00f6fkeyle kar\u0131lm\u0131\u015f bir renk k\u0131rm\u0131z\u0131. \u0130\u00e7imizde akan\u0131n, topra\u011f\u0131m\u0131z\u0131n, tarihimizin rengi.   G\u00fcnlerden K\u0131rm\u0131z\u0131\u2019da cisimle\u015fmi\u015f ac\u0131lardan, b\u00fck\u00fclm\u00fc\u015f g\u00f6ky\u00fcz\u00fcnden akan k\u0131z\u0131l ya\u015flara bat\u0131r\u0131yor kalemini Polat \u00d6zl\u00fco\u011flu. T\u00fcrkiye\u2019nin yak\u0131n tarihine en \u00e7ocuk g\u00f6zlerden, en \u00f6zlemli annelerden, en inat\u00e7\u0131 isyanlardan, en hayat dolu \u00f6l\u00fcmlerden bak\u0131yor. Hem \u015fahsi hem de ku\u015faklar\u0131 birle\u015ftiren bir belge sunuyor okura; unutman\u0131n, tarihe kar\u0131\u015fman\u0131n yaralara merhem olamayaca\u011f\u0131n\u0131 ispatlayan bir belge.   \u201cO gece dal gibi anam\u0131n y\u00fcre\u011fi a\u011fz\u0131ndan, dili duda\u011f\u0131ndan, can\u0131 i\u00e7inden \u00e7\u0131km\u0131\u015f. Ondanm\u0131\u015f b\u00f6yle gezmesi odalardan odalara kendini bilmeden, ondanm\u0131\u015f b\u00f6yle suskun tetikte ceylan gibi beklemesi pencerenin \u00f6n\u00fcnde, ondanm\u0131\u015f b\u00f6yle i\u011fne ipli\u011fe d\u00f6nmesi, delik de\u015fik giyinmesi, ondanm\u0131\u015f b\u00f6yle akl\u0131 u\u00e7mu\u015f, y\u00fcre\u011fi dut gibi kurumu\u015f g\u00f6lgelere kar\u0131\u015fmas\u0131, ondanm\u0131\u015f b\u00f6yle g\u00f6zlerinin susuz kuyular gibi karar\u0131p iki \u00e7ukur olmas\u0131. Her \u015fey ondanm\u0131\u015f yani. Abimin varla yoklu\u011fuymu\u015f b\u00fct\u00fcn bunlara sebep.\u201d   <\/p>\n","protected":false},"excerpt":{"rendered":"<p>Do\u011fuma ve \u00f6l\u00fcme imk\u00e2n tan\u0131yan, \u00f6z\u00fc a\u015fk ve \u00f6fkeyle kar\u0131lm\u0131\u015f bir renk k\u0131rm\u0131z\u0131. \u0130\u00e7imizde akan\u0131n, topra\u011f\u0131m\u0131z\u0131n, tarihimizin rengi. G\u00fcnlerden K\u0131rm\u0131z\u0131\u2019da cisimle\u015fmi\u015f ac\u0131lardan, b\u00fck\u00fclm\u00fc\u015f g\u00f6ky\u00fcz\u00fcnden akan k\u0131z\u0131l<span class=\"excerpt-hellip\"> [\u2026]<\/span><\/p>\n","protected":false},"featured_media":0,"template":"","meta":{"_monsterinsights_skip_tracking":false,"_monsterinsights_sitenote_active":false,"_monsterinsights_sitenote_note":"","_monsterinsights_sitenote_category":0},"product_brand":[],"product_cat":[12291,12711],"product_tag":[],"class_list":{"0":"post-762126","1":"product","2":"type-product","3":"status-publish","5":"product_cat-edebiyat","6":"product_cat-roman-oyku","7":"pa_cilt-ciltsiz","8":"pa_tur-kitap","9":"pa_yayinevi-ithaki-yayinlari","10":"pa_yazar-polat-ozluoglu","12":"first","13":"instock","14":"sale","15":"shipping-taxable","16":"purchasable","17":"product-type-simple"},"_links":{"self":[{"href":"https:\/\/roveyayinevi.com.tr\/index.php\/wp-json\/wp\/v2\/product\/762126","targetHints":{"allow":["GET"]}}],"collection":[{"href":"https:\/\/roveyayinevi.com.tr\/index.php\/wp-json\/wp\/v2\/product"}],"about":[{"href":"https:\/\/roveyayinevi.com.tr\/index.php\/wp-json\/wp\/v2\/types\/product"}],"wp:attachment":[{"href":"https:\/\/roveyayinevi.com.tr\/index.php\/wp-json\/wp\/v2\/media?parent=762126"}],"wp:term":[{"taxonomy":"product_brand","embeddable":true,"href":"https:\/\/roveyayinevi.com.tr\/index.php\/wp-json\/wp\/v2\/product_brand?post=762126"},{"taxonomy":"product_cat","embeddable":true,"href":"https:\/\/roveyayinevi.com.tr\/index.php\/wp-json\/wp\/v2\/product_cat?post=762126"},{"taxonomy":"product_tag","embeddable":true,"href":"https:\/\/roveyayinevi.com.tr\/index.php\/wp-json\/wp\/v2\/product_tag?post=762126"}],"curies":[{"name":"wp","href":"https:\/\/api.w.org\/{rel}","templated":true}]}}