{"id":761972,"date":"2025-08-28T09:53:25","date_gmt":"2025-08-28T06:53:25","guid":{"rendered":"https:\/\/roveyayinevi.com.tr\/index.php\/urun\/1945ten-gunumuze-uluslararasi-siyasi-iliskilere\/"},"modified":"2026-04-15T03:27:07","modified_gmt":"2026-04-15T00:27:07","slug":"1945ten-gunumuze-uluslararasi-siyasi-iliskilere","status":"publish","type":"product","link":"https:\/\/roveyayinevi.com.tr\/index.php\/urun\/1945ten-gunumuze-uluslararasi-siyasi-iliskilere\/","title":{"rendered":"1945\u2019ten G\u00fcn\u00fcm\u00fcze Uluslararas\u0131 Siyasi \u0130li\u015fkilere"},"content":{"rendered":"<p>G\u00fcncel olaylarla do\u011frudan ilgili olan bu kitap, 1945\u2019ten g\u00fcn\u00fcm\u00fcze uluslararas\u0131 siyasi ili\u015fkilere kapsaml\u0131 bir genel bak\u0131\u015f sunmaktad\u0131r. II. D\u00fcnya Sava\u015f\u0131\u2019n\u0131n sona ermesi devletleraras\u0131ndaki ili\u015fkilerde \u00f6nemli bir k\u0131r\u0131lmaya i\u015faret eder. \u00d6ncelikle Avrupa devletlerinin gerilemesi kar\u015f\u0131s\u0131nda, kendi etraflar\u0131nda homojen bloklar olu\u015fturmay\u0131 hedefleyen ABD ve Sovyetler Birli\u011fi\u2019nin y\u00fckseli\u015fine tan\u0131k olduk. So\u011fuk Sava\u015f h\u0131z kaybetmezken, s\u00f6m\u00fcrgele\u015ftirilmi\u015f halklar Avrupa\u2019n\u0131n himayesinden kurtulmaya \u00e7abalad\u0131. Art\u0131k yery\u00fcz\u00fcnde uluslararas\u0131 ili\u015fkilere bir nebze olsun kat\u0131lmayan neredeyse hi\u00e7bir b\u00f6lge kalmam\u0131\u015ft\u0131. 1960\u2019l\u0131 y\u0131llardan 1980\u2019li y\u0131llar aras\u0131nda iki kutuplu d\u00fcnya yerini, yeni hesapla\u015fmalar\u0131n ortaya \u00e7\u0131kt\u0131\u011f\u0131 bir d\u00fcnyaya b\u0131rakt\u0131.   1989-1991 y\u0131llar\u0131 aras\u0131nda ya\u015fanan devrim niteli\u011findeki olaylar, So\u011fuk Sava\u015f\u2019a son verdi. Amerikan s\u00fcper g\u00fcc\u00fcn\u00fcn egemen oldu\u011fu uluslararas\u0131 toplum, 11 Eyl\u00fcl 2001 olaylar\u0131n\u0131n daha da olanaks\u0131z hale getirdi\u011fi yeni bir d\u00fcnya d\u00fczeni aray\u0131\u015f\u0131ndayd\u0131.   21. y\u00fczy\u0131l\u0131n ilk y\u0131llar\u0131na k\u00fcreselle\u015fme olgusu ve ba\u015fta \u00c7in olmak \u00fczere y\u00fckselen g\u00fc\u00e7lerin ortaya \u00e7\u0131k\u0131\u015f\u0131 damgas\u0131n\u0131 vurdu. 1990\u2019lar\u0131n bar\u0131\u015f umutlar\u0131ndan \u00e7ok uzakta, uluslararas\u0131 d\u00fczene y\u00f6nelik meydan okumalar 2010\u2019larda d\u00fcnyay\u0131 yeniden bir gerilim ve \u015fiddet sarmal\u0131na itti.   Covid-19 salg\u0131n\u0131 ve Ukrayna sava\u015f\u0131n\u0131n (2022) neden oldu\u011fu \u015foklar\u0131n etkisiyle, ulus\u00f6tesi sorunlar, \u00e7ok tarafl\u0131 \u00e7\u00f6z\u00fcmler gerektiren bir d\u00fcnyay\u0131 iyice par\u00e7alad\u0131.   K\u0131r\u0131lma anlar\u0131, t\u0131rmanan kriz ve gerilimler, yeni ittifak aray\u0131\u015flar\u0131, antla\u015fmalar, hi\u00e7 bitmeyen sava\u015f ve bar\u0131\u015flar\u2026 Uluslararas\u0131 ili\u015fkiler alan\u0131nda yetkin bir isim olan Maurice Va\u00efsse ya\u015fad\u0131\u011f\u0131m\u0131z d\u00fcnyan\u0131n bu ba\u015f d\u00f6nd\u00fcr\u00fcc\u00fc h\u0131z\u0131n\u0131, siyasi ve ekonomik g\u00fc\u00e7 dengelerini g\u00f6zeterek tarafs\u0131z bir g\u00f6zle analiz etmektedir. <\/p>\n","protected":false},"excerpt":{"rendered":"<p>G\u00fcncel olaylarla do\u011frudan ilgili olan bu kitap, 1945\u2019ten g\u00fcn\u00fcm\u00fcze uluslararas\u0131 siyasi ili\u015fkilere kapsaml\u0131 bir genel bak\u0131\u015f sunmaktad\u0131r. II. D\u00fcnya Sava\u015f\u0131\u2019n\u0131n sona ermesi devletleraras\u0131ndaki ili\u015fkilerde \u00f6nemli bir<span class=\"excerpt-hellip\"> [\u2026]<\/span><\/p>\n","protected":false},"featured_media":0,"template":"","meta":{"_monsterinsights_skip_tracking":false,"_monsterinsights_sitenote_active":false,"_monsterinsights_sitenote_note":"","_monsterinsights_sitenote_category":0},"product_brand":[],"product_cat":[12337,14706],"product_tag":[],"class_list":{"0":"post-761972","1":"product","2":"type-product","3":"status-publish","5":"product_cat-politika-siyaset","6":"product_cat-siyaset-bilimi","7":"pa_cilt-ciltsiz","8":"pa_tur-kitap","9":"pa_yayinevi-dogu-bati-yayinlari","10":"pa_yazar-maurice-vaisse","12":"first","13":"instock","14":"sale","15":"shipping-taxable","16":"purchasable","17":"product-type-simple"},"_links":{"self":[{"href":"https:\/\/roveyayinevi.com.tr\/index.php\/wp-json\/wp\/v2\/product\/761972","targetHints":{"allow":["GET"]}}],"collection":[{"href":"https:\/\/roveyayinevi.com.tr\/index.php\/wp-json\/wp\/v2\/product"}],"about":[{"href":"https:\/\/roveyayinevi.com.tr\/index.php\/wp-json\/wp\/v2\/types\/product"}],"wp:attachment":[{"href":"https:\/\/roveyayinevi.com.tr\/index.php\/wp-json\/wp\/v2\/media?parent=761972"}],"wp:term":[{"taxonomy":"product_brand","embeddable":true,"href":"https:\/\/roveyayinevi.com.tr\/index.php\/wp-json\/wp\/v2\/product_brand?post=761972"},{"taxonomy":"product_cat","embeddable":true,"href":"https:\/\/roveyayinevi.com.tr\/index.php\/wp-json\/wp\/v2\/product_cat?post=761972"},{"taxonomy":"product_tag","embeddable":true,"href":"https:\/\/roveyayinevi.com.tr\/index.php\/wp-json\/wp\/v2\/product_tag?post=761972"}],"curies":[{"name":"wp","href":"https:\/\/api.w.org\/{rel}","templated":true}]}}