{"id":761938,"date":"2025-08-28T09:52:22","date_gmt":"2025-08-28T06:52:22","guid":{"rendered":"https:\/\/roveyayinevi.com.tr\/index.php\/urun\/cumhuriyetin-100-yilinda-kentlesme-ve-kentsel-toplum\/"},"modified":"2026-04-15T03:27:06","modified_gmt":"2026-04-15T00:27:06","slug":"cumhuriyetin-100-yilinda-kentlesme-ve-kentsel-toplum","status":"publish","type":"product","link":"https:\/\/roveyayinevi.com.tr\/index.php\/urun\/cumhuriyetin-100-yilinda-kentlesme-ve-kentsel-toplum\/","title":{"rendered":"Cumhuriyetin 100. Y\u0131l\u0131nda Kentle\u015fme ve Kentsel Toplum"},"content":{"rendered":"<p>29 Ekim 2023 tarihinde T\u00fcrkiye Cumhuriyeti 100. ya\u015f\u0131n\u0131 doldurdu. Bu y\u00fczy\u0131ll\u0131k zaman zarf\u0131nda, t\u00fcm d\u00fcnya \u00fclkeleri gibi, T\u00fcrkiye toplumu da demografik, ekonomik, siyasal, sosyo-mek\u00e2nsal, k\u00fclt\u00fcrel ve ekolojik boyutlarda devasa d\u00f6n\u00fc\u015f\u00fcmler ya\u015fad\u0131 ve ya\u015famaya devam ediyor. Bu d\u00f6n\u00fc\u015f\u00fcmlerin g\u00f6zlemlendi\u011fi en \u00f6nemli alanlardan biri ku\u015fkusuz kentle\u015fme alan\u0131d\u0131r. Cumhuriyet ilan edildi\u011finde n\u00fcfusun sadece %24,2\u2019si kentsel alanlarda ya\u015f\u0131yordu. Bug\u00fcn ise kar\u015f\u0131m\u0131zda bamba\u015fka bir tablo var. Aral\u0131k 2022 T\u00dc\u0130K verilerine g\u00f6re, n\u00fcfusumuzun %67,9\u2019u yo\u011fun kent, %14,8\u2019i de orta yo\u011fun kent olarak s\u0131n\u0131fland\u0131r\u0131lan yerle\u015fim yerlerinde ikamet ediyor. Toplamda n\u00fcfusun %82,7\u2019si kentlerde, %17,3\u2019\u00fc ise k\u0131rsal alanlarda ya\u015f\u0131yor. Bu rakamlar, g\u00fcn\u00fcm\u00fcz T\u00fcrkiye\u2019sinin hem d\u00fcnya ortalamas\u0131n\u0131n \u00fczerinde kentle\u015fti\u011fini hem de Avrupa\u2019n\u0131n en y\u00fcksek oranda kentle\u015fmi\u015f toplumlar\u0131 aras\u0131nda yer ald\u0131\u011f\u0131n\u0131 g\u00f6steriyor.   Peki, \u00fclkemiz bu y\u00fczy\u0131ll\u0131k s\u00fcre zarf\u0131nda nas\u0131l bir kentle\u015fme s\u00fcreci ya\u015fam\u0131\u015f ve nas\u0131l kentler yaratabilmi\u015ftir? Kentlerimiz adil, e\u015fit, ya\u015fanabilir ve eri\u015filebilir olma kriterlerini ne \u00f6l\u00e7\u00fcde sa\u011flamaktad\u0131r? Edit\u00f6rl\u00fc\u011f\u00fcn\u00fc \u015eerife Geni\u015f ve Neslihan Demirta\u015f-Milz\u2019in \u00fcstlendi\u011fi bu kitap, Cumhuriyet\u2019in 100 y\u0131ll\u0131k kentle\u015fme ser\u00fcveninin bir bilan\u00e7osundan ziyade, bu sorular\u0131 merkeze alarak, T\u00fcrkiye kentle\u015fmesinin ve kentsel toplumunun g\u00fcncel panoramik bir resmini sunmay\u0131 ama\u00e7l\u0131yor. Kent ve konut politikalar\u0131n\u0131, kentlerin d\u00f6n\u00fc\u015f\u00fcm\u00fcn\u00fc, kentsel miraslar\u0131m\u0131z\u0131n kaderini, kent-k\u0131r etkile\u015fimlerini, yap\u0131l\u0131 ve do\u011fal \u00e7evre ili\u015fkilerini, kentlili\u011fin de\u011fi\u015fen anlamlar\u0131n\u0131, ya\u015fl\u0131lar, kad\u0131nlar, \u00e7ocuklar yan\u0131 s\u0131ra yoksul ve yoksun gruplar gibi dezavantajl\u0131 kesimlerin kent mek\u00e2n\u0131na ve kentsel haklara eri\u015fimini irdeleyen \u00e7al\u0131\u015fmalar, bug\u00fcn\u00fcn sorunlar\u0131n\u0131 tespit etmeye, gelece\u011fe dair sorular sormaya ve \u00e7\u00f6z\u00fcm \u00f6nerileri sunmaya \u00e7al\u0131\u015f\u0131yor. \u00c7a\u011f\u0131m\u0131zda insanl\u0131\u011f\u0131n b\u00fcy\u00fck \u00e7o\u011funlu\u011funun ya\u015fam alan\u0131 haline gelmi\u015f olan kentlerin gelece\u011fini belirleyecek olan \u015fey e\u011fer kolektif d\u00fc\u015f\u00fcnce, \u00e7aba, emek ve m\u00fccadele ise, bug\u00fcn hepimizin yan\u0131t aramas\u0131 gereken en temel soru \u015fudur: Anayasam\u0131zda yazd\u0131\u011f\u0131 \u00fczere laik, demokratik ve sosyal bir hukuk devleti olan Cumhuriyetimizin ikinci y\u00fczy\u0131l\u0131nda hi\u00e7bir toplumsal grubu d\u0131\u015far\u0131da b\u0131rakmayan, insan onuruna yara\u015f\u0131r, do\u011faya ve insan d\u0131\u015f\u0131ndaki t\u00fcm canl\u0131lar\u0131n ya\u015fam hakk\u0131na sayg\u0131l\u0131, s\u00fcrd\u00fcr\u00fclebilir ve ya\u015fanabilir kentleri nas\u0131l in\u015fa edebiliriz? <\/p>\n","protected":false},"excerpt":{"rendered":"<p>29 Ekim 2023 tarihinde T\u00fcrkiye Cumhuriyeti 100. ya\u015f\u0131n\u0131 doldurdu. Bu y\u00fczy\u0131ll\u0131k zaman zarf\u0131nda, t\u00fcm d\u00fcnya \u00fclkeleri gibi, T\u00fcrkiye toplumu da demografik, ekonomik, siyasal, sosyo-mek\u00e2nsal, k\u00fclt\u00fcrel ve<span class=\"excerpt-hellip\"> [\u2026]<\/span><\/p>\n","protected":false},"featured_media":0,"template":"","meta":{"_monsterinsights_skip_tracking":false,"_monsterinsights_sitenote_active":false,"_monsterinsights_sitenote_note":"","_monsterinsights_sitenote_category":0},"product_brand":[],"product_cat":[12324],"product_tag":[],"class_list":{"0":"post-761938","1":"product","2":"type-product","3":"status-publish","5":"product_cat-sosyoloji","6":"pa_cilt-ciltsiz","7":"pa_tur-kitap","8":"pa_yayinevi-idealkent-yayincilik","9":"pa_yazar-serife-genis-neslihan-demirtas-milz","11":"first","12":"instock","13":"sale","14":"shipping-taxable","15":"purchasable","16":"product-type-simple"},"_links":{"self":[{"href":"https:\/\/roveyayinevi.com.tr\/index.php\/wp-json\/wp\/v2\/product\/761938","targetHints":{"allow":["GET"]}}],"collection":[{"href":"https:\/\/roveyayinevi.com.tr\/index.php\/wp-json\/wp\/v2\/product"}],"about":[{"href":"https:\/\/roveyayinevi.com.tr\/index.php\/wp-json\/wp\/v2\/types\/product"}],"wp:attachment":[{"href":"https:\/\/roveyayinevi.com.tr\/index.php\/wp-json\/wp\/v2\/media?parent=761938"}],"wp:term":[{"taxonomy":"product_brand","embeddable":true,"href":"https:\/\/roveyayinevi.com.tr\/index.php\/wp-json\/wp\/v2\/product_brand?post=761938"},{"taxonomy":"product_cat","embeddable":true,"href":"https:\/\/roveyayinevi.com.tr\/index.php\/wp-json\/wp\/v2\/product_cat?post=761938"},{"taxonomy":"product_tag","embeddable":true,"href":"https:\/\/roveyayinevi.com.tr\/index.php\/wp-json\/wp\/v2\/product_tag?post=761938"}],"curies":[{"name":"wp","href":"https:\/\/api.w.org\/{rel}","templated":true}]}}