{"id":761875,"date":"2025-08-28T09:50:32","date_gmt":"2025-08-28T06:50:32","guid":{"rendered":"https:\/\/roveyayinevi.com.tr\/index.php\/urun\/beyazperdede-ataturk-belgesel-film-ve-bir-liderin-insasi\/"},"modified":"2026-04-15T03:27:04","modified_gmt":"2026-04-15T00:27:04","slug":"beyazperdede-ataturk-belgesel-film-ve-bir-liderin-insasi","status":"publish","type":"product","link":"https:\/\/roveyayinevi.com.tr\/index.php\/urun\/beyazperdede-ataturk-belgesel-film-ve-bir-liderin-insasi\/","title":{"rendered":"Beyazperdede Atat\u00fcrk Belgesel Film ve Bir Liderin \u0130n\u015fas\u0131"},"content":{"rendered":"<p>Mustafa Kemal Atat\u00fcrk, 1919\u2019da Anadolu\u2019daki ulusal direni\u015f hareketini ba\u015flatt\u0131\u011f\u0131nda d\u00fcnya \u00e7ap\u0131nda pek tan\u0131nan bir lider de\u011fildi. Ancak h\u00fck\u00fcmetin Atat\u00fcrk\u2019\u00fcn kamusal imaj\u0131n\u0131 olu\u015fturma ve koruma konusundaki \u00e7abalar\u0131, zamanla onu bir\u00e7oklar\u0131n\u0131n g\u00f6z\u00fcnde adeta insan\u00fcst\u00fc bir fig\u00fcre d\u00f6n\u00fc\u015ft\u00fcrd\u00fc. Sinema, bu imaj\u0131n olu\u015fturulmas\u0131 ve yay\u0131lmas\u0131nda \u00f6nemli bir rol oynad\u0131 ve Atat\u00fcrk\u2019\u00fcn modern bir ulus-devlet in\u015fa etme projesine katk\u0131 sa\u011flad\u0131. Buna kar\u015f\u0131n, Atat\u00fcrk\u2019\u00fcn filmlerdeki g\u00f6r\u00fcnt\u00fclerini ve bu g\u00f6r\u00fcnt\u00fclerin erken Cumhuriyet T\u00fcrkiyesi\u2019nin siyasi ve k\u00fclt\u00fcrel hayat\u0131 \u00fczerindeki etkilerini analiz eden neredeyse hi\u00e7 ara\u015ft\u0131rma yoktur. Beyazperdede Atat\u00fcrk, daha \u00f6nce incelenmemi\u015f \u00e7e\u015fitli film ar\u015fivlerindeki Atat\u00fcrk g\u00f6r\u00fcnt\u00fclerini g\u00fcn y\u00fcz\u00fcne \u00e7\u0131kararak, bu d\u00f6nemde sineman\u0131n \u00f6nemli, fakat paradoksal rol\u00fcn\u00fc g\u00f6zler \u00f6n\u00fcne seriyor. Enis Din\u00e7, sineman\u0131n Atat\u00fcrk\u2019\u00fcn ve yeni T\u00fcrkiye\u2019nin modern imaj\u0131n\u0131n d\u00fcnyaya sunulmas\u0131ndaki \u00f6nemini vurgularken, ayn\u0131 zamanda bu medya arac\u0131n\u0131n baz\u0131 riskler de ta\u015f\u0131d\u0131\u011f\u0131n\u0131 ortaya koyuyor. Kitap, nadir film g\u00f6r\u00fcnt\u00fclerinin analizinin yan\u0131 s\u0131ra mektuplar, an\u0131lar, gazeteler, raporlar, b\u00fcltenler ve \u00fcretim dosyalar\u0131 gibi birincil kaynaklara dayanarak okurlara d\u00f6nemin \u00e7ok katmanl\u0131 bir anlat\u0131m\u0131n\u0131 sunuyor.   \u201cBeyazperdede Atat\u00fcrk, modern T\u00fcrkiye\u2019nin kurucusu Mustafa Kemal Atat\u00fcrk\u2019\u00fcn kamusal imaj\u0131n\u0131n evrimi \u00fczerine d\u00fcnya \u00e7ap\u0131nda yaz\u0131lm\u0131\u015f ilk kitapt\u0131r. Bu iyi haz\u0131rlanm\u0131\u015f \u00e7al\u0131\u015fma, ayn\u0131 zamanda erken Cumhuriyet\u2019in karma\u015f\u0131k ve eklektik devlet kurma, ulus in\u015fa etme ve Bat\u0131l\u0131la\u015fma program\u0131n\u0131 daha iyi anlamam\u0131za yard\u0131mc\u0131 oluyor.\u201d \u2013 M. \u015e\u00fckr\u00fc Hanio\u011flu, Garrett D\u0131\u015f \u0130li\u015fkiler Profes\u00f6r\u00fc ve Yak\u0131n Do\u011fu \u00c7al\u0131\u015fmalar\u0131 Profes\u00f6r\u00fc, Princeton \u00dcniversitesi, ABD \u201cE\u015fsiz kaynaklara dayanan bu son derece \u00f6zg\u00fcn \u00e7al\u0131\u015fma, erken d\u00f6nem T\u00fcrk sinemas\u0131n\u0131n tarihini Atat\u00fcrk&#8217;\u00fcn kamusal imaj\u0131yla ili\u015fkilendirerek modern T\u00fcrkiye\u2019nin kurucu mitini inceliyor.\u201d \u2013 Frank van Vree, Sava\u015f, \u00c7at\u0131\u015fma ve Haf\u0131za Tarihi Profes\u00f6r\u00fc, Amsterdam \u00dcniversitesi ve NIOD Enstit\u00fcs\u00fc Direkt\u00f6r\u00fc, Amsterdam, Hollanda <\/p>\n","protected":false},"excerpt":{"rendered":"<p>Mustafa Kemal Atat\u00fcrk, 1919\u2019da Anadolu\u2019daki ulusal direni\u015f hareketini ba\u015flatt\u0131\u011f\u0131nda d\u00fcnya \u00e7ap\u0131nda pek tan\u0131nan bir lider de\u011fildi. Ancak h\u00fck\u00fcmetin Atat\u00fcrk\u2019\u00fcn kamusal imaj\u0131n\u0131 olu\u015fturma ve koruma konusundaki \u00e7abalar\u0131,<span class=\"excerpt-hellip\"> [\u2026]<\/span><\/p>\n","protected":false},"featured_media":0,"template":"","meta":{"_monsterinsights_skip_tracking":false,"_monsterinsights_sitenote_active":false,"_monsterinsights_sitenote_note":"","_monsterinsights_sitenote_category":0},"product_brand":[],"product_cat":[12530,12304],"product_tag":[],"class_list":{"0":"post-761875","1":"product","2":"type-product","3":"status-publish","5":"product_cat-mustafa-kemal-ataturk","6":"product_cat-tarih","7":"pa_cilt-ciltsiz","8":"pa_tur-kitap","9":"pa_yayinevi-bilgi-universitesi-yayinlari","10":"pa_yazar-enis-dinc","12":"first","13":"instock","14":"sale","15":"shipping-taxable","16":"purchasable","17":"product-type-simple"},"_links":{"self":[{"href":"https:\/\/roveyayinevi.com.tr\/index.php\/wp-json\/wp\/v2\/product\/761875","targetHints":{"allow":["GET"]}}],"collection":[{"href":"https:\/\/roveyayinevi.com.tr\/index.php\/wp-json\/wp\/v2\/product"}],"about":[{"href":"https:\/\/roveyayinevi.com.tr\/index.php\/wp-json\/wp\/v2\/types\/product"}],"wp:attachment":[{"href":"https:\/\/roveyayinevi.com.tr\/index.php\/wp-json\/wp\/v2\/media?parent=761875"}],"wp:term":[{"taxonomy":"product_brand","embeddable":true,"href":"https:\/\/roveyayinevi.com.tr\/index.php\/wp-json\/wp\/v2\/product_brand?post=761875"},{"taxonomy":"product_cat","embeddable":true,"href":"https:\/\/roveyayinevi.com.tr\/index.php\/wp-json\/wp\/v2\/product_cat?post=761875"},{"taxonomy":"product_tag","embeddable":true,"href":"https:\/\/roveyayinevi.com.tr\/index.php\/wp-json\/wp\/v2\/product_tag?post=761875"}],"curies":[{"name":"wp","href":"https:\/\/api.w.org\/{rel}","templated":true}]}}