{"id":761844,"date":"2025-08-28T09:49:42","date_gmt":"2025-08-28T06:49:42","guid":{"rendered":"https:\/\/roveyayinevi.com.tr\/index.php\/urun\/bozkirin-asenalari-turk-tarihinin-kadin-liderleri\/"},"modified":"2026-04-15T03:27:03","modified_gmt":"2026-04-15T00:27:03","slug":"bozkirin-asenalari-turk-tarihinin-kadin-liderleri","status":"publish","type":"product","link":"https:\/\/roveyayinevi.com.tr\/index.php\/urun\/bozkirin-asenalari-turk-tarihinin-kadin-liderleri\/","title":{"rendered":"Bozk\u0131r\u0131n Asenalar\u0131: T\u00fcrk Tarihinin Kad\u0131n Liderleri"},"content":{"rendered":"<p>U\u00e7suz bucaks\u0131z bozk\u0131rda var olma m\u00fccadelesinde T\u00fcrkleri ba\u015far\u0131ya g\u00f6t\u00fcren en \u00f6nemli \u00f6zellik kad\u0131n ve erke\u011fin birbirlerini tamamlad\u0131klar\u0131na olan inan\u00e7lar\u0131 olmu\u015ftur. T\u00fcrk toplumunda yaz\u0131l\u0131 olmayan ancak her bireyin uymak zorunda oldu\u011fu kurallar\u0131 ifade eden t\u00f6re; sosyal, siyasi, asker\u00ee ve iktisadi hayatta kad\u0131n ve erke\u011fin hak ve yetkilerini liyakat ve adalet esas\u0131na g\u00f6re belirlemi\u015ftir.Aileden devlete giden yap\u0131da ve var olma m\u00fccadelesinde, hayat\u0131n getirdikleri ile birlikte m\u00fccadele etme anlay\u0131\u015f\u0131ndan hareket edilerek, kad\u0131n daima erke\u011finin yan\u0131nda yer alm\u0131\u015f; hem aileyi hem de yeri geldi\u011finde devleti y\u00f6netmi\u015ftir. \u0130\u015fte bu anlay\u0131\u015f\u0131n bir yans\u0131mas\u0131 ve sonucu olarak da T\u00fcrk tarihinde onlarca kad\u0131n tahta ge\u00e7ip devleti y\u00f6netmi\u015ftir.Prof. Dr. Muall\u00e2 Uydu Y\u00fccel\u2019in Bozk\u0131r\u0131n Asenalar\u0131\/T\u00fcrk Tarihinde Kad\u0131n Liderler adl\u0131 bu \u00e7al\u0131\u015fmas\u0131nda, M\u00d6. 6. y\u00fczy\u0131lda ya\u015fayan T\u00fcrk tarihinin ilk h\u00fck\u00fcmdar\u0131 Tomris Hatun\u2019dan, K\u0131rg\u0131zlar\u0131n 19. y\u00fczy\u0131ldaki ba\u011f\u0131ms\u0131zl\u0131k m\u00fccadelesinin y\u0131lmaz neferi Kurbancan Datha\u2019ya; Sabar Ka\u011fanl\u0131\u011f\u0131\u2019n\u0131n muktedir g\u00fcc\u00fc Bo\u011far\u0131k Hatun\u2019dan, Abb\u00e2s\u00ee Devleti\u2019ni y\u00f6neten Valide Sultan \u015ea\u011fab Hatun\u2019a; B\u00fcy\u00fck Sel\u00e7uklu Devleti\u2019nin son terken hatunu Gevher Hatun\u2019dan, T\u00fcrkiye Sel\u00e7uklular\u0131 Sultan\u0131 I. K\u0131l\u0131\u00e7arslan\u2019\u0131n \u00f6mr\u00fcn\u00fc o\u011fluna adayan e\u015fi Ay\u015fe Hatun\u2019a; Hindistan\u2019\u0131n kahraman kad\u0131n h\u00fck\u00fcmdar\u0131 Raziye Beg\u00fcm Sultan\u2019dan, Kay\u0131 boyunun dirayetli hatunu Hayme Ana\u2019ya kadar \u201cAltun \u00d6z\u00fck Uz Hatun: Alt\u0131n Gibi Temiz, Ak\u0131ll\u0131 ve Bilgili Hatun\u201d \u00fcnvan\u0131n\u0131 hak eden b\u00fct\u00fcn kad\u0131n h\u00fck\u00fcmdarlar\u0131m\u0131z anlat\u0131lmaya \u00e7al\u0131\u015f\u0131lm\u0131\u015ft\u0131r. Y\u00fccel\u2019in bu kitab\u0131 yazmaktaki amac\u0131, tarihimizin g\u00fc\u00e7l\u00fc kad\u0131nlar\u0131n\u0131n \u00e7ok az bilinen hayat hik\u00e2yelerini bir araya getirerek g\u00fcn\u00fcm\u00fcz nesline yeniden hat\u0131rlatmakt\u0131r.<\/p>\n","protected":false},"excerpt":{"rendered":"<p>U\u00e7suz bucaks\u0131z bozk\u0131rda var olma m\u00fccadelesinde T\u00fcrkleri ba\u015far\u0131ya g\u00f6t\u00fcren en \u00f6nemli \u00f6zellik kad\u0131n ve erke\u011fin birbirlerini tamamlad\u0131klar\u0131na olan inan\u00e7lar\u0131 olmu\u015ftur. T\u00fcrk toplumunda yaz\u0131l\u0131 olmayan ancak her<span class=\"excerpt-hellip\"> [\u2026]<\/span><\/p>\n","protected":false},"featured_media":0,"template":"","meta":{"_monsterinsights_skip_tracking":false,"_monsterinsights_sitenote_active":false,"_monsterinsights_sitenote_note":"","_monsterinsights_sitenote_category":0},"product_brand":[],"product_cat":[12304,13650],"product_tag":[],"class_list":{"0":"post-761844","1":"product","2":"type-product","3":"status-publish","5":"product_cat-tarih","6":"product_cat-turk-tarihi-arastirmalari","7":"pa_cilt-ciltsiz","8":"pa_tur-kitap","9":"pa_yayinevi-timas-yayinlari","10":"pa_yazar-mualla-uydu-yucel","12":"first","13":"instock","14":"sale","15":"shipping-taxable","16":"purchasable","17":"product-type-simple"},"_links":{"self":[{"href":"https:\/\/roveyayinevi.com.tr\/index.php\/wp-json\/wp\/v2\/product\/761844","targetHints":{"allow":["GET"]}}],"collection":[{"href":"https:\/\/roveyayinevi.com.tr\/index.php\/wp-json\/wp\/v2\/product"}],"about":[{"href":"https:\/\/roveyayinevi.com.tr\/index.php\/wp-json\/wp\/v2\/types\/product"}],"wp:attachment":[{"href":"https:\/\/roveyayinevi.com.tr\/index.php\/wp-json\/wp\/v2\/media?parent=761844"}],"wp:term":[{"taxonomy":"product_brand","embeddable":true,"href":"https:\/\/roveyayinevi.com.tr\/index.php\/wp-json\/wp\/v2\/product_brand?post=761844"},{"taxonomy":"product_cat","embeddable":true,"href":"https:\/\/roveyayinevi.com.tr\/index.php\/wp-json\/wp\/v2\/product_cat?post=761844"},{"taxonomy":"product_tag","embeddable":true,"href":"https:\/\/roveyayinevi.com.tr\/index.php\/wp-json\/wp\/v2\/product_tag?post=761844"}],"curies":[{"name":"wp","href":"https:\/\/api.w.org\/{rel}","templated":true}]}}