{"id":761588,"date":"2025-08-28T09:41:44","date_gmt":"2025-08-28T06:41:44","guid":{"rendered":"https:\/\/roveyayinevi.com.tr\/index.php\/urun\/yabanil-psikolojisinde-baba\/"},"modified":"2026-04-16T03:14:55","modified_gmt":"2026-04-16T00:14:55","slug":"yabanil-psikolojisinde-baba","status":"publish","type":"product","link":"https:\/\/roveyayinevi.com.tr\/index.php\/urun\/yabanil-psikolojisinde-baba\/","title":{"rendered":"Yaban\u0131l Psikolojisinde Baba"},"content":{"rendered":"<p>\u00dcnl\u00fc antropolog ve kuramc\u0131 Malinowski, Trobriand Adas\u0131nda ya\u015fayan yerli halk aras\u0131nda ge\u00e7irdi\u011fi iki y\u0131l\u0131n ard\u0131ndan, bu anaerkil toplumdaki ya\u015fam d\u00fczenini, erkeksiz k\u00f6yleri, \u00fcremeye dair o g\u00fcne kadar hi\u00e7 bilinmeyen bir\u00e7ok farkl\u0131 ve dikkat \u00e7ekici rit\u00fceli, k\u00fclt\u00fcrel anlat\u0131y\u0131 ve mitolojiyi analiz etti\u011fi bu \u00e7al\u0131\u015fmas\u0131 ile bilim camias\u0131nda olduk\u00e7a ses getirmi\u015fti. \u00dcremek i\u00e7in erkeklere gereksinim olmad\u0131\u011f\u0131na inanan insanlar\u0131n, bek\u00e2reti \u00f6nemsemeyen, k\u00fc\u00e7\u00fck ya\u015flarda evlilik d\u0131\u015f\u0131 cinsel birle\u015fmeleri makul g\u00f6ren ama evlilikten \u00f6nce \u00e7ocuk sahibi olmay\u0131 tabu sayan d\u00fc\u015f\u00fcnce d\u00fcnyas\u0131nda, toplumsal dinamiklerin nas\u0131l k\u00f6kten farkl\u0131 geli\u015fti\u011fine tan\u0131k olmam\u0131z\u0131 sa\u011flayan yazar, bizi ayn\u0131 zamanda \u00e7ok ba\u015fka bir \u201cbaba\u201d, neredeyse \u201ctanr\u0131-baba\u201d kavram\u0131yla tan\u0131\u015ft\u0131r\u0131yor. Mitoloji, folklor ve toplumsal psikolojinin zengin bir kolaj\u0131n\u0131 yapan yazar, bizi \u201cbiyolojik babal\u0131k\u201d kavram\u0131n\u0131n olmad\u0131\u011f\u0131, \u201ckoruyucu\u201d anlam\u0131nda bir \u201cbabal\u0131k\u201d d\u00fczenin h\u00fck\u00fcm s\u00fcrd\u00fc\u011f\u00fc b\u00e2kir bir co\u011frafyaya, d\u00fcnyadaki farkl\u0131l\u0131klardan baz\u0131lar\u0131n\u0131 tan\u0131maya g\u00f6t\u00fcr\u00fcyor\u2026<\/p>\n","protected":false},"excerpt":{"rendered":"<p>\u00dcnl\u00fc antropolog ve kuramc\u0131 Malinowski, Trobriand Adas\u0131nda ya\u015fayan yerli halk aras\u0131nda ge\u00e7irdi\u011fi iki y\u0131l\u0131n ard\u0131ndan, bu anaerkil toplumdaki ya\u015fam d\u00fczenini, erkeksiz k\u00f6yleri, \u00fcremeye dair o g\u00fcne<span class=\"excerpt-hellip\"> [\u2026]<\/span><\/p>\n","protected":false},"featured_media":0,"template":"","meta":{"_monsterinsights_skip_tracking":false,"_monsterinsights_sitenote_active":false,"_monsterinsights_sitenote_note":"","_monsterinsights_sitenote_category":0},"product_brand":[],"product_cat":[15499,13488],"product_tag":[],"class_list":{"0":"post-761588","1":"product","2":"type-product","3":"status-publish","5":"product_cat-antropoloji","6":"product_cat-toplum-ve-insan","7":"pa_cilt-ciltsiz","8":"pa_tur-kitap","9":"pa_yayinevi-kanon-kitap","10":"pa_yazar-bronislaw-malinowski","12":"first","13":"instock","14":"sale","15":"shipping-taxable","16":"purchasable","17":"product-type-simple"},"_links":{"self":[{"href":"https:\/\/roveyayinevi.com.tr\/index.php\/wp-json\/wp\/v2\/product\/761588","targetHints":{"allow":["GET"]}}],"collection":[{"href":"https:\/\/roveyayinevi.com.tr\/index.php\/wp-json\/wp\/v2\/product"}],"about":[{"href":"https:\/\/roveyayinevi.com.tr\/index.php\/wp-json\/wp\/v2\/types\/product"}],"wp:attachment":[{"href":"https:\/\/roveyayinevi.com.tr\/index.php\/wp-json\/wp\/v2\/media?parent=761588"}],"wp:term":[{"taxonomy":"product_brand","embeddable":true,"href":"https:\/\/roveyayinevi.com.tr\/index.php\/wp-json\/wp\/v2\/product_brand?post=761588"},{"taxonomy":"product_cat","embeddable":true,"href":"https:\/\/roveyayinevi.com.tr\/index.php\/wp-json\/wp\/v2\/product_cat?post=761588"},{"taxonomy":"product_tag","embeddable":true,"href":"https:\/\/roveyayinevi.com.tr\/index.php\/wp-json\/wp\/v2\/product_tag?post=761588"}],"curies":[{"name":"wp","href":"https:\/\/api.w.org\/{rel}","templated":true}]}}