{"id":761391,"date":"2025-08-28T09:35:57","date_gmt":"2025-08-28T06:35:57","guid":{"rendered":"https:\/\/roveyayinevi.com.tr\/index.php\/urun\/aslanin-dogum-gunu\/"},"modified":"2026-04-16T03:14:50","modified_gmt":"2026-04-16T00:14:50","slug":"aslanin-dogum-gunu","status":"publish","type":"product","link":"https:\/\/roveyayinevi.com.tr\/index.php\/urun\/aslanin-dogum-gunu\/","title":{"rendered":"Aslan\u2019\u0131n Do\u011fum Gu\u0308nu\u0308"},"content":{"rendered":"<p>Ya\u015fas\u0131n, bugu\u0308n Aslan\u2019\u0131n do\u011fum gu\u0308nu\u0308! Yeni ta\u015f\u0131nd\u0131\u011f\u0131 ormandaki arkada\u015flar\u0131 do\u011fum gu\u0308nu\u0308nu\u0308 hat\u0131rlayacak m\u0131yd\u0131 acaba? Aslan bunu \u00e7ok merak ediyor. Neyse ki \u00e7ok ge\u00e7meden kap\u0131s\u0131 \u00e7almaya ba\u015fl\u0131yor. Tak, Tak, Tak! Arkada\u015flar\u0131 ellerinde pastalarla kutlamaya geliyor ama Aslan gelen pastalar\u0131 hi\u00e7 mi hi\u00e7 be\u011fenmiyor. &#8220;B\u00f6\u00f6\u00f6&#8230; Hi\u00e7 sevmem!&#8221; diye ku\u0308kreyip duruyor. Peki bu i\u015fin sonu nereye varacak? Aslan gu\u0308n bitmeden nas\u0131l bir kutlama yapacak? Dinlemek, anlamak, empatik kurmak ve farkl\u0131l\u0131klara dair e\u011flenceli bir masal. <\/p>\n","protected":false},"excerpt":{"rendered":"<p>Ya\u015fas\u0131n, bugu\u0308n Aslan\u2019\u0131n do\u011fum gu\u0308nu\u0308! Yeni ta\u015f\u0131nd\u0131\u011f\u0131 ormandaki arkada\u015flar\u0131 do\u011fum gu\u0308nu\u0308nu\u0308 hat\u0131rlayacak m\u0131yd\u0131 acaba? Aslan bunu \u00e7ok merak ediyor. Neyse ki \u00e7ok ge\u00e7meden kap\u0131s\u0131 \u00e7almaya ba\u015fl\u0131yor.<span class=\"excerpt-hellip\"> [\u2026]<\/span><\/p>\n","protected":false},"featured_media":0,"template":"","meta":{"_monsterinsights_skip_tracking":false,"_monsterinsights_sitenote_active":false,"_monsterinsights_sitenote_note":"","_monsterinsights_sitenote_category":0},"product_brand":[],"product_cat":[12274,12523],"product_tag":[],"class_list":{"0":"post-761391","1":"product","2":"type-product","3":"status-publish","5":"product_cat-cocuk-ve-genclik-kitaplari","6":"product_cat-masallar","7":"pa_cilt-ciltsiz","8":"pa_tur-kitap","9":"pa_yayinevi-dinozor-cocuk","10":"pa_yazar-hafize-cinar-guner","12":"first","13":"instock","14":"sale","15":"shipping-taxable","16":"purchasable","17":"product-type-simple"},"_links":{"self":[{"href":"https:\/\/roveyayinevi.com.tr\/index.php\/wp-json\/wp\/v2\/product\/761391","targetHints":{"allow":["GET"]}}],"collection":[{"href":"https:\/\/roveyayinevi.com.tr\/index.php\/wp-json\/wp\/v2\/product"}],"about":[{"href":"https:\/\/roveyayinevi.com.tr\/index.php\/wp-json\/wp\/v2\/types\/product"}],"wp:attachment":[{"href":"https:\/\/roveyayinevi.com.tr\/index.php\/wp-json\/wp\/v2\/media?parent=761391"}],"wp:term":[{"taxonomy":"product_brand","embeddable":true,"href":"https:\/\/roveyayinevi.com.tr\/index.php\/wp-json\/wp\/v2\/product_brand?post=761391"},{"taxonomy":"product_cat","embeddable":true,"href":"https:\/\/roveyayinevi.com.tr\/index.php\/wp-json\/wp\/v2\/product_cat?post=761391"},{"taxonomy":"product_tag","embeddable":true,"href":"https:\/\/roveyayinevi.com.tr\/index.php\/wp-json\/wp\/v2\/product_tag?post=761391"}],"curies":[{"name":"wp","href":"https:\/\/api.w.org\/{rel}","templated":true}]}}