{"id":761259,"date":"2025-08-28T09:32:03","date_gmt":"2025-08-28T06:32:03","guid":{"rendered":"https:\/\/roveyayinevi.com.tr\/index.php\/urun\/canakkale-unutulmaz\/"},"modified":"2026-04-16T03:14:46","modified_gmt":"2026-04-16T00:14:46","slug":"canakkale-unutulmaz","status":"publish","type":"product","link":"https:\/\/roveyayinevi.com.tr\/index.php\/urun\/canakkale-unutulmaz\/","title":{"rendered":"\u00c7anakkale Unutulmaz"},"content":{"rendered":"<p>Kahramanlar hayattayken tarih konu\u015fmay\u0131 sevmez. \u00c7anakkale Sava\u015flar\u0131n\u0131n \u00fczerinden bir as\u0131rdan fazla zaman ge\u00e7ti. Sava\u015f\u0131n kahramanlar\u0131 hayatta de\u011fil ve \u00c7anakkale giderek daha fazla destanla\u015f\u0131yor. Mustafa Kemal Atat\u00fcrk\u2019\u00fcn sava\u015f\u0131n, \u00fclkemizin ve d\u00fcnyan\u0131n kaderini de\u011fi\u015ftiren \u00c7anakkale\u2019deki b\u00fcy\u00fck komutanl\u0131\u011f\u0131, d\u00fc\u015fman\u0131n bile kabul etti\u011fi, tart\u0131\u015f\u0131lmaz bir ger\u00e7ek. \u00c7anakkale Sava\u015flar\u0131na ait bilgi, belge, dok\u00fcman ve sava\u015f sahas\u0131 \u00e7al\u0131\u015fmalar\u0131n\u0131n ancak %10\u2019u tamamlanabildi. Bu kitapta 2023 y\u0131l\u0131ndaki \u00e7al\u0131\u015fmalar\u0131 da i\u00e7eren son bilgileri bulacaks\u0131n\u0131z. \u00c7anakkale ara\u015ft\u0131rmac\u0131lar\u0131n\u0131n \u00fczerinde birle\u015fti\u011fi saptama \u015fu: \u201c\u00c7al\u0131\u015fmalar derinle\u015ftik\u00e7e Mustafa Kemal\u2019in sava\u015ftaki rol\u00fcn\u00fcn bilinenden \u00e7ok oldu\u011fu ortaya \u00e7\u0131k\u0131yor.\u201d Kitapta ayr\u0131ca sava\u015f\u0131n kar\u015f\u0131 cephesi ANZAK askerlerinin \u00fclkesi Avusturalya\u2019y\u0131 da tan\u0131ma f\u0131rsat\u0131 bulacaks\u0131n\u0131z. Avusturalyal\u0131lar Mustafa Kemal\u2019den o kadar \u00e7ok etkilenmi\u015fler ki, sava\u015ftan sa\u011f d\u00f6nenlerin kurdu\u011fu derneklere T\u00fcrkleri de alm\u0131\u015flar. Atat\u00fcrk\u2019\u00fcn o \u00fcnl\u00fc s\u00f6z\u00fcne g\u00f6nderme yaparak, \u201cMustafa Kemal\u2019in \u00fclkesinden gelen bizim de yurtta\u015f\u0131m\u0131zd\u0131r\u201d diyorlar. Bu kitab\u0131 metrekareye 6 bin merminin d\u00fc\u015ft\u00fc\u011f\u00fc korkun\u00e7 bir sava\u015ftan \u00fclkeleraras\u0131 dostluk \u00e7\u0131karmay\u0131 ba\u015faran Mustafa Kemal\u2019in unutulmazl\u0131\u011f\u0131na arma\u011fan ediyoruz. <\/p>\n","protected":false},"excerpt":{"rendered":"<p>Kahramanlar hayattayken tarih konu\u015fmay\u0131 sevmez. \u00c7anakkale Sava\u015flar\u0131n\u0131n \u00fczerinden bir as\u0131rdan fazla zaman ge\u00e7ti. Sava\u015f\u0131n kahramanlar\u0131 hayatta de\u011fil ve \u00c7anakkale giderek daha fazla destanla\u015f\u0131yor. Mustafa Kemal Atat\u00fcrk\u2019\u00fcn<span class=\"excerpt-hellip\"> [\u2026]<\/span><\/p>\n","protected":false},"featured_media":0,"template":"","meta":{"_monsterinsights_skip_tracking":false,"_monsterinsights_sitenote_active":false,"_monsterinsights_sitenote_note":"","_monsterinsights_sitenote_category":0},"product_brand":[],"product_cat":[12370,12304],"product_tag":[],"class_list":{"0":"post-761259","1":"product","2":"type-product","3":"status-publish","5":"product_cat-arastirma-inceleme","6":"product_cat-tarih","7":"pa_cilt-ciltsiz","8":"pa_tur-kitap","9":"pa_yayinevi-cumhuriyet-kitaplari","10":"pa_yazar-mustafa-balbay","12":"first","13":"instock","14":"sale","15":"shipping-taxable","16":"purchasable","17":"product-type-simple"},"_links":{"self":[{"href":"https:\/\/roveyayinevi.com.tr\/index.php\/wp-json\/wp\/v2\/product\/761259","targetHints":{"allow":["GET"]}}],"collection":[{"href":"https:\/\/roveyayinevi.com.tr\/index.php\/wp-json\/wp\/v2\/product"}],"about":[{"href":"https:\/\/roveyayinevi.com.tr\/index.php\/wp-json\/wp\/v2\/types\/product"}],"wp:attachment":[{"href":"https:\/\/roveyayinevi.com.tr\/index.php\/wp-json\/wp\/v2\/media?parent=761259"}],"wp:term":[{"taxonomy":"product_brand","embeddable":true,"href":"https:\/\/roveyayinevi.com.tr\/index.php\/wp-json\/wp\/v2\/product_brand?post=761259"},{"taxonomy":"product_cat","embeddable":true,"href":"https:\/\/roveyayinevi.com.tr\/index.php\/wp-json\/wp\/v2\/product_cat?post=761259"},{"taxonomy":"product_tag","embeddable":true,"href":"https:\/\/roveyayinevi.com.tr\/index.php\/wp-json\/wp\/v2\/product_tag?post=761259"}],"curies":[{"name":"wp","href":"https:\/\/api.w.org\/{rel}","templated":true}]}}