{"id":760964,"date":"2025-08-28T09:22:53","date_gmt":"2025-08-28T06:22:53","guid":{"rendered":"https:\/\/roveyayinevi.com.tr\/index.php\/urun\/bir-cumhuriyet-generali-yasadim-gordum-duydum\/"},"modified":"2026-04-16T03:13:38","modified_gmt":"2026-04-16T00:13:38","slug":"bir-cumhuriyet-generali-yasadim-gordum-duydum","status":"publish","type":"product","link":"https:\/\/roveyayinevi.com.tr\/index.php\/urun\/bir-cumhuriyet-generali-yasadim-gordum-duydum\/","title":{"rendered":"Bir Cumhuriyet Generali \u2013 Ya\u015fad\u0131m, G\u00f6rd\u00fcm, Duydum"},"content":{"rendered":"<p>T\u00fcrk subay\u0131 silahl\u0131 T\u00fcrk askerleri ile ku\u015fat\u0131l\u0131r m\u0131? Bulgaristan T\u00fcrkleri g\u00f6\u00e7 d\u00f6neminde neler ya\u015fad\u0131? ABD\u2019li albay\u0131n Barzani\u2019ye \u00e7izdirdi\u011fi haritada \u201cg\u00fcney K\u00fcrdistan\u201d s\u0131n\u0131rlar\u0131 nereden ge\u00e7iyordu? Hulusi Akar\u2019\u0131n kaderi nas\u0131l de\u011fi\u015fti? B\u00fcy\u00fckan\u0131t\u2019\u0131n e-muht\u0131ras\u0131 ve g\u00f6zya\u015flar\u0131 neye ba\u011fl\u0131yd\u0131? Ergenekon tahliyelerinde kimlerle pazarl\u0131k yap\u0131ld\u0131? Divan-\u0131 Harb\u2019e verilmemizi kim, neden istedi? Olgunla\u015fm\u0131\u015f bir Cumhuriyet devriminin ard\u0131ndan T\u00fcrkiye\u2019nin geli\u015fim evreleri Naci Be\u015ftepe\u2019nin nazar\u0131nda sergileniyor. Son y\u00fczy\u0131l\u0131n k\u0131y\u0131da kalm\u0131\u015f bilinmeyenleri ve toplumsal ya\u015fam\u0131 \u00f6nemli tahlillerle sunulurken d\u00f6nemin T\u00fcrk Silahl\u0131 Kuvvetleri, b\u00fcrokrasisi ve siyasetinde karanl\u0131\u011fa gark olmu\u015f s\u0131rlar\u0131n perde arkas\u0131 aralan\u0131yor. \u00c7ocukluktan gen\u00e7li\u011fe, onurlu bir subaydan Vardiya Bizde eylemcisine kadar s\u00fcren uzun bir m\u00fccadelenin otobiyografisi\u2026 <\/p>\n","protected":false},"excerpt":{"rendered":"<p>T\u00fcrk subay\u0131 silahl\u0131 T\u00fcrk askerleri ile ku\u015fat\u0131l\u0131r m\u0131? Bulgaristan T\u00fcrkleri g\u00f6\u00e7 d\u00f6neminde neler ya\u015fad\u0131? ABD\u2019li albay\u0131n Barzani\u2019ye \u00e7izdirdi\u011fi haritada \u201cg\u00fcney K\u00fcrdistan\u201d s\u0131n\u0131rlar\u0131 nereden ge\u00e7iyordu? Hulusi Akar\u2019\u0131n<span class=\"excerpt-hellip\"> [\u2026]<\/span><\/p>\n","protected":false},"featured_media":0,"template":"","meta":{"_monsterinsights_skip_tracking":false,"_monsterinsights_sitenote_active":false,"_monsterinsights_sitenote_note":"","_monsterinsights_sitenote_category":0},"product_brand":[],"product_cat":[13946,12304],"product_tag":[],"class_list":{"0":"post-760964","1":"product","2":"type-product","3":"status-publish","5":"product_cat-biyografi-otobiyografi","6":"product_cat-tarih","7":"pa_cilt-ciltsiz","8":"pa_tur-kitap","9":"pa_yayinevi-pankus-yayinlari","10":"pa_yazar-naci-bestepe","12":"first","13":"instock","14":"sale","15":"shipping-taxable","16":"purchasable","17":"product-type-simple"},"_links":{"self":[{"href":"https:\/\/roveyayinevi.com.tr\/index.php\/wp-json\/wp\/v2\/product\/760964","targetHints":{"allow":["GET"]}}],"collection":[{"href":"https:\/\/roveyayinevi.com.tr\/index.php\/wp-json\/wp\/v2\/product"}],"about":[{"href":"https:\/\/roveyayinevi.com.tr\/index.php\/wp-json\/wp\/v2\/types\/product"}],"wp:attachment":[{"href":"https:\/\/roveyayinevi.com.tr\/index.php\/wp-json\/wp\/v2\/media?parent=760964"}],"wp:term":[{"taxonomy":"product_brand","embeddable":true,"href":"https:\/\/roveyayinevi.com.tr\/index.php\/wp-json\/wp\/v2\/product_brand?post=760964"},{"taxonomy":"product_cat","embeddable":true,"href":"https:\/\/roveyayinevi.com.tr\/index.php\/wp-json\/wp\/v2\/product_cat?post=760964"},{"taxonomy":"product_tag","embeddable":true,"href":"https:\/\/roveyayinevi.com.tr\/index.php\/wp-json\/wp\/v2\/product_tag?post=760964"}],"curies":[{"name":"wp","href":"https:\/\/api.w.org\/{rel}","templated":true}]}}