{"id":760858,"date":"2025-08-28T09:19:50","date_gmt":"2025-08-28T06:19:50","guid":{"rendered":"https:\/\/roveyayinevi.com.tr\/index.php\/urun\/osmanli-imparatorlugunda-diplomasi-ve-agirlama-ciltli\/"},"modified":"2026-04-16T03:13:35","modified_gmt":"2026-04-16T00:13:35","slug":"osmanli-imparatorlugunda-diplomasi-ve-agirlama-ciltli","status":"publish","type":"product","link":"https:\/\/roveyayinevi.com.tr\/index.php\/urun\/osmanli-imparatorlugunda-diplomasi-ve-agirlama-ciltli\/","title":{"rendered":"Osmanl\u0131 \u0130mparatorlu\u011fu&#8217;nda Diplomasi ve A\u011f\u0131rlama (Ciltli)"},"content":{"rendered":"<p>19. y\u00fczy\u0131l boyunca d\u00fcnya devletlerinin \u00fczerinde uzla\u015fma sa\u011flad\u0131klar\u0131 uluslararas\u0131 kurallar\u0131n d\u00f6n\u00fc\u015fmesi, protokol ve te\u015frifat sistemindeki de\u011fi\u015fiklikler Osmanl\u0131 \u0130mparatorlu\u011fu\u2019nda kurulu\u015f ve y\u00fckseli\u015f d\u00f6nemlerinden beri s\u00fcregelen diplomatik team\u00fcllerin ilkelerini, uygulamalar\u0131n\u0131 de\u011fi\u015fim ve g\u00fcncellemeye y\u00f6nlendirmi\u015ftir. Bunun somut bir yans\u0131mas\u0131 olarak \u0130stanbul\u2019un \u00f6nemi daha da artm\u0131\u015f ve \u015fehir adeta diplomatik ziyaretlerin merkezi h\u00e2line gelmi\u015ftir.  Osmanl\u0131n\u0131n bu d\u00f6nemde izledi\u011fi denge politikas\u0131na ba\u011fl\u0131 olarak d\u00fcnyan\u0131n bat\u0131s\u0131ndan ve do\u011fusundan gelen \u00e7ok say\u0131da h\u00fck\u00fcmdar, devlet ba\u015fkan\u0131, hanedan \u00fcyesi, diplomat ve el\u00e7ilerden olu\u015fan se\u00e7kin konuklar farkl\u0131 vesilelerle \u0130stanbul\u2019da \u00f6zel te\u015frifat programlar\u0131 ile a\u011f\u0131rlanm\u0131\u015ft\u0131r. S\u00f6z konusu ziyaretler \u00fczerinden yap\u0131lan protokol programlar\u0131, planlanan gezi rotalar\u0131, verilen yemek davetleri, kar\u015f\u0131l\u0131kl\u0131 hediyele\u015fmeler, ziyaret\u00e7iler i\u00e7in \u00f6zel d\u00fczenlenen konser ve tiyatro temsilleri gibi renkli ve k\u00fclt\u00fcrel temaslar hakk\u0131nda yerli ve yabanc\u0131 ar\u015fivlerde \u00f6nemli bir k\u00fclliyat mevcuttur.Elinizdeki bu eser Sultan Abd\u00fclmecid, Sultan Abd\u00fclaziz ve Sultan II. Abd\u00fclhamid d\u00f6nemlerinde Fransa, \u0130ngiltere, \u0130talya, Amerika Birle\u015fik Devletleri, Karada\u011f, \u0130sve\u00e7, Japonya, Almanya, Tayland (Siyam), S\u0131rbistan ve \u0130ran gibi farkl\u0131 \u00fclkelerden \u0130stanbul\u2019a gelen \u00f6nemli konuklar\u0131n ziyaretlerini yepyeni bir bak\u0131\u015f a\u00e7\u0131s\u0131 ile sunmaktad\u0131r. Kitapta ziyaretler ve t\u00f6renler, d\u00f6nemin yerli ve yabanc\u0131 ar\u015fivlerindeki yaz\u0131l\u0131 ve g\u00f6rsel kay\u0131tlarla desteklenerek anla\u015f\u0131l\u0131r ve ak\u0131c\u0131 bir dille i\u015flenmi\u015ftir. Bu kitap bir siyaset kronolojisi olmaktan ziyade diplomatik ziyaretlerin her iki taraf i\u00e7in de ge\u00e7erli olan sosyok\u00fclt\u00fcrel etkile\u015fimini ortaya koyan, Osmanl\u0131 \u0130mparatorlu\u011fu\u2019nun son y\u00fczy\u0131l\u0131nda kadim diplomasi gelene\u011fimizle ilintili \u015fekilde s\u00fcregelen ziyaretlere akademik bir i\u00e7erikle \u0131\u015f\u0131k tutan bir \u00e7al\u0131\u015fmad\u0131r.<\/p>\n","protected":false},"excerpt":{"rendered":"<p>19. y\u00fczy\u0131l boyunca d\u00fcnya devletlerinin \u00fczerinde uzla\u015fma sa\u011flad\u0131klar\u0131 uluslararas\u0131 kurallar\u0131n d\u00f6n\u00fc\u015fmesi, protokol ve te\u015frifat sistemindeki de\u011fi\u015fiklikler Osmanl\u0131 \u0130mparatorlu\u011fu\u2019nda kurulu\u015f ve y\u00fckseli\u015f d\u00f6nemlerinden beri s\u00fcregelen diplomatik team\u00fcllerin<span class=\"excerpt-hellip\"> [\u2026]<\/span><\/p>\n","protected":false},"featured_media":0,"template":"","meta":{"_monsterinsights_skip_tracking":false,"_monsterinsights_sitenote_active":false,"_monsterinsights_sitenote_note":"","_monsterinsights_sitenote_category":0},"product_brand":[],"product_cat":[12304,13650],"product_tag":[],"class_list":{"0":"post-760858","1":"product","2":"type-product","3":"status-publish","5":"product_cat-tarih","6":"product_cat-turk-tarihi-arastirmalari","7":"pa_cilt-ciltli","8":"pa_tur-kitap","9":"pa_yayinevi-otuken-nesriyat","10":"pa_yazar-a-melek-ozyetgin-ayse-ersay-yuksel-elif-tugce-kurt","12":"first","13":"instock","14":"sale","15":"shipping-taxable","16":"purchasable","17":"product-type-simple"},"_links":{"self":[{"href":"https:\/\/roveyayinevi.com.tr\/index.php\/wp-json\/wp\/v2\/product\/760858","targetHints":{"allow":["GET"]}}],"collection":[{"href":"https:\/\/roveyayinevi.com.tr\/index.php\/wp-json\/wp\/v2\/product"}],"about":[{"href":"https:\/\/roveyayinevi.com.tr\/index.php\/wp-json\/wp\/v2\/types\/product"}],"wp:attachment":[{"href":"https:\/\/roveyayinevi.com.tr\/index.php\/wp-json\/wp\/v2\/media?parent=760858"}],"wp:term":[{"taxonomy":"product_brand","embeddable":true,"href":"https:\/\/roveyayinevi.com.tr\/index.php\/wp-json\/wp\/v2\/product_brand?post=760858"},{"taxonomy":"product_cat","embeddable":true,"href":"https:\/\/roveyayinevi.com.tr\/index.php\/wp-json\/wp\/v2\/product_cat?post=760858"},{"taxonomy":"product_tag","embeddable":true,"href":"https:\/\/roveyayinevi.com.tr\/index.php\/wp-json\/wp\/v2\/product_tag?post=760858"}],"curies":[{"name":"wp","href":"https:\/\/api.w.org\/{rel}","templated":true}]}}