{"id":760761,"date":"2025-08-28T09:15:48","date_gmt":"2025-08-28T06:15:48","guid":{"rendered":"https:\/\/roveyayinevi.com.tr\/index.php\/urun\/sanat-dunyamiz-200-mayis-haziran-2024\/"},"modified":"2026-04-16T03:13:33","modified_gmt":"2026-04-16T00:13:33","slug":"sanat-dunyamiz-200-mayis-haziran-2024","status":"publish","type":"product","link":"https:\/\/roveyayinevi.com.tr\/index.php\/urun\/sanat-dunyamiz-200-mayis-haziran-2024\/","title":{"rendered":"Sanat D\u00fcnyam\u0131z 200 \/ May\u0131s-Haziran 2024"},"content":{"rendered":"<p>Sanat D\u00fcnyam\u0131z\u2019\u0131n 200. say\u0131s\u0131 \u00e7\u0131kt\u0131. Sanat D\u00fcnyam\u0131z dergisinin ellinci ya\u015f\u0131n\u0131 bir dizi etkinlikle kutlad\u0131\u011f\u0131 bu y\u0131lda dergi May\u0131s Haziran\u2019da 200. say\u0131s\u0131na ula\u015fm\u0131\u015f oldu. Dergide bu \u00f6zel say\u0131 kapsaml\u0131 bir i\u00e7erikle kutlan\u0131yor. Sanat D\u00fcnyam\u0131z 200. say\u0131s\u0131nda \u201cG\u00fcncel Sanat ve Pop\u00fcler K\u00fclt\u00fcr: Hem \u00d6zg\u00fcrl\u00fck Hem A\u015fk \u0130stiyor\u201d ba\u015fl\u0131\u011f\u0131yla pop\u00fcler k\u00fclt\u00fcr\u00fcn g\u00fcncel sanatla olan ili\u015fkisine odaklan\u0131yor. Bu kapsamda dergide Stuart Hall\u2019un \u201c\u2019Pop\u00fcler Olan\u2019\u0131n Yap\u0131bozumu \u00dczerine Notlar\u201d ba\u015fl\u0131kl\u0131 makalesinin \u00e7evirisine yer veriliyor. Dosyada Kaya Gen\u00e7 medyada k\u00fclt\u00fcr sanat\u0131n yerini tart\u0131\u015ft\u0131\u011f\u0131 denemesiyle, Sezen \u00dcnl\u00fc\u00f6nen yeti\u015fkinlik hallerinin pop\u00fcler k\u00fclt\u00fcrdeki yerini sorgulad\u0131\u011f\u0131 yaz\u0131s\u0131yla, Zeynep Nur Ayano\u011flu CANAN \u00fczerine de\u011ferlendirmesiyle, Ebru Esra Sat\u0131c\u0131 karikat\u00fcrist Cemal Nadir \u00fczerine incelemesiyle yer al\u0131yor. Ulya Soley, Mertcan Karaku\u015f ve G\u00fclce \u00d6zkara TV k\u00fclt\u00fcr\u00fcn\u00fcn sanatla kesi\u015fti\u011fi boyutlar\u0131n\u0131 yaz\u0131lar\u0131nda tart\u0131\u015f\u0131rken, Alper Turan ve Hay\u0131rl\u0131 Evlat dizilerden bir se\u00e7ki \u00fczerine s\u00f6yle\u015filerini payla\u015f\u0131yorlar.   Dergi ellinci ya\u015f\u0131n\u0131 ayr\u0131ca S\u00fcreyyya Evren\u2019in bu 50 y\u0131lda sanat d\u00fcnyas\u0131ndan ge\u00e7en tart\u0131\u015fmalara ve ele\u015ftirinin katmanlar\u0131na bakt\u0131\u011f\u0131 yaz\u0131s\u0131yla kutluyor. Bu b\u00f6l\u00fcmde derginin uzun y\u0131llar edit\u00f6rl\u00fc\u011f\u00fcn\u00fc \u00fcstlenen Mine Haydaro\u011flu bas\u0131l\u0131 bir yay\u0131n\u0131n g\u00fcn\u00fcm\u00fcz d\u00fcnyas\u0131ndaki yerini tart\u0131\u015ft\u0131\u011f\u0131 bir yaz\u0131 kaleme al\u0131yor. Nil Kural ise I. Sanat D\u00fcnyam\u0131z Film G\u00fcnleri\u2019ndeki filmlerden yola \u00e7\u0131karak g\u00fcn\u00fcm\u00fcz sinema e\u011filimlerine odaklan\u0131yor. Ayr\u0131ca dergide Hareket Alan\u0131 sergisi \u00fczerine Huo Rf ile Diyaloglar: Modern Sanat\u00e7\u0131lar ve Osmanl\u0131 Ge\u00e7mi\u015fi sergisi \u00fczerine de The Met k\u00fcrat\u00f6rlerinden Deniz Beyaz\u0131t ile yap\u0131lm\u0131\u015f birer s\u00f6yle\u015fi yer al\u0131yor. Yan\u0131 s\u0131ra dergide G\u00f6rsel Notlar k\u00f6\u015fesinde Okyanus \u00c7a\u011fr\u0131 \u00c7amc\u0131\u2019n\u0131n, Ajanda k\u00f6\u015fesinde ise Mert Diner\u2019in se\u00e7kisine yer veriliyor. Derginin serge ele\u015ftiri ve de\u011ferlendirmelerine yer verdi\u011fi +\u0130z b\u00f6l\u00fcm\u00fcnde ise Venedik Bienali 60. Uluslararas\u0131 Sanat Sergisi de\u011ferlendirmesiyle Bengisu \u00c7a\u011flayan var. <\/p>\n","protected":false},"excerpt":{"rendered":"<p>Sanat D\u00fcnyam\u0131z\u2019\u0131n 200. say\u0131s\u0131 \u00e7\u0131kt\u0131. Sanat D\u00fcnyam\u0131z dergisinin ellinci ya\u015f\u0131n\u0131 bir dizi etkinlikle kutlad\u0131\u011f\u0131 bu y\u0131lda dergi May\u0131s Haziran\u2019da 200. say\u0131s\u0131na ula\u015fm\u0131\u015f oldu. Dergide bu \u00f6zel<span class=\"excerpt-hellip\"> [\u2026]<\/span><\/p>\n","protected":false},"featured_media":0,"template":"","meta":{"_monsterinsights_skip_tracking":false,"_monsterinsights_sitenote_active":false,"_monsterinsights_sitenote_note":"","_monsterinsights_sitenote_category":0},"product_brand":[],"product_cat":[13527],"product_tag":[],"class_list":{"0":"post-760761","1":"product","2":"type-product","3":"status-publish","5":"product_cat-sureli-yayinlar","6":"pa_cilt-ciltsiz","7":"pa_tur-kitap","8":"pa_yayinevi-yapi-kredi-yayinlari-dergi","9":"pa_yazar-kolektif","11":"first","12":"instock","13":"sale","14":"shipping-taxable","15":"purchasable","16":"product-type-simple"},"_links":{"self":[{"href":"https:\/\/roveyayinevi.com.tr\/index.php\/wp-json\/wp\/v2\/product\/760761","targetHints":{"allow":["GET"]}}],"collection":[{"href":"https:\/\/roveyayinevi.com.tr\/index.php\/wp-json\/wp\/v2\/product"}],"about":[{"href":"https:\/\/roveyayinevi.com.tr\/index.php\/wp-json\/wp\/v2\/types\/product"}],"wp:attachment":[{"href":"https:\/\/roveyayinevi.com.tr\/index.php\/wp-json\/wp\/v2\/media?parent=760761"}],"wp:term":[{"taxonomy":"product_brand","embeddable":true,"href":"https:\/\/roveyayinevi.com.tr\/index.php\/wp-json\/wp\/v2\/product_brand?post=760761"},{"taxonomy":"product_cat","embeddable":true,"href":"https:\/\/roveyayinevi.com.tr\/index.php\/wp-json\/wp\/v2\/product_cat?post=760761"},{"taxonomy":"product_tag","embeddable":true,"href":"https:\/\/roveyayinevi.com.tr\/index.php\/wp-json\/wp\/v2\/product_tag?post=760761"}],"curies":[{"name":"wp","href":"https:\/\/api.w.org\/{rel}","templated":true}]}}