{"id":760695,"date":"2025-08-28T09:13:57","date_gmt":"2025-08-28T06:13:57","guid":{"rendered":"https:\/\/roveyayinevi.com.tr\/index.php\/urun\/ataturk-buyuk-bir-okuldur\/"},"modified":"2026-02-03T03:27:55","modified_gmt":"2026-02-03T00:27:55","slug":"ataturk-buyuk-bir-okuldur","status":"publish","type":"product","link":"https:\/\/roveyayinevi.com.tr\/index.php\/urun\/ataturk-buyuk-bir-okuldur\/","title":{"rendered":"Atat\u00fcrk B\u00fcy\u00fck Bir Okuldur"},"content":{"rendered":"<p>E. Kur. Alb. Dr. Mehmet Uysal, 15 Ekim 1945 tarihinde Amasya\u2019n\u0131n Ta\u015fova il\u00e7esinde do\u011fdu. 1959 y\u0131l\u0131nda, 14 ya\u015f\u0131nda iken Selimiye Askeri Ortaokulu III. s\u0131n\u0131fa girerek asker oldu. 1960 y\u0131l\u0131nda Askeri Ortaokuldan, 1964 y\u0131l\u0131nda Erzincan Askeri Lisesinden mezun oldu. 30 A\u011fustos 1966\u2019da Kara Harp Okulundan Top\u00e7u Subay\u0131 olarak mezun oldu. 1981 y\u0131l\u0131nda Kara Harp Akademisinden Kurmay Y\u00fczba\u015f\u0131 olarak mezun oldu. Genelkurmay Ba\u015fkanl\u0131\u011f\u0131 ve Kara Kuvvetlerinde kararg\u00e2h g\u00f6revleri ile k\u0131talarda komutanl\u0131k g\u00f6revlerinde bulundu. Kurmay Albay Mehmet Uysal, 1991-1996 y\u0131llar\u0131 aras\u0131nda Kara Harp Akademisinde \u00f6\u011fretim g\u00f6revlisi kadrosunda yer ald\u0131. 1 y\u0131l s\u00fcre ile \u0130stanbul Askerlik Daire Ba\u015fkanl\u0131\u011f\u0131 yapan yazar, 1997 y\u0131l\u0131nda kadrosuzluk nedeniyle emekli oldu. Mehmet Uysal, 1997-2007 y\u0131llar\u0131 aras\u0131nda Yeditepe \u00dcniversitesinde Atat\u00fcrk \u0130lkeleri ve \u0130nk\u0131lap Tarihi dersleri vermi\u015ftir. \u0130stanbul \u00dcniversitesi Atat\u00fcrk \u0130lkeleri ve \u0130nk\u0131lap Tarihi Enstit\u00fcs\u00fcnde doktora e\u011fitimi alan Mehmet Uysal, 2007 y\u0131l\u0131nda doktor \u00fcnvan\u0131n\u0131 alm\u0131\u015ft\u0131r. 2008 y\u0131l\u0131nda e\u015fi Solmaz Uysal\u2019\u0131 kaybeden yazar\u0131n Tolga (1970) ve Bora (1977) adlar\u0131nda iki o\u011flu, Mustafa (2014) ad\u0131nda bir torunu vard\u0131r. Yazar, Frans\u0131zca bilmektedir.   ESERLER\u0130: 1. Doktora tezi; 1930-1938 d\u00f6nemi T\u00fcrkiye-Yunanistan ili\u015fkileri 2. Harp Akademileri Komutanl\u0131\u011f\u0131nca yay\u0131nlanm\u0131\u015f eserleri: a. G\u00fcney Kafkasya\u2019n\u0131n d\u00fcn\u00fc, bug\u00fcn\u00fc, yar\u0131n\u0131 b. Tarihte 16 T\u00fcrk devleti c. Atat\u00fcrk\u2019\u00fcn ordu, askerlik, harp ve sulh hakk\u0131ndaki d\u00fc\u015f\u00fcnceleri ve gen\u00e7 subaylara \u00f6\u011f\u00fctleri (Dr. Veli Y\u0131lmaz ile) d. Askeri a\u00e7\u0131dan \u00c7e\u00e7enistan olay\u0131ndan al\u0131nan dersler e. Aldatma ile \u00f6rt\u00fclen Yunan yay\u0131lmas\u0131 3. Yak\u0131n d\u00f6nem T\u00fcrkiye tarihi ara\u015ft\u0131rmalar\u0131 (Say\u0131n Prof. Dr. Sabahattin \u00d6zel&#8217;e sayg\u0131 ile\u2026 23 akademisyenin ortak eseri) <\/p>\n","protected":false},"excerpt":{"rendered":"<p>E. Kur. Alb. Dr. Mehmet Uysal, 15 Ekim 1945 tarihinde Amasya\u2019n\u0131n Ta\u015fova il\u00e7esinde do\u011fdu. 1959 y\u0131l\u0131nda, 14 ya\u015f\u0131nda iken Selimiye Askeri Ortaokulu III. s\u0131n\u0131fa girerek asker<span class=\"excerpt-hellip\"> [\u2026]<\/span><\/p>\n","protected":false},"featured_media":0,"template":"","meta":{"_monsterinsights_skip_tracking":false,"_monsterinsights_sitenote_active":false,"_monsterinsights_sitenote_note":"","_monsterinsights_sitenote_category":0},"product_brand":[],"product_cat":[12370,12304],"product_tag":[],"class_list":{"0":"post-760695","1":"product","2":"type-product","3":"status-publish","5":"product_cat-arastirma-inceleme","6":"product_cat-tarih","7":"pa_cilt-ciltsiz","8":"pa_tur-kitap","9":"pa_yayinevi-karina-yayinevi","10":"pa_yazar-mehmet-uysal","12":"first","13":"instock","14":"sale","15":"shipping-taxable","16":"purchasable","17":"product-type-simple"},"_links":{"self":[{"href":"https:\/\/roveyayinevi.com.tr\/index.php\/wp-json\/wp\/v2\/product\/760695","targetHints":{"allow":["GET"]}}],"collection":[{"href":"https:\/\/roveyayinevi.com.tr\/index.php\/wp-json\/wp\/v2\/product"}],"about":[{"href":"https:\/\/roveyayinevi.com.tr\/index.php\/wp-json\/wp\/v2\/types\/product"}],"wp:attachment":[{"href":"https:\/\/roveyayinevi.com.tr\/index.php\/wp-json\/wp\/v2\/media?parent=760695"}],"wp:term":[{"taxonomy":"product_brand","embeddable":true,"href":"https:\/\/roveyayinevi.com.tr\/index.php\/wp-json\/wp\/v2\/product_brand?post=760695"},{"taxonomy":"product_cat","embeddable":true,"href":"https:\/\/roveyayinevi.com.tr\/index.php\/wp-json\/wp\/v2\/product_cat?post=760695"},{"taxonomy":"product_tag","embeddable":true,"href":"https:\/\/roveyayinevi.com.tr\/index.php\/wp-json\/wp\/v2\/product_tag?post=760695"}],"curies":[{"name":"wp","href":"https:\/\/api.w.org\/{rel}","templated":true}]}}