{"id":760677,"date":"2025-08-28T09:13:23","date_gmt":"2025-08-28T06:13:23","guid":{"rendered":"https:\/\/roveyayinevi.com.tr\/index.php\/urun\/ibn-kemalin-fetvalari-isiginda-osmanlida-islam-hukuku\/"},"modified":"2026-04-16T03:13:31","modified_gmt":"2026-04-16T00:13:31","slug":"ibn-kemalin-fetvalari-isiginda-osmanlida-islam-hukuku","status":"publish","type":"product","link":"https:\/\/roveyayinevi.com.tr\/index.php\/urun\/ibn-kemalin-fetvalari-isiginda-osmanlida-islam-hukuku\/","title":{"rendered":"\u0130bn Kemal\u2019in Fetvalar\u0131 I\u015f\u0131\u011f\u0131nda Osmanl\u0131\u2019da \u0130slam Hukuku"},"content":{"rendered":"<p>\u00c7al\u0131\u015fmam\u0131z giri\u015f, alt\u0131 b\u00f6l\u00fcm ve bir sonu\u00e7tan olu\u015fmaktad\u0131r. Giri\u015f b\u00f6l\u00fcm\u00fcnde ara\u015ft\u0131rmam\u0131z\u0131n \u00f6nemi, s\u0131n\u0131rlar\u0131 ve kaynaklar\u0131 \u00fczerinde durduk. \u0130bn Kemal\u2019in fetvalar\u0131n\u0131n bulundu\u011fu kaynaklar\u0131 belirterek, \u00e7al\u0131\u015fmam\u0131z\u0131n s\u0131n\u0131rlar\u0131n\u0131 tayin ettik. \u0130lk b\u00f6l\u00fcmde, \u0130bn Kemal\u2019in hayat\u0131, g\u00f6revleri, talebeleri ve hukuka dair eserlerini k\u0131saca tan\u0131tt\u0131k. Ayr\u0131ca zaman\u0131n de\u011fi\u015fmesiyle buna ba\u011fl\u0131 baz\u0131 h\u00fck\u00fcmlerin de\u011fi\u015fti\u011fini dikkate alarak d\u00f6nemin siyasi, sosyal ve hukuki durumunu ortaya koymaya \u00e7al\u0131\u015ft\u0131k. \u0130kinci b\u00f6l\u00fcmde fetvalar \u00e7er\u00e7evesinde aile hukuku, evlilik s\u00f6zle\u015fmesi ve unsurlar\u0131, evlili\u011fin do\u011furdu\u011fu hukuki sonu\u00e7lar ve evlili\u011fin sona ermesi konular\u0131n\u0131 inceleyerek Osmanl\u0131 aile hukukunun sorunlar\u0131n\u0131 ve \u00e7\u00f6z\u00fcmlerini tahlil etmeye \u00e7al\u0131\u015ft\u0131k. \u00dc\u00e7\u00fcnc\u00fc b\u00f6l\u00fcmde fetvalar \u00e7er\u00e7evesinde ticaret, esnaflar ve finansmanla ilgili sorunlara ve \u00e7\u00f6z\u00fcmlerine yer verdik. D\u00f6rd\u00fcnc\u00fc b\u00f6l\u00fcmde mir\u00ee arazi ve vergisiyle ilgili sorunlar\u0131 ve \u00e7\u00f6z\u00fcmleri ele ald\u0131k. Be\u015finci b\u00f6l\u00fcmde yine ayn\u0131 \u015fekilde vak\u0131flar ve idaresini inceledik. Alt\u0131nc\u0131 b\u00f6l\u00fcmde fetvalar \u00e7er\u00e7evesinde m\u00fclkiyete ve \u015fahsa kar\u015f\u0131 i\u015flenen su\u00e7lar ve cezalara yer verdik. Sonu\u00e7 k\u0131sm\u0131nda da b\u00fct\u00fcn b\u00f6l\u00fcmlerin k\u0131sa bir de\u011ferlendirmesini yapmaya \u00e7al\u0131\u015ft\u0131k. Elinizdeki bu \u00e7al\u0131\u015fma 2008 y\u0131l\u0131nda \u201c\u0130bn Kemal\u2019in Fetvalar\u0131 I\u015f\u0131\u011f\u0131nda Osmanl\u0131\u2019da \u0130sl\u00e2m Hukuku\u201d adl\u0131 doktora tezinin kitapla\u015fm\u0131\u015f halidir. Daha \u00f6nce OSAV yay\u0131nlar\u0131 aras\u0131nda \u0130bn Kemal\u2019in fetvalar\u0131 \u201cKan\u00fbn\u00ee Devrinde Osmanl\u0131\u2019da Huk\u00fbk\u00ee Hayat\u201d ad\u0131yla yay\u0131nlanm\u0131\u015ft\u0131. <\/p>\n","protected":false},"excerpt":{"rendered":"<p>\u00c7al\u0131\u015fmam\u0131z giri\u015f, alt\u0131 b\u00f6l\u00fcm ve bir sonu\u00e7tan olu\u015fmaktad\u0131r. Giri\u015f b\u00f6l\u00fcm\u00fcnde ara\u015ft\u0131rmam\u0131z\u0131n \u00f6nemi, s\u0131n\u0131rlar\u0131 ve kaynaklar\u0131 \u00fczerinde durduk. \u0130bn Kemal\u2019in fetvalar\u0131n\u0131n bulundu\u011fu kaynaklar\u0131 belirterek, \u00e7al\u0131\u015fmam\u0131z\u0131n s\u0131n\u0131rlar\u0131n\u0131 tayin<span class=\"excerpt-hellip\"> [\u2026]<\/span><\/p>\n","protected":false},"featured_media":0,"template":"","meta":{"_monsterinsights_skip_tracking":false,"_monsterinsights_sitenote_active":false,"_monsterinsights_sitenote_note":"","_monsterinsights_sitenote_category":0},"product_brand":[],"product_cat":[12573,12566],"product_tag":[],"class_list":{"0":"post-760677","1":"product","2":"type-product","3":"status-publish","5":"product_cat-akademik-kitaplar","6":"product_cat-egitim","7":"pa_cilt-ciltsiz","8":"pa_tur-kitap","9":"pa_yayinevi-soncag-akademik-kitaplar","10":"pa_yazar-ahmet-inanir","12":"first","13":"instock","14":"sale","15":"shipping-taxable","16":"purchasable","17":"product-type-simple"},"_links":{"self":[{"href":"https:\/\/roveyayinevi.com.tr\/index.php\/wp-json\/wp\/v2\/product\/760677","targetHints":{"allow":["GET"]}}],"collection":[{"href":"https:\/\/roveyayinevi.com.tr\/index.php\/wp-json\/wp\/v2\/product"}],"about":[{"href":"https:\/\/roveyayinevi.com.tr\/index.php\/wp-json\/wp\/v2\/types\/product"}],"wp:attachment":[{"href":"https:\/\/roveyayinevi.com.tr\/index.php\/wp-json\/wp\/v2\/media?parent=760677"}],"wp:term":[{"taxonomy":"product_brand","embeddable":true,"href":"https:\/\/roveyayinevi.com.tr\/index.php\/wp-json\/wp\/v2\/product_brand?post=760677"},{"taxonomy":"product_cat","embeddable":true,"href":"https:\/\/roveyayinevi.com.tr\/index.php\/wp-json\/wp\/v2\/product_cat?post=760677"},{"taxonomy":"product_tag","embeddable":true,"href":"https:\/\/roveyayinevi.com.tr\/index.php\/wp-json\/wp\/v2\/product_tag?post=760677"}],"curies":[{"name":"wp","href":"https:\/\/api.w.org\/{rel}","templated":true}]}}