{"id":760536,"date":"2025-08-28T09:08:46","date_gmt":"2025-08-28T06:08:46","guid":{"rendered":"https:\/\/roveyayinevi.com.tr\/index.php\/urun\/kizil-milyarder-giangiacomo-feltrinelli\/"},"modified":"2026-04-16T03:13:27","modified_gmt":"2026-04-16T00:13:27","slug":"kizil-milyarder-giangiacomo-feltrinelli","status":"publish","type":"product","link":"https:\/\/roveyayinevi.com.tr\/index.php\/urun\/kizil-milyarder-giangiacomo-feltrinelli\/","title":{"rendered":"K\u0131z\u0131l Milyarder: Giangiacomo Feltrinelli"},"content":{"rendered":"<p>Aristokrat bir ailede do\u011fan Feltrinelli, ola\u011fan\u00fcst\u00fc bir entelekt\u00fcel yetenek ve tutkuya sahipti. Gen\u00e7 ya\u015fta edebiyat ve politikan\u0131n b\u00fcy\u00fcleyici d\u00fcnyas\u0131na ad\u0131m att\u0131. Giangiacomo Feltrinelli, 20. y\u00fczy\u0131l\u0131n en ilgin\u00e7 ve tart\u0131\u015fmal\u0131 fig\u00fcrlerinden biriydi. Entelekt\u00fcel cesareti ve devrimci ruhuyla tan\u0131nan Feltrinelli, \u00fcnl\u00fc bir yay\u0131nc\u0131 ve aktivist olarak yaz\u0131n tarihine damgas\u0131n\u0131 vurdu. Ancak onun hikayesi sadece kitaplar\u0131n sayfalar\u0131nda de\u011fil, ayn\u0131 zamanda devrimin ve de\u011fi\u015fimin sokaklar\u0131nda yaz\u0131ld\u0131. Feltrinelli&#8217;nin politik angajmanlar\u0131, d\u00fcnya \u00e7ap\u0131nda radikal hareketlerle yak\u0131n ili\u015fkiler kurmas\u0131na ve kitaplar arac\u0131l\u0131\u011f\u0131yla d\u00fc\u015f\u00fcncelerini yaymas\u0131na olanak tan\u0131d\u0131. Yay\u0131nc\u0131l\u0131k kariyeri boyunca yasakl\u0131 kitaplar\u0131 yay\u0131nlamak gibi cesur ad\u0131mlar atmaktan \u00e7ekinmedi ve geni\u015f kitlelere ilham verdi. Bu etkileyici biyografi, Feltrinelli&#8217;nin hayat\u0131n\u0131 ve etkileyici miras\u0131n\u0131 ele al\u0131yor. Yay\u0131nc\u0131l\u0131k d\u00fcnyas\u0131n\u0131n ve politikan\u0131n merkezindeki bu ola\u011fan\u00fcst\u00fc fig\u00fcr\u00fcn hikayesi, gelecek nesillerin de ilgisini \u00e7ekmeye devam edecek. <\/p>\n","protected":false},"excerpt":{"rendered":"<p>Aristokrat bir ailede do\u011fan Feltrinelli, ola\u011fan\u00fcst\u00fc bir entelekt\u00fcel yetenek ve tutkuya sahipti. Gen\u00e7 ya\u015fta edebiyat ve politikan\u0131n b\u00fcy\u00fcleyici d\u00fcnyas\u0131na ad\u0131m att\u0131. Giangiacomo Feltrinelli, 20. y\u00fczy\u0131l\u0131n en<span class=\"excerpt-hellip\"> [\u2026]<\/span><\/p>\n","protected":false},"featured_media":0,"template":"","meta":{"_monsterinsights_skip_tracking":false,"_monsterinsights_sitenote_active":false,"_monsterinsights_sitenote_note":"","_monsterinsights_sitenote_category":0},"product_brand":[],"product_cat":[14009,12291],"product_tag":[],"class_list":{"0":"post-760536","1":"product","2":"type-product","3":"status-publish","5":"product_cat-biyografi-otobiyografi-edebiyat","6":"product_cat-edebiyat","7":"pa_cilt-ciltsiz","8":"pa_tur-kitap","9":"pa_yayinevi-koyusiyah-kitap","10":"pa_yazar-jobst-c-knigge","12":"first","13":"instock","14":"sale","15":"shipping-taxable","16":"purchasable","17":"product-type-simple"},"_links":{"self":[{"href":"https:\/\/roveyayinevi.com.tr\/index.php\/wp-json\/wp\/v2\/product\/760536","targetHints":{"allow":["GET"]}}],"collection":[{"href":"https:\/\/roveyayinevi.com.tr\/index.php\/wp-json\/wp\/v2\/product"}],"about":[{"href":"https:\/\/roveyayinevi.com.tr\/index.php\/wp-json\/wp\/v2\/types\/product"}],"wp:attachment":[{"href":"https:\/\/roveyayinevi.com.tr\/index.php\/wp-json\/wp\/v2\/media?parent=760536"}],"wp:term":[{"taxonomy":"product_brand","embeddable":true,"href":"https:\/\/roveyayinevi.com.tr\/index.php\/wp-json\/wp\/v2\/product_brand?post=760536"},{"taxonomy":"product_cat","embeddable":true,"href":"https:\/\/roveyayinevi.com.tr\/index.php\/wp-json\/wp\/v2\/product_cat?post=760536"},{"taxonomy":"product_tag","embeddable":true,"href":"https:\/\/roveyayinevi.com.tr\/index.php\/wp-json\/wp\/v2\/product_tag?post=760536"}],"curies":[{"name":"wp","href":"https:\/\/api.w.org\/{rel}","templated":true}]}}