{"id":760288,"date":"2025-08-28T09:01:14","date_gmt":"2025-08-28T06:01:14","guid":{"rendered":"https:\/\/roveyayinevi.com.tr\/index.php\/urun\/ahmet-ferite-mektuplar\/"},"modified":"2026-04-16T03:13:07","modified_gmt":"2026-04-16T00:13:07","slug":"ahmet-ferite-mektuplar","status":"publish","type":"product","link":"https:\/\/roveyayinevi.com.tr\/index.php\/urun\/ahmet-ferite-mektuplar\/","title":{"rendered":"Ahmet Ferit\u2019e Mektuplar"},"content":{"rendered":"<p>\u201c\u00dc\u00e7 Tarz-\u0131 Siy\u00e2set\u2019i iyi bulmam\u0131\u015fs\u0131n da \u2018\u00dc\u00e7 Siy\u00e2set\u2019 demi\u015fsin, pek\u00e2l\u00e2! Daha selis fakat dedi\u011fin gibi biraz prentieux (iddial\u0131). Sen \u00fc\u00e7 siyasetten yaln\u0131z birincisi kabil diyorsun. Ben de bilahare g\u00f6rm\u00fc\u015f olaca\u011f\u0131n gibi yaln\u0131z birincisi gayr-i kabildir diyorum. Ne kadar taban tabana z\u0131t efk\u00e2r. Lakin birinci k\u0131s\u0131m makalem s\u0131rf tarih idi, ma-vaka\u2018ay\u0131 hik\u00e2ye idi. Tabii bence do\u011frusu zannolunan bir nokta-i nazardan bak\u0131larak. Lakin as\u0131l kabil-i tatbik olur olan \u00fc\u00e7\u00fcnc\u00fc makaledir ki onu \u015fimdi art\u0131k okumu\u015fsundur ve ancak onu okuduktan sonra \u00f6yle bahsedebilece\u011fiz, \u015fimdilik kesiyorum. E\u011fer kar\u015f\u0131l\u0131k makale yazarsan elbet ho\u015f olur\u2026 Acele ediyorum de\u011fil mi? Belki benimkini de der\u00e7 etmeyecekler. Amma ne beis var; ya\u015fas\u0131n \u015e\u00fbr\u00e2-y\u0131 \u00dcmmet!\u201d [25 Mart 1904]T\u00fcrk d\u00fc\u015f\u00fcnce tarihinin \u00f6nemli isimlerinden Yusuf Ak\u00e7ura ile T\u00fcrkiye Cumhuriyeti\u2019nin ilk \u0130\u00e7i\u015fleri Bakan\u0131 Ahmet Ferit Tek, Kuleli Askeri Lisesi\u2019nde ba\u015flayan samimiyetlerini, Ak\u00e7ura\u2019n\u0131n vefat\u0131na dek s\u00fcrd\u00fcrm\u00fc\u015f iki yak\u0131n dosttur. Birlikte Fizan\u2019a s\u00fcrg\u00fcn edilmi\u015fler ve yine birlikte Paris\u2019e ge\u00e7erek Ecole Libre des Sciences Politiques\u2019ten mezun olmu\u015flard\u0131r. Yusuf Ak\u00e7ura\u2019n\u0131n 1903\u2019te Fransa\u2019dan Rusya\u2019ya d\u00f6n\u00fc\u015f\u00fcyle yo\u011funla\u015fmaya ba\u015flayan mektupla\u015fmalar\u0131 Ak\u00e7ura\u2019n\u0131n vefat etti\u011fi 1935\u2019e kadar devam etmi\u015ftir. Hemen her hafta kar\u015f\u0131l\u0131kl\u0131 yaz\u0131ld\u0131\u011f\u0131 anla\u015f\u0131lan mektuplar g\u00f6steriyor ki birbirlerini bu derece seven, sayg\u0131 duyan iki dost herh\u00e2lde T\u00fcrk siyaset ve k\u00fclt\u00fcr hayat\u0131nda enderdir. Bu mektuplar Yusuf Ak\u00e7ura ve Ahmet Ferit Tek\u2019in hayatlar\u0131n\u0131n karanl\u0131kta kalan baz\u0131 noktalar\u0131n\u0131n ayd\u0131nlat\u0131lmas\u0131 a\u00e7\u0131s\u0131ndan \u00f6nemli oldu\u011fu kadar, Rusya T\u00fcrkleri\u2019nin 1905 \u0130htilali sonras\u0131 giri\u015ftikleri siyasi m\u00fccadelenin tarihinin yaz\u0131lmas\u0131na da m\u00fchim katk\u0131 yapacak niteliktedir. Belki de en \u00f6nemlisi, ne\u015fredildi\u011fi g\u00fcnden beri g\u00fcndemimizi i\u015fgal eden \u00dc\u00e7 Tarz-\u0131 Siyaset\u2019in yaz\u0131l\u0131\u015f ser\u00fcveni, J\u00f6n T\u00fcrkler\u2019in muhaceretteki m\u00fccadeleleri, birbirleriyle olan ili\u015fkileri hakk\u0131nda da mektuplar sayesinde yeni bilgiler edinece\u011fiz.<\/p>\n","protected":false},"excerpt":{"rendered":"<p>\u201c\u00dc\u00e7 Tarz-\u0131 Siy\u00e2set\u2019i iyi bulmam\u0131\u015fs\u0131n da \u2018\u00dc\u00e7 Siy\u00e2set\u2019 demi\u015fsin, pek\u00e2l\u00e2! Daha selis fakat dedi\u011fin gibi biraz prentieux (iddial\u0131). Sen \u00fc\u00e7 siyasetten yaln\u0131z birincisi kabil diyorsun. Ben<span class=\"excerpt-hellip\"> [\u2026]<\/span><\/p>\n","protected":false},"featured_media":0,"template":"","meta":{"_monsterinsights_skip_tracking":false,"_monsterinsights_sitenote_active":false,"_monsterinsights_sitenote_note":"","_monsterinsights_sitenote_category":0},"product_brand":[],"product_cat":[13701,12291],"product_tag":[],"class_list":{"0":"post-760288","1":"product","2":"type-product","3":"status-publish","5":"product_cat-ani-mektup-gunluk","6":"product_cat-edebiyat","7":"pa_cilt-ciltsiz","8":"pa_tur-kitap","9":"pa_yayinevi-vakifbank-kultur-yayinlari","10":"pa_yazar-yusuf-akcura","12":"first","13":"instock","14":"sale","15":"shipping-taxable","16":"purchasable","17":"product-type-simple"},"_links":{"self":[{"href":"https:\/\/roveyayinevi.com.tr\/index.php\/wp-json\/wp\/v2\/product\/760288","targetHints":{"allow":["GET"]}}],"collection":[{"href":"https:\/\/roveyayinevi.com.tr\/index.php\/wp-json\/wp\/v2\/product"}],"about":[{"href":"https:\/\/roveyayinevi.com.tr\/index.php\/wp-json\/wp\/v2\/types\/product"}],"wp:attachment":[{"href":"https:\/\/roveyayinevi.com.tr\/index.php\/wp-json\/wp\/v2\/media?parent=760288"}],"wp:term":[{"taxonomy":"product_brand","embeddable":true,"href":"https:\/\/roveyayinevi.com.tr\/index.php\/wp-json\/wp\/v2\/product_brand?post=760288"},{"taxonomy":"product_cat","embeddable":true,"href":"https:\/\/roveyayinevi.com.tr\/index.php\/wp-json\/wp\/v2\/product_cat?post=760288"},{"taxonomy":"product_tag","embeddable":true,"href":"https:\/\/roveyayinevi.com.tr\/index.php\/wp-json\/wp\/v2\/product_tag?post=760288"}],"curies":[{"name":"wp","href":"https:\/\/api.w.org\/{rel}","templated":true}]}}