{"id":760278,"date":"2025-08-28T09:00:58","date_gmt":"2025-08-28T06:00:58","guid":{"rendered":"https:\/\/roveyayinevi.com.tr\/index.php\/urun\/agalar-konya-aladagda-ayan-bir-turkmen-ailesinin-tarihi-1680-1880\/"},"modified":"2026-04-16T03:13:07","modified_gmt":"2026-04-16T00:13:07","slug":"agalar-konya-aladagda-ayan-bir-turkmen-ailesinin-tarihi-1680-1880","status":"publish","type":"product","link":"https:\/\/roveyayinevi.com.tr\/index.php\/urun\/agalar-konya-aladagda-ayan-bir-turkmen-ailesinin-tarihi-1680-1880\/","title":{"rendered":"A\u011falar: Konya Alada\u011f&#8217;da Ayan Bir T\u00fcrkmen Ailesinin Tarihi 1680-1880"},"content":{"rendered":"<p>\u201c\u0130hti\u015faml\u0131 bir mazi\u201d idealinin ula\u015ft\u0131rd\u0131\u011f\u0131 k\u00f6ken aray\u0131\u015f\u0131 ve atalar\u0131n \u201cb\u00fcy\u00fcleyici\u201d hik\u00e2yesine duyulan merak, k\u00e2h ailev\u00ee ba\u011flar\u0131n tetikledi\u011fi, k\u00e2h hayat\u0131n zamanla tesis etti\u011fi tabii ve insan\u00ee bir temay\u00fcl. B\u00f6yle bir te\u015fvikin mahsul\u00fc olan bu kitap okurunu, Osmanl\u0131 \u201c\u00e2yanlar c\u0327ag\u0306\u0131\u201dn\u0131n tipik bir Anadolu ailesi olan Ag\u0306alar\u2019\u0131n ilgin\u00e7hik\u00e2yesiyle bulu\u015fturuyor. \u00c2yanl\u0131k ve derebeylik gibi Anadolu T\u00fcrkl\u00fc\u011f\u00fcn\u00fcn karakteristik hususiyetlerinin yan\u0131 s\u0131ra, merkez\u00ee devlet \u00f6l\u00e7e\u011finde \u00e7ok da b\u00fcy\u00fck say\u0131lmayacak yerel te\u015fekk\u00fcl ve ili\u015fkiler a\u011f\u0131n\u0131 ar\u015fiv vesikalar\u0131 \u0131\u015f\u0131\u011f\u0131nda g\u00fcn y\u00fcz\u00fcne \u00e7\u0131karan bu \u00e7al\u0131\u015fma Osmanl\u0131 toplumsal tarihinin karanl\u0131kta kalan sayfalar\u0131n\u0131 aral\u0131yor.Osmanl\u0131 d\u00f6neminde Konya sanca\u011f\u0131na ba\u011fl\u0131 bir kaza olan Alada\u011f\u2019da mesk\u00fbn A\u011falar\u2019\u0131n k\u00f6kleri, 1680\u2019lerde ilmiye mensubu oldu\u011fu tahmin edilen Hac\u0131 Mehmed-o\u011flu Abd\u00fclahad Efendi\u2019ye uzan\u0131r. 18. y\u00fczy\u0131lda Abd\u00fclahad A\u011fa ve Kurd Osman karde\u015fler aileyi b\u00fcy\u00fcterek mahall\u00ee \u00f6l\u00e7ekte bir \u201ch\u00e2nedana\u201d d\u00f6n\u00fc\u015ft\u00fcrd\u00fcler. Onlar\u0131n nesillerinden, devletin ink\u0131raz devrine \u015fahit olmu\u015f son Ag\u0306alar\u2019a kadar bu h\u00e2nedan\u0131n y\u00fckseli\u015f, g\u00fc\u00e7leni\u015f ve da\u011f\u0131l\u0131\u015f a\u015famalar\u0131 \u201c\u00e2yanlar \u00e7a\u011f\u0131\u201dn\u0131 \u015fa\u015f\u0131rt\u0131c\u0131 ve\u00e7heleriyle ayd\u0131nlatan ayr\u0131nt\u0131lar bar\u0131nd\u0131rmakta. Feodal say\u0131labilecek toplumsal ba\u011flar\u0131n g\u00fc\u00e7l\u00fc oldu\u011fu bu T\u00fcrkmen ailesinin zaman\u0131n ruhuna boyanm\u0131\u015f ser\u00fcveni, sahan\u0131n uzmanlar\u0131 kadar tarih merakl\u0131lar\u0131n\u0131n da dikkatini hak ediyor.A\u011falar, Konya Alada\u011f\u2019da \u00c2yan Bir T\u00fcrkmen Ailesinin Tarihi, yerel se\u00e7kinlerin taltiften cinayete, stratejik ittifak ve servet birikiminden yarg\u0131lama ve idama uzanan ini\u015fli \u00e7\u0131k\u0131\u015fl\u0131 hik\u00e2yesi, Osmanl\u0131 ta\u015fras\u0131nda sosyal hayat\u0131n titizlikle i\u015flenmi\u015f bir anatomisi.<\/p>\n","protected":false},"excerpt":{"rendered":"<p>\u201c\u0130hti\u015faml\u0131 bir mazi\u201d idealinin ula\u015ft\u0131rd\u0131\u011f\u0131 k\u00f6ken aray\u0131\u015f\u0131 ve atalar\u0131n \u201cb\u00fcy\u00fcleyici\u201d hik\u00e2yesine duyulan merak, k\u00e2h ailev\u00ee ba\u011flar\u0131n tetikledi\u011fi, k\u00e2h hayat\u0131n zamanla tesis etti\u011fi tabii ve insan\u00ee bir<span class=\"excerpt-hellip\"> [\u2026]<\/span><\/p>\n","protected":false},"featured_media":0,"template":"","meta":{"_monsterinsights_skip_tracking":false,"_monsterinsights_sitenote_active":false,"_monsterinsights_sitenote_note":"","_monsterinsights_sitenote_category":0},"product_brand":[],"product_cat":[12304,13650],"product_tag":[],"class_list":{"0":"post-760278","1":"product","2":"type-product","3":"status-publish","5":"product_cat-tarih","6":"product_cat-turk-tarihi-arastirmalari","7":"pa_cilt-ciltsiz","8":"pa_tur-kitap","9":"pa_yayinevi-vakifbank-kultur-yayinlari","10":"pa_yazar-ensar-kose","12":"first","13":"instock","14":"sale","15":"shipping-taxable","16":"purchasable","17":"product-type-simple"},"_links":{"self":[{"href":"https:\/\/roveyayinevi.com.tr\/index.php\/wp-json\/wp\/v2\/product\/760278","targetHints":{"allow":["GET"]}}],"collection":[{"href":"https:\/\/roveyayinevi.com.tr\/index.php\/wp-json\/wp\/v2\/product"}],"about":[{"href":"https:\/\/roveyayinevi.com.tr\/index.php\/wp-json\/wp\/v2\/types\/product"}],"wp:attachment":[{"href":"https:\/\/roveyayinevi.com.tr\/index.php\/wp-json\/wp\/v2\/media?parent=760278"}],"wp:term":[{"taxonomy":"product_brand","embeddable":true,"href":"https:\/\/roveyayinevi.com.tr\/index.php\/wp-json\/wp\/v2\/product_brand?post=760278"},{"taxonomy":"product_cat","embeddable":true,"href":"https:\/\/roveyayinevi.com.tr\/index.php\/wp-json\/wp\/v2\/product_cat?post=760278"},{"taxonomy":"product_tag","embeddable":true,"href":"https:\/\/roveyayinevi.com.tr\/index.php\/wp-json\/wp\/v2\/product_tag?post=760278"}],"curies":[{"name":"wp","href":"https:\/\/api.w.org\/{rel}","templated":true}]}}