{"id":760224,"date":"2025-08-28T08:58:59","date_gmt":"2025-08-28T05:58:59","guid":{"rendered":"https:\/\/roveyayinevi.com.tr\/index.php\/urun\/kucuk-said-pasa\/"},"modified":"2026-04-16T03:13:05","modified_gmt":"2026-04-16T00:13:05","slug":"kucuk-said-pasa","status":"publish","type":"product","link":"https:\/\/roveyayinevi.com.tr\/index.php\/urun\/kucuk-said-pasa\/","title":{"rendered":"K\u00fc\u00e7\u00fck Said Pa\u015fa"},"content":{"rendered":"<p>II. Abd\u00fclhamid d\u00f6nemi yok olmakla kar\u015f\u0131 kar\u015f\u0131ya gelmi\u015f olan devletin yeniden canland\u0131r\u0131lmas\u0131 i\u00e7in \u00fcst\u00fcn gayretlere sahne oldu. Bir taraftan ge\u00e7mi\u015ften beri biriken problemler, \u00f6te yandan Devlet\u2019in g\u00fc\u00e7s\u00fczl\u00fc\u011f\u00fcnden istifade etmeye \u00e7al\u0131\u015fan bat\u0131l\u0131 devletlerin yaratt\u0131\u011f\u0131 yeni meseleler y\u00fcz\u00fcnden sultan ve ricali Tanzimat\u0131n prensipleriyle devleti ayakta tutmak i\u00e7in s\u00fcrekli yeni re\u00e7eteler pe\u015finde ko\u015ftular. Sultan Abd\u00fclaziz d\u00f6neminde Osmanl\u0131 b\u00fcrokrasisine intisap edip d\u00f6nemin tecr\u00fcbeli bir\u00e7ok devlet adam\u0131n\u0131n yan\u0131nda yeti\u015fen Said Pa\u015fa\u2019n\u0131n siyasi hayat\u0131 II. Abd\u00fclhamid\u2019in tahta ge\u00e7ti\u011fi g\u00fcn ba\u015flad\u0131. Daha \u00e7ocuk ya\u015fta girdi\u011fi kalemde, devlet i\u015flerinde tecr\u00fcbe kazanan bir yandan da Ayasofya Medresesine devam eden Pa\u015fa kendi kendine \u00f6\u011frendi\u011fi Frans\u0131zca ile Avrupa\u2019daki geli\u015fmeleri de yak\u0131ndan takip etme imk\u00e2n\u0131 buldu. Said Pa\u015fa, d\u00fc\u015f\u00fcnceleri ve ya\u015fay\u0131\u015f\u0131yla muhafazak\u00e2r bir reformcuydu. Baz\u0131 konularda gelenek\u00e7i, T\u00fcrk\u00e7\u00fc ve \u0130slamc\u0131 gibi davranan Said Pa\u015fa, geli\u015fen d\u00fcnya \u015fartlar\u0131 kar\u015f\u0131s\u0131nda sergiledi\u011fi tav\u0131rlar\u0131 ve uygulamalar\u0131yla bir reformcu olarak da kar\u015f\u0131m\u0131za \u00e7\u0131kar. Bu \u00f6zellikleriyle II. Abd\u00fclhamid\u2019in bir g\u00f6lgesi gibi \u00e7al\u0131\u015fan Said Pa\u015fa meden\u00ee ya\u015faman\u0131n temelinde e\u011fitimin yayg\u0131nla\u015ft\u0131r\u0131lmas\u0131 ve adaletin e\u015fit bir \u015fekilde da\u011f\u0131t\u0131lmas\u0131n\u0131 g\u00f6rm\u00fc\u015ft\u00fc. Ald\u0131\u011f\u0131 g\u00f6revlerde ihdas etti\u011fi pek \u00e7ok m\u00fcessese Cumhuriyet T\u00fcrkiye\u2019si kurumlar\u0131n\u0131n da esas\u0131n\u0131 te\u015fkil etmi\u015ftir. Saltanat\u0131 devlet olarak telakki ederken, sultan\u0131n yetkilerinin de s\u0131n\u0131rland\u0131r\u0131lmas\u0131n\u0131n gereklili\u011fine inanan Pa\u015fa\u2019n\u0131n anayasac\u0131l\u0131\u011f\u0131 hep tart\u0131\u015fmal\u0131 oldu. D\u00f6nemin kapal\u0131 kap\u0131lar ard\u0131ndaki \u201ckonstit\u00fcsyon\u201d mu \u201cisntit\u00fcsyon\u201d mu tart\u0131\u015fmalar\u0131nda o, t\u0131pk\u0131 II. Abd\u00fclhamid gibi ikincisinden yana olmu\u015ftur. Tarihin kendisini yarg\u0131lamas\u0131ndan korkarak, pek \u00e7ok \u00f6nemli meselede sorumluluk almaktan ka\u00e7\u0131nan veya \u00e7e\u015fitli alternatifler ileri s\u00fcrerek i\u015fin i\u00e7inden s\u0131yr\u0131lman\u0131n yollar\u0131n\u0131 arayan Said Pa\u015fa, Sultan ile zaman zaman ihtilafa d\u00fc\u015fm\u00fc\u015f ve en verimli olabilece\u011fi d\u00f6nemlerde i\u015f ba\u015f\u0131ndan uzakla\u015ft\u0131r\u0131lm\u0131\u015ft\u0131r. T\u00fcrk siyasi hayat\u0131n\u0131n bu b\u00fcy\u00fck ismi hakk\u0131nda Prof. Dr. Zekeriya Kur\u015fun\u2019un ba\u015fta Osmanl\u0131 ar\u015fiv kaynaklar\u0131 olmak \u00fczere y\u00fczlerce vesikaya dayand\u0131rarak kaleme ald\u0131\u011f\u0131, incelikle kurgulanm\u0131\u015f bu eser II. Abd\u00fclhamid devrine K\u00fc\u00e7\u00fck Said Pa\u015fa\u2019n\u0131n biyografisinden bak\u0131yor. <\/p>\n","protected":false},"excerpt":{"rendered":"<p>II. Abd\u00fclhamid d\u00f6nemi yok olmakla kar\u015f\u0131 kar\u015f\u0131ya gelmi\u015f olan devletin yeniden canland\u0131r\u0131lmas\u0131 i\u00e7in \u00fcst\u00fcn gayretlere sahne oldu. Bir taraftan ge\u00e7mi\u015ften beri biriken problemler, \u00f6te yandan Devlet\u2019in<span class=\"excerpt-hellip\"> [\u2026]<\/span><\/p>\n","protected":false},"featured_media":0,"template":"","meta":{"_monsterinsights_skip_tracking":false,"_monsterinsights_sitenote_active":false,"_monsterinsights_sitenote_note":"","_monsterinsights_sitenote_category":0},"product_brand":[],"product_cat":[13946,12304],"product_tag":[],"class_list":{"0":"post-760224","1":"product","2":"type-product","3":"status-publish","5":"product_cat-biyografi-otobiyografi","6":"product_cat-tarih","7":"pa_cilt-ciltsiz","8":"pa_tur-kitap","9":"pa_yayinevi-vakifbank-kultur-yayinlari","10":"pa_yazar-zekeriya-kursun","12":"first","13":"instock","14":"sale","15":"shipping-taxable","16":"purchasable","17":"product-type-simple"},"_links":{"self":[{"href":"https:\/\/roveyayinevi.com.tr\/index.php\/wp-json\/wp\/v2\/product\/760224","targetHints":{"allow":["GET"]}}],"collection":[{"href":"https:\/\/roveyayinevi.com.tr\/index.php\/wp-json\/wp\/v2\/product"}],"about":[{"href":"https:\/\/roveyayinevi.com.tr\/index.php\/wp-json\/wp\/v2\/types\/product"}],"wp:attachment":[{"href":"https:\/\/roveyayinevi.com.tr\/index.php\/wp-json\/wp\/v2\/media?parent=760224"}],"wp:term":[{"taxonomy":"product_brand","embeddable":true,"href":"https:\/\/roveyayinevi.com.tr\/index.php\/wp-json\/wp\/v2\/product_brand?post=760224"},{"taxonomy":"product_cat","embeddable":true,"href":"https:\/\/roveyayinevi.com.tr\/index.php\/wp-json\/wp\/v2\/product_cat?post=760224"},{"taxonomy":"product_tag","embeddable":true,"href":"https:\/\/roveyayinevi.com.tr\/index.php\/wp-json\/wp\/v2\/product_tag?post=760224"}],"curies":[{"name":"wp","href":"https:\/\/api.w.org\/{rel}","templated":true}]}}