{"id":760206,"date":"2025-08-28T08:58:30","date_gmt":"2025-08-28T05:58:30","guid":{"rendered":"https:\/\/roveyayinevi.com.tr\/index.php\/urun\/sah-abbas\/"},"modified":"2026-04-16T03:13:05","modified_gmt":"2026-04-16T00:13:05","slug":"sah-abbas","status":"publish","type":"product","link":"https:\/\/roveyayinevi.com.tr\/index.php\/urun\/sah-abbas\/","title":{"rendered":"\u015eah Abbas"},"content":{"rendered":"<p>Safev\u00ee \u0130mparatorlu\u011funun alt\u0131n \u00e7a\u011f\u0131n\u0131 ya\u015fatan h\u00fck\u00fcmdar \u015eah Abbas olsa gerek. B\u00fcy\u00fck dedesi \u015eah \u0130smail\u2019in temellerini att\u0131\u011f\u0131 devleti, erken modern d\u00f6nemin b\u00fcy\u00fck bir imparatorlu\u011fu haline getiren \u015eah Abbas\u2019\u0131n hayat\u0131, 16 ve 17. y\u00fczy\u0131llar \u0130ran tarihinin adeta bir \u00f6z\u00fc gibi. Cihan\u0131n Yar\u0131s\u0131 kabul edilen Isfahan\u2019\u0131n ba\u015ftan in\u015fas\u0131, yeni ve korunakl\u0131 bir ba\u015fkent haline getirilmesi, \u015eah\u2019\u0131n Noktav\u00ee dervi\u015fleri ile ili\u015fkisi, On iki \u0130mam \u015eiili\u011finin resm\u00ee din haline getirilmesi gibi bir\u00e7ok farkl\u0131 tema bu k\u00fc\u00e7\u00fck cilde ustal\u0131kla s\u0131\u011fd\u0131r\u0131lm\u0131\u015f. Erdebil\u2019de bir tarikat \u015feyhinin soyundan gelen \u015eah Abbas\u2019\u0131n Isfahan\u2019dan Me\u015fhed\u2019e yal\u0131n ayak y\u00fcr\u00fcmesi, m\u00fcneccimba\u015f\u0131s\u0131n\u0131n tavsiyelerine uymas\u0131 gibi ayr\u0131nt\u0131lar, onun hayat\u0131n\u0131 renklendiren unsurlar aras\u0131nda. Bat\u0131\u2019da Osmanl\u0131 cephesinden, do\u011fuda \u00d6zbek cephesine, Bab\u00fcr \u015fahlar\u0131 ile dostluktan, Avrupal\u0131 misyonerlerle din tart\u0131\u015fmalar\u0131na kadar geni\u015f bir yelpazede \u015eah Abbas\u2019\u0131n s\u00fcr\u00fckleyici hayat\u0131n\u0131 bir solukta okuyacaks\u0131n\u0131z.<\/p>\n","protected":false},"excerpt":{"rendered":"<p>Safev\u00ee \u0130mparatorlu\u011funun alt\u0131n \u00e7a\u011f\u0131n\u0131 ya\u015fatan h\u00fck\u00fcmdar \u015eah Abbas olsa gerek. B\u00fcy\u00fck dedesi \u015eah \u0130smail\u2019in temellerini att\u0131\u011f\u0131 devleti, erken modern d\u00f6nemin b\u00fcy\u00fck bir imparatorlu\u011fu haline getiren \u015eah<span class=\"excerpt-hellip\"> [\u2026]<\/span><\/p>\n","protected":false},"featured_media":0,"template":"","meta":{"_monsterinsights_skip_tracking":false,"_monsterinsights_sitenote_active":false,"_monsterinsights_sitenote_note":"","_monsterinsights_sitenote_category":0},"product_brand":[],"product_cat":[13946,12304],"product_tag":[],"class_list":{"0":"post-760206","1":"product","2":"type-product","3":"status-publish","5":"product_cat-biyografi-otobiyografi","6":"product_cat-tarih","7":"pa_cilt-ciltsiz","8":"pa_tur-kitap","9":"pa_yayinevi-vakifbank-kultur-yayinlari","10":"pa_yazar-sholeh-quinn","12":"first","13":"instock","14":"sale","15":"shipping-taxable","16":"purchasable","17":"product-type-simple"},"_links":{"self":[{"href":"https:\/\/roveyayinevi.com.tr\/index.php\/wp-json\/wp\/v2\/product\/760206","targetHints":{"allow":["GET"]}}],"collection":[{"href":"https:\/\/roveyayinevi.com.tr\/index.php\/wp-json\/wp\/v2\/product"}],"about":[{"href":"https:\/\/roveyayinevi.com.tr\/index.php\/wp-json\/wp\/v2\/types\/product"}],"wp:attachment":[{"href":"https:\/\/roveyayinevi.com.tr\/index.php\/wp-json\/wp\/v2\/media?parent=760206"}],"wp:term":[{"taxonomy":"product_brand","embeddable":true,"href":"https:\/\/roveyayinevi.com.tr\/index.php\/wp-json\/wp\/v2\/product_brand?post=760206"},{"taxonomy":"product_cat","embeddable":true,"href":"https:\/\/roveyayinevi.com.tr\/index.php\/wp-json\/wp\/v2\/product_cat?post=760206"},{"taxonomy":"product_tag","embeddable":true,"href":"https:\/\/roveyayinevi.com.tr\/index.php\/wp-json\/wp\/v2\/product_tag?post=760206"}],"curies":[{"name":"wp","href":"https:\/\/api.w.org\/{rel}","templated":true}]}}