{"id":760164,"date":"2025-08-28T08:57:15","date_gmt":"2025-08-28T05:57:15","guid":{"rendered":"https:\/\/roveyayinevi.com.tr\/index.php\/urun\/copten-topraga-bir-kompost-hikayesi-ciltli\/"},"modified":"2026-04-16T03:13:04","modified_gmt":"2026-04-16T00:13:04","slug":"copten-topraga-bir-kompost-hikayesi-ciltli","status":"publish","type":"product","link":"https:\/\/roveyayinevi.com.tr\/index.php\/urun\/copten-topraga-bir-kompost-hikayesi-ciltli\/","title":{"rendered":"\u00c7\u00f6pten Topra\u011fa Bir Kompost Hikayesi (Ciltli)"},"content":{"rendered":"<p>\u00c7\u00d6PLER\u0130M\u0130Z\u0130 D\u00d6N\u00dc\u015eT\u00dcR\u00dcYORUZ! \u201c\u015eehir hayat\u0131nda \u00e7\u00f6plerimizle ne yapaca\u011f\u0131z?\u201d sorusuna Kokopelli \u015eehirde ekibi ile verecek bir cevab\u0131m\u0131z var: KOMPOST! \u00c7a\u011flar \u00f6ncesine dayanan bir uygulama olan kompostun  temel mant\u0131\u011f\u0131, ya\u015fam\u0131n ve topra\u011f\u0131n i\u015fleyi\u015fini anlamaktan  ve onu taklit etmekten ge\u00e7iyor.  Bu kitab\u0131 rehber edinip i\u015fe ba\u015flayabilirsiniz.  G\u00f6receksiniz, \u00e7\u00f6pten kompost yapmak asl\u0131nda \u00e7ok basit. Topra\u011f\u0131 onarmak ve sa\u011fl\u0131kl\u0131 beslenmek i\u00e7in: YA\u015eASIN KOMPOST! \u00c7\u00f6pten Topra\u011fa Bir Kompost Hik\u00e2yesi okullarda  ve evlerimizde, kendine yeten bah\u00e7eler kurmak i\u00e7in  farkl\u0131 y\u00f6ntemlere yer veren ve \u00e7ocuklar\u0131n yeti\u015fkinlerle birlikte kompost yapmay\u0131 \u00f6\u011frendi\u011fi dopdolu bir kitap!  Yazar Hakk\u0131nda: Yasemin K\u0131rka\u011fa\u00e7l\u0131o\u011flu Ko\u00e7 \u00dcniversitesi \u0130\u015fletme B\u00f6l\u00fcm\u00fc mezunu olan yazar, 10 y\u0131la yak\u0131n s\u00fcreyle dan\u0131\u015fmanl\u0131k ve strateji y\u00f6netimi alan\u0131nda \u00e7al\u0131\u015ft\u0131. Can ve Ela\u2019n\u0131n do\u011fumuyla birlikte sa\u011fl\u0131kl\u0131 g\u0131daya eri\u015fim konular\u0131na daha fazla kafa yormaya ba\u015flad\u0131 ve bu s\u0131rada permak\u00fclt\u00fcrle tan\u0131\u015ft\u0131. 2017\u2019de Permak\u00fclt\u00fcr Tasar\u0131m Sertifikas\u0131\u2019n\u0131 ald\u0131. Ayn\u0131 y\u0131l, Elif \u00c7at\u0131kka\u015f\u2019la birlikte \u015fehirde ekolojik ya\u015fam ve g\u0131da yeti\u015ftiricili\u011fi \u00fczerine birey, okul ve \u015firketler i\u00e7in e\u011fitim, tasar\u0131m ve uygulama dan\u0131\u015fmanl\u0131\u011f\u0131 sunan Kokopelli \u015eehirde\u2019yi kurdu. 2019\u2019da \u201cPermak\u00fclt\u00fcr Tasar\u0131m Sertifikas\u0131 E\u011fitmen E\u011fitimi\u201d, \u201c\u00c7ocuklar Permak\u00fclt\u00fcr\u00fcn \u0130\u00e7inde\u201d ve \u0130sve\u00e7 \u201cRidgedale Permaculture\u201d \u00e7iftli\u011finde k\u00fc\u00e7\u00fck \u00e7ift\u00e7ilik e\u011fitimlerini ald\u0131. Att\u0131\u011f\u0131m\u0131z bireysel ad\u0131mlar\u0131n kurdu\u011fumuz ba\u011flarla birlikte bir de\u011fi\u015fim ba\u015flatabilece\u011fine inan\u0131yor ve bunun i\u00e7in \u00e7al\u0131\u015fmalar y\u00fcr\u00fct\u00fcyor. Ya\u015fam \u0130\u00e7in Toprak Derne\u011fi kurucu \u00fcyesi olarak okullarda, kendine yeten bah\u00e7eler kurulmas\u0131 i\u00e7in \u00e7ocuklarla ve \u00f6\u011fretmenlerle birlikte yolculu\u011funa devam ediyor. Elif \u00c7at\u0131kka\u015f 2006 y\u0131l\u0131nda Ko\u00e7 \u00dcniversitesi Bilgisayar M\u00fchendisli\u011fi B\u00f6l\u00fcm\u00fc\u2019nden mezun olan yazar, 10 y\u0131ldan fazla bankac\u0131l\u0131k sekt\u00f6r\u00fcnde bilgi teknolojileri alan\u0131nda \u00e7al\u0131\u015ft\u0131. 2016 y\u0131l\u0131nda bir yuvan\u0131n bah\u00e7esine yapt\u0131\u011f\u0131 kerpi\u00e7 f\u0131r\u0131ndan ilham alarak, do\u011fal yap\u0131lar konusunu ara\u015ft\u0131rmaya ba\u015flad\u0131. 2018 y\u0131l\u0131nda Permak\u00fclt\u00fcr Tasar\u0131m Sertifikas\u0131\u2019n\u0131 ald\u0131ktan sonra Savory Network\u2019te \u201cB\u00fct\u00fcnc\u00fcl Y\u00f6netim\u201d e\u011fitimini tamamlad\u0131. Ayn\u0131 y\u0131l, \u0130stanbul Nezahat G\u00f6kyi\u011fit Botanik Bah\u00e7esi \u201cUygulamal\u0131 Bah\u00e7\u0131vanl\u0131k\u201d sertifika program\u0131n\u0131 bitirdi. \u201cPermak\u00fclt\u00fcr Tasar\u0131m Sertifikas\u0131 E\u011fitmen E\u011fitimi\u201d ve \u201c\u00c7ocuklar Permak\u00fclt\u00fcr\u00fcn \u0130\u00e7inde\u201d e\u011fitimlerini tamamlad\u0131. K\u0131rsalda ekolojik mimari ve do\u011fal yap\u0131lar \u00fczerinde ara\u015ft\u0131rmalar\u0131n\u0131 deneyimleme imk\u00e2n\u0131 buldu. Gelenekle gelece\u011fi birle\u015ftirme fikrini, babaannesinin el yordam\u0131yla uygulad\u0131\u011f\u0131 s\u00fcrd\u00fcr\u00fclebilirlik ilkelerinin ilham\u0131yla geli\u015ftirdi. Bilgi \u00dcniversitesi\u2019nde k\u00fclt\u00fcrel incelemeler alan\u0131nda tamamlad\u0131\u011f\u0131 y\u00fcksek lisans e\u011fitimiyle pratik bilgileriyle teorik altyap\u0131s\u0131n\u0131 harmanlama f\u0131rsat\u0131 buldu. Kerem\u2019in annesi, Kokopelli \u015eehirde\u2019nin e\u015f kurucusu, Ya\u015fam \u0130\u00e7in Toprak Derne\u011fi\u2019nin de kurucu \u00fcyesidir. Ay\u015fe Soylu Delier Y\u0131ld\u0131z Teknik \u00dcniversitesi, Frans\u0131zca M\u00fctercim-Terc\u00fcmanl\u0131k B\u00f6l\u00fcm\u00fc\u2019nden mezun olduktan sonra Marmara \u00dcniversitesi\u2019nden Pedagojik Formasyon Sertifikas\u0131\u2019n\u0131 ald\u0131 ve Frans\u0131zca \u00f6\u011fretmeni olarak \u00e7al\u0131\u015fmaya ba\u015flad\u0131. \u00c7al\u0131\u015fmalar\u0131 s\u0131ras\u0131nda alternatif pedagojilere olan ilgisi giderek artt\u0131. \u00d6zellikle demokratik okullar, do\u011fa pedagojisi ve Reggio Emilia Modeli\u2019nden ilham alan e\u011fitimlere y\u00f6neldi ve \u00e7ocuklarla y\u00fcr\u00fctt\u00fc\u011f\u00fc \u00e7al\u0131\u015fmalar\u0131nda bu y\u00f6ntemleri uygulamaya ba\u015flad\u0131. Yeni alanlar\u0131 ke\u015ffetmesini sa\u011flayan \u00e7al\u0131\u015fmalar\u0131 sayesinde permak\u00fclt\u00fcrle tan\u0131\u015ft\u0131. \u00c7ocuklar\u0131n do\u011faya ve gezegenimize olan bitmeyen meraklar\u0131n\u0131n pe\u015finden onlarla birlikte gitmek ve ara\u015ft\u0131rmalar yapmak i\u00e7in e\u011fitim alan\u0131ndaki deneyimlerini permak\u00fclt\u00fcr alan\u0131na y\u00f6neltmeye karar verdi. Bu ama\u00e7la 2020 y\u0131l\u0131ndan beri Kokopelli \u015eehirde ekibiyle birlikte \u00e7al\u0131\u015fmaktad\u0131r.     <\/p>\n","protected":false},"excerpt":{"rendered":"<p>\u00c7\u00d6PLER\u0130M\u0130Z\u0130 D\u00d6N\u00dc\u015eT\u00dcR\u00dcYORUZ! \u201c\u015eehir hayat\u0131nda \u00e7\u00f6plerimizle ne yapaca\u011f\u0131z?\u201d sorusuna Kokopelli \u015eehirde ekibi ile verecek bir cevab\u0131m\u0131z var: KOMPOST! \u00c7a\u011flar \u00f6ncesine dayanan bir uygulama olan kompostun temel mant\u0131\u011f\u0131,<span class=\"excerpt-hellip\"> [\u2026]<\/span><\/p>\n","protected":false},"featured_media":0,"template":"","meta":{"_monsterinsights_skip_tracking":false,"_monsterinsights_sitenote_active":false,"_monsterinsights_sitenote_note":"","_monsterinsights_sitenote_category":0},"product_brand":[],"product_cat":[12274,12284],"product_tag":[],"class_list":{"0":"post-760164","1":"product","2":"type-product","3":"status-publish","5":"product_cat-cocuk-ve-genclik-kitaplari","6":"product_cat-hikayeler","7":"pa_cilt-ciltli","8":"pa_tur-kitap","9":"pa_yayinevi-vakifbank-kultur-yayinlari","10":"pa_yazar-elif-catikkas-yasemin-kirkagaclioglu-ayse-soylu-delier","12":"first","13":"instock","14":"sale","15":"shipping-taxable","16":"purchasable","17":"product-type-simple"},"_links":{"self":[{"href":"https:\/\/roveyayinevi.com.tr\/index.php\/wp-json\/wp\/v2\/product\/760164","targetHints":{"allow":["GET"]}}],"collection":[{"href":"https:\/\/roveyayinevi.com.tr\/index.php\/wp-json\/wp\/v2\/product"}],"about":[{"href":"https:\/\/roveyayinevi.com.tr\/index.php\/wp-json\/wp\/v2\/types\/product"}],"wp:attachment":[{"href":"https:\/\/roveyayinevi.com.tr\/index.php\/wp-json\/wp\/v2\/media?parent=760164"}],"wp:term":[{"taxonomy":"product_brand","embeddable":true,"href":"https:\/\/roveyayinevi.com.tr\/index.php\/wp-json\/wp\/v2\/product_brand?post=760164"},{"taxonomy":"product_cat","embeddable":true,"href":"https:\/\/roveyayinevi.com.tr\/index.php\/wp-json\/wp\/v2\/product_cat?post=760164"},{"taxonomy":"product_tag","embeddable":true,"href":"https:\/\/roveyayinevi.com.tr\/index.php\/wp-json\/wp\/v2\/product_tag?post=760164"}],"curies":[{"name":"wp","href":"https:\/\/api.w.org\/{rel}","templated":true}]}}