{"id":760101,"date":"2025-08-28T08:55:14","date_gmt":"2025-08-28T05:55:14","guid":{"rendered":"https:\/\/roveyayinevi.com.tr\/index.php\/urun\/demokratlar-ve-halkcilar-1950-1954\/"},"modified":"2026-04-16T03:13:02","modified_gmt":"2026-04-16T00:13:02","slug":"demokratlar-ve-halkcilar-1950-1954","status":"publish","type":"product","link":"https:\/\/roveyayinevi.com.tr\/index.php\/urun\/demokratlar-ve-halkcilar-1950-1954\/","title":{"rendered":"Demokratlar ve Halk\u00e7\u0131lar (1950-1954)"},"content":{"rendered":"<p>Cemil Ko\u00e7ak, yak\u0131n t\u00e2rih alan\u0131nda yapt\u0131\u011f\u0131 arkeolojik kaz\u0131larla resm\u00ee t\u00e2rihi ve onun nas\u0131l olu\u015fturuldu\u011funu a\u00e7\u0131klayarak, unutulanlar\u0131 hat\u0131rlat\u0131yor ve ge\u00e7mi\u015fimizle y\u00fczle\u015fmemizi sa\u011fl\u0131yor. Yak\u0131n t\u00e2rihimizle y\u00fczle\u015fti\u011fimizde ise ge\u00e7mi\u015fin resm\u00ee t\u00e2rih arac\u0131l\u0131\u011f\u0131yla h\u00e2f\u0131zalar\u0131m\u0131zdan nas\u0131l silinmeye \u00e7al\u0131\u015f\u0131ld\u0131\u011f\u0131n\u0131 meydana \u00e7\u0131kar\u0131yor. Ko\u00e7ak, bu \u00e7al\u0131\u015fmas\u0131nda gen\u00e7 T\u00fcrkiye Cumhuriyeti\u2019nin demokrasiyle imtihan\u0131 olan Demokrat Parti d\u00f6nemini mercek alt\u0131na al\u0131yor.\u00b7         Demokrat Parti\u2019nin t\u00e2rihyaz\u0131m\u0131m\u0131zdaki yeri&#8230; Bu d\u00f6nemi hangi kalemler nas\u0131l yazd\u0131?\u00b7         Demokrat Parti\u2019nin iktid\u00e2ra ge\u00e7ti\u011fi 14 May\u0131s 1950 gecesinden sonra neler ya\u015fand\u0131?\u00b7         Kendisi de bu sonucu \u00e7ok beklemedi\u011fini sonradan itiraf eden \u201cyeni iktid\u00e2r\u201d\u0131n, y\u00e2ni Demokrat Parti\u2019nin \u015fekillenme s\u00fcrecinin ayr\u0131nt\u0131lar\u0131\u2026\u00b7         Peki Demokrat Parti iktid\u00e2ra gelmeye haz\u0131r m\u0131yd\u0131?\u00b7         Siy\u00e2s\u00ee literat\u00fcrdeki Bayar-Menderes ili\u015fkisi \u2018meselesi\u2019nin t\u00fcm ayr\u0131nt\u0131lar\u0131\u2026\u00b7         Bir g\u00fcn bile devlet hizmetinde yer almayan Adnan Menderes\u2019in bu hizmetlerin en y\u00fcksek sorumluluk noktas\u0131nda bulunmas\u0131 onu nas\u0131l etkiledi?\u00b7         Demokrat Parti\u2019nin Ba\u015fbakan\u0131 olarak Adnan Menderes\u2026\u00b7         Rakamlarla Demokrat Parti\u2019nin se\u00e7im vaadleri ve sonu\u00e7lar\u0131\u2026\u00b7         Halkevleri kapat\u0131ld\u0131 m\u0131 ger\u00e7ekten? Halkevleri meselesi ve ard\u0131nda yatanlar\u2026\u00b7         Demokrat Parti iktid\u00e2r\u0131n\u0131n milliyet\u00e7i-muhafazak\u00e2r-\u0130sl\u00e2mc\u0131 ve bu eksendeki gruplar a\u00e7\u0131s\u0131ndan bir \u2018cennet\u2019 oldu\u011fu d\u00fc\u015f\u00fcncesi ne kadar do\u011fruydu?Cemil Ko\u00e7ak, Demokrat Parti Meclis Grubu zab\u0131tlar\u0131n\u0131 ilk kez b\u00fct\u00fcn\u00fcyle ele ald\u0131\u011f\u0131 Demokrat Parti \u0130ktid\u00e2r\u0131 (1950-1960) \u00fcst ba\u015fl\u0131kl\u0131 serisinin ilk kitab\u0131 Demokratlar ve Halk\u00e7\u0131lar (1950-1954)&#8217;te \u00f6ncelikle iktid\u00e2r\u0131 ele al\u0131yor; ard\u0131ndan da muhalefeti; y\u00e2ni hem CHP\u2019yi, hem Millet Partisi\u2019ni (MP) ve hem de T\u00fcrkiye K\u00f6yl\u00fc Partisi\u2019ni (TKP)&#8230; Yazar\u0131n as\u0131l amac\u0131, iktid\u00e2rla muhalifleri aras\u0131ndaki \u201c\u00e7at\u0131\u015fmalar\u201d\u0131 bir b\u00fct\u00fcnl\u00fck i\u00e7inde yans\u0131tmaya \u00e7al\u0131\u015f\u0131rken siy\u00e2s\u00ee anla\u015fmazl\u0131klar\u0131n kar\u015f\u0131l\u0131kl\u0131 etkilerini ve tepkilerini ayn\u0131 b\u00fct\u00fcnsellik i\u00e7inde g\u00f6sterebilmektir. Bu bak\u0131mdan zaman zaman ve belki de s\u0131k s\u0131k kronolojik t\u00e2rih anlat\u0131m\u0131ndan ayr\u0131l\u0131yor; aksine, tematik bir b\u00fct\u00fcnl\u00fc\u011f\u00fcn olu\u015fmas\u0131na gayret ediyor. Temalar\u0131n ve kronolojinin sarmal\u0131 i\u00e7inde kal\u0131rken; d\u00f6nemin \u201cruh\u201dunu aktarmay\u0131 arzu ediyor asl\u0131nda&#8230;<\/p>\n","protected":false},"excerpt":{"rendered":"<p>Cemil Ko\u00e7ak, yak\u0131n t\u00e2rih alan\u0131nda yapt\u0131\u011f\u0131 arkeolojik kaz\u0131larla resm\u00ee t\u00e2rihi ve onun nas\u0131l olu\u015fturuldu\u011funu a\u00e7\u0131klayarak, unutulanlar\u0131 hat\u0131rlat\u0131yor ve ge\u00e7mi\u015fimizle y\u00fczle\u015fmemizi sa\u011fl\u0131yor. Yak\u0131n t\u00e2rihimizle y\u00fczle\u015fti\u011fimizde ise ge\u00e7mi\u015fin<span class=\"excerpt-hellip\"> [\u2026]<\/span><\/p>\n","protected":false},"featured_media":0,"template":"","meta":{"_monsterinsights_skip_tracking":false,"_monsterinsights_sitenote_active":false,"_monsterinsights_sitenote_note":"","_monsterinsights_sitenote_category":0},"product_brand":[],"product_cat":[12370,12304],"product_tag":[],"class_list":{"0":"post-760101","1":"product","2":"type-product","3":"status-publish","5":"product_cat-arastirma-inceleme","6":"product_cat-tarih","7":"pa_cilt-ciltsiz","8":"pa_tur-kitap","9":"pa_yayinevi-timas-yayinlari","10":"pa_yazar-cemil-kocak","12":"first","13":"instock","14":"sale","15":"shipping-taxable","16":"purchasable","17":"product-type-simple"},"_links":{"self":[{"href":"https:\/\/roveyayinevi.com.tr\/index.php\/wp-json\/wp\/v2\/product\/760101","targetHints":{"allow":["GET"]}}],"collection":[{"href":"https:\/\/roveyayinevi.com.tr\/index.php\/wp-json\/wp\/v2\/product"}],"about":[{"href":"https:\/\/roveyayinevi.com.tr\/index.php\/wp-json\/wp\/v2\/types\/product"}],"wp:attachment":[{"href":"https:\/\/roveyayinevi.com.tr\/index.php\/wp-json\/wp\/v2\/media?parent=760101"}],"wp:term":[{"taxonomy":"product_brand","embeddable":true,"href":"https:\/\/roveyayinevi.com.tr\/index.php\/wp-json\/wp\/v2\/product_brand?post=760101"},{"taxonomy":"product_cat","embeddable":true,"href":"https:\/\/roveyayinevi.com.tr\/index.php\/wp-json\/wp\/v2\/product_cat?post=760101"},{"taxonomy":"product_tag","embeddable":true,"href":"https:\/\/roveyayinevi.com.tr\/index.php\/wp-json\/wp\/v2\/product_tag?post=760101"}],"curies":[{"name":"wp","href":"https:\/\/api.w.org\/{rel}","templated":true}]}}