{"id":760084,"date":"2025-08-28T08:54:42","date_gmt":"2025-08-28T05:54:42","guid":{"rendered":"https:\/\/roveyayinevi.com.tr\/index.php\/urun\/churchill\/"},"modified":"2026-04-16T03:13:02","modified_gmt":"2026-04-16T00:13:02","slug":"churchill","status":"publish","type":"product","link":"https:\/\/roveyayinevi.com.tr\/index.php\/urun\/churchill\/","title":{"rendered":"Churchill"},"content":{"rendered":"<p>Kelimelerin kuvvetini erken ya\u015flarda ke\u015ffeden \u0130ngiliz devlet adam\u0131 Sir Winston Churchill (1874-1965), kendisine Nobel Edebiyat \u00d6d\u00fcl\u00fc kazand\u0131ran yaz\u0131 hayat\u0131nda ve iki ba\u015fbakanl\u0131k g\u00f6reviyle zirvesine ula\u015fan elli be\u015f y\u0131l\u0131k uzun siyasi ya\u015fam\u0131nda bu g\u00fc\u00e7ten gayet etkili bi\u00e7imde yararlanm\u0131\u015ft\u0131r. Hitler\u2019in neden olabilece\u011fi y\u0131k\u0131m\u0131 en ba\u015f\u0131ndan itibaren \u00f6ng\u00f6rm\u00fc\u015f ve d\u00fcnyan\u0131n ona kar\u015f\u0131 birle\u015fip sonunda zafere ula\u015fan b\u00fcy\u00fck bir m\u00fccadeleye girmesi i\u00e7in b\u00fct\u00fcn azmini ve kararl\u0131l\u0131\u011f\u0131n\u0131 kullanm\u0131\u015ft\u0131r. Churchill, d\u00fcnya sava\u015f tarihine de katk\u0131lar sa\u011flam\u0131\u015ft\u0131r. Havac\u0131l\u0131\u011f\u0131n ilk geli\u015fiminde rol oynam\u0131\u015f, bir sava\u015f arac\u0131 olarak tank\u0131n bug\u00fcnlere gelmesini sa\u011flayan ki\u015filer aras\u0131nda yer alm\u0131\u015ft\u0131r. U\u00e7aksavar savunma sisteminin geli\u015ftirilmesine ve hava sava\u015f\u0131n\u0131n evrimine \u00f6nc\u00fcl\u00fck etmi\u015ftir. E\u011fitimde f\u0131rsat e\u015fitli\u011fini, hapishane reformunu, i\u015fsizlik sigortas\u0131n\u0131, \u00e7al\u0131\u015fma saatlerinin k\u0131salt\u0131lmas\u0131n\u0131, ulusal bir sa\u011fl\u0131k sistemi kurulmas\u0131n\u0131, i\u015fyerlerinde \u00e7al\u0131\u015fma ko\u015fullar\u0131n\u0131n d\u00fczeltilmesini savundu\u011fu siyasi hayat\u0131nda b\u00fcy\u00fck ini\u015f \u00e7\u0131k\u0131\u015flar ya\u015fayan Churchill, belki de en b\u00fcy\u00fck yenilgisini, 1915\u2019te \u00c7anakkale\u2019de direni\u015fini k\u0131ramad\u0131\u011f\u0131 T\u00fcrk Ordusu kar\u015f\u0131s\u0131nda alm\u0131\u015f ve bu y\u00fczden bakanl\u0131ktan d\u00fc\u015fm\u00fc\u015ft\u00fcr. Ancak Churchill azimli, ileri g\u00f6r\u00fc\u015fl\u00fc, m\u00fccadeleci, ba\u011f\u0131ms\u0131z ve at\u0131lgan ki\u015fili\u011fine dayanarak yeniden aya\u011fa kalkmay\u0131 ve 20. y\u00fczy\u0131lda \u00fclkesinin kaderine damgas\u0131n\u0131 vuran lider olmay\u0131 ba\u015farm\u0131\u015f, \u00f6zellikle II. D\u00fcnya Sava\u015f\u0131 s\u0131ras\u0131nda purosu ve zafer i\u015faretiyle d\u00fcnyan\u0131n ortak haf\u0131zas\u0131na kaz\u0131nm\u0131\u015ft\u0131r. G\u00f6rkemli cenaze t\u00f6reni \u00f6ncesinde k\u0131z\u0131 Mary, halk\u0131n duygular\u0131na terc\u00fcman olarak ona \u015f\u00f6yle seslenmi\u015ftir: \u201cBir k\u0131z\u0131n, sevgi dolu, c\u00f6mert bir babaya kar\u015f\u0131 hissetti\u011fi t\u00fcm duygular\u0131n yan\u0131 s\u0131ra, erkek, kad\u0131n ve \u00e7ocuk her \u0130ngiliz\u2019in bor\u00e7lu oldu\u011fu \u015feyi, \u00f6zg\u00fcrl\u00fc\u011f\u00fc bor\u00e7luyum sana.\u201d <\/p>\n","protected":false},"excerpt":{"rendered":"<p>Kelimelerin kuvvetini erken ya\u015flarda ke\u015ffeden \u0130ngiliz devlet adam\u0131 Sir Winston Churchill (1874-1965), kendisine Nobel Edebiyat \u00d6d\u00fcl\u00fc kazand\u0131ran yaz\u0131 hayat\u0131nda ve iki ba\u015fbakanl\u0131k g\u00f6reviyle zirvesine ula\u015fan elli<span class=\"excerpt-hellip\"> [\u2026]<\/span><\/p>\n","protected":false},"featured_media":0,"template":"","meta":{"_monsterinsights_skip_tracking":false,"_monsterinsights_sitenote_active":false,"_monsterinsights_sitenote_note":"","_monsterinsights_sitenote_category":0},"product_brand":[],"product_cat":[14009,12291],"product_tag":[],"class_list":{"0":"post-760084","1":"product","2":"type-product","3":"status-publish","5":"product_cat-biyografi-otobiyografi-edebiyat","6":"product_cat-edebiyat","7":"pa_cilt-ciltsiz","8":"pa_tur-kitap","9":"pa_yayinevi-is-bankasi-kultur-yayinlari","10":"pa_yazar-martin-gilbert","12":"first","13":"instock","14":"sale","15":"shipping-taxable","16":"purchasable","17":"product-type-simple"},"_links":{"self":[{"href":"https:\/\/roveyayinevi.com.tr\/index.php\/wp-json\/wp\/v2\/product\/760084","targetHints":{"allow":["GET"]}}],"collection":[{"href":"https:\/\/roveyayinevi.com.tr\/index.php\/wp-json\/wp\/v2\/product"}],"about":[{"href":"https:\/\/roveyayinevi.com.tr\/index.php\/wp-json\/wp\/v2\/types\/product"}],"wp:attachment":[{"href":"https:\/\/roveyayinevi.com.tr\/index.php\/wp-json\/wp\/v2\/media?parent=760084"}],"wp:term":[{"taxonomy":"product_brand","embeddable":true,"href":"https:\/\/roveyayinevi.com.tr\/index.php\/wp-json\/wp\/v2\/product_brand?post=760084"},{"taxonomy":"product_cat","embeddable":true,"href":"https:\/\/roveyayinevi.com.tr\/index.php\/wp-json\/wp\/v2\/product_cat?post=760084"},{"taxonomy":"product_tag","embeddable":true,"href":"https:\/\/roveyayinevi.com.tr\/index.php\/wp-json\/wp\/v2\/product_tag?post=760084"}],"curies":[{"name":"wp","href":"https:\/\/api.w.org\/{rel}","templated":true}]}}