{"id":759991,"date":"2025-08-28T08:50:55","date_gmt":"2025-08-28T05:50:55","guid":{"rendered":"https:\/\/roveyayinevi.com.tr\/index.php\/urun\/karpatlar-satosu-4\/"},"modified":"2026-04-16T03:13:00","modified_gmt":"2026-04-16T00:13:00","slug":"karpatlar-satosu-4","status":"publish","type":"product","link":"https:\/\/roveyayinevi.com.tr\/index.php\/urun\/karpatlar-satosu-4\/","title":{"rendered":"Karpatlar \u015eatosu"},"content":{"rendered":"<p>\u201cBu fantastik de\u011fil, yaln\u0131zca romanesk bir \u00f6yk\u00fc. \u0130nan\u0131lmaz olu\u015fu g\u00f6z \u00f6n\u00fcne al\u0131nd\u0131\u011f\u0131nda, bu hik\u00e2yenin ger \u00e7ek olmad\u0131\u011f\u0131 sonucuna m\u0131 var\u0131lmal\u0131? A\u00e7\u0131k\u00e7as\u0131 bu bir hata olurdu. Her \u015feyin m\u00fcmk\u00fcn olabilece\u011fi bir zaman day\u0131z \u2013 neredeyse her \u015feyin \u00e7oktan m\u00fcmk\u00fcn oldu\u011funu bile s\u00f6ylemeye hakk\u0131m\u0131z var. \u00d6yk\u00fcm\u00fczde bug\u00fcn ger\u00e7ek bir nokta yokmu\u015f gibi g\u00f6r\u00fcnse de, gelece\u011fin \u00f6d\u00fcl\u00fc olan bilimsel kaynaklar sayesinde \u00f6yk\u00fcm\u00fcz yar\u0131n ger\u00e7ek olarak alg\u0131lanabilir ve b\u00f6ylece kimse bu \u00f6yk\u00fcy\u00fc bir efsane gibi d\u00fc\u015f\u00fcnmez.\u201d   Transilvanya\u2019daki Werst K\u00f6y\u00fc\u2019nde, terk edilmi\u015f bir \u015fatoda endi\u015fe verici olaylar ya\u015fand\u0131\u011f\u0131na dair s\u00f6ylentiler dola\u015f maktad\u0131r. Kont Franz de Telek opera sanat\u00e7\u0131s\u0131 ni\u015fanl\u0131s\u0131 La Stilla\u2019n\u0131n \u00f6l\u00fcm\u00fcn\u00fc unutabilmek i\u00e7in yolculuk etmektedir. Kont, Werst\u2019e gelir. \u015eato\u2019nun, La Stilla \u00f6l\u00fcrken kendisini lanetleyen Rodolphe de Gortz\u2019a ait oldu\u011funu \u00f6\u011frenir. Telek uzun u\u011fra\u015flar sonunda bu korkun\u00e7 \u015fatonun esrar\u0131n\u0131 ke\u015ffeder. Ancak bu ke\u015ffin bedeli a\u011f\u0131r olacakt\u0131r.   Jules Verne\u2019in tekinsiz bir diyara yakla\u015ft\u0131\u011f\u0131 Karpatlar \u015eatosu, ayn\u0131 zamanda gotik edebiyat\u0131n gizemini bilimselle\u015ftirme deneyi. Balkanlar\u2019\u0131n efsanelerle bezeli tarihinden s\u00fcz\u00fclme bir perili \u015fato ser\u00fcveni. <\/p>\n","protected":false},"excerpt":{"rendered":"<p>\u201cBu fantastik de\u011fil, yaln\u0131zca romanesk bir \u00f6yk\u00fc. \u0130nan\u0131lmaz olu\u015fu g\u00f6z \u00f6n\u00fcne al\u0131nd\u0131\u011f\u0131nda, bu hik\u00e2yenin ger \u00e7ek olmad\u0131\u011f\u0131 sonucuna m\u0131 var\u0131lmal\u0131? A\u00e7\u0131k\u00e7as\u0131 bu bir hata olurdu. Her<span class=\"excerpt-hellip\"> [\u2026]<\/span><\/p>\n","protected":false},"featured_media":0,"template":"","meta":{"_monsterinsights_skip_tracking":false,"_monsterinsights_sitenote_active":false,"_monsterinsights_sitenote_note":"","_monsterinsights_sitenote_category":0},"product_brand":[],"product_cat":[12291,14777],"product_tag":[],"class_list":{"0":"post-759991","1":"product","2":"type-product","3":"status-publish","5":"product_cat-edebiyat","6":"product_cat-fantastik","7":"pa_cilt-ciltsiz","8":"pa_tur-kitap","9":"pa_yayinevi-ithaki-yayinlari","10":"pa_yazar-jules-verne","12":"first","13":"instock","14":"sale","15":"shipping-taxable","16":"purchasable","17":"product-type-simple"},"_links":{"self":[{"href":"https:\/\/roveyayinevi.com.tr\/index.php\/wp-json\/wp\/v2\/product\/759991","targetHints":{"allow":["GET"]}}],"collection":[{"href":"https:\/\/roveyayinevi.com.tr\/index.php\/wp-json\/wp\/v2\/product"}],"about":[{"href":"https:\/\/roveyayinevi.com.tr\/index.php\/wp-json\/wp\/v2\/types\/product"}],"wp:attachment":[{"href":"https:\/\/roveyayinevi.com.tr\/index.php\/wp-json\/wp\/v2\/media?parent=759991"}],"wp:term":[{"taxonomy":"product_brand","embeddable":true,"href":"https:\/\/roveyayinevi.com.tr\/index.php\/wp-json\/wp\/v2\/product_brand?post=759991"},{"taxonomy":"product_cat","embeddable":true,"href":"https:\/\/roveyayinevi.com.tr\/index.php\/wp-json\/wp\/v2\/product_cat?post=759991"},{"taxonomy":"product_tag","embeddable":true,"href":"https:\/\/roveyayinevi.com.tr\/index.php\/wp-json\/wp\/v2\/product_tag?post=759991"}],"curies":[{"name":"wp","href":"https:\/\/api.w.org\/{rel}","templated":true}]}}