{"id":759955,"date":"2025-08-28T08:49:53","date_gmt":"2025-08-28T05:49:53","guid":{"rendered":"https:\/\/roveyayinevi.com.tr\/index.php\/urun\/harbiyeden-cepheye\/"},"modified":"2026-04-16T03:12:59","modified_gmt":"2026-04-16T00:12:59","slug":"harbiyeden-cepheye","status":"publish","type":"product","link":"https:\/\/roveyayinevi.com.tr\/index.php\/urun\/harbiyeden-cepheye\/","title":{"rendered":"Harbiye\u2019den Cephe\u2019ye"},"content":{"rendered":"<p>\u00b7         Kara Harp Okulu 1978 devresi neden \u201cK\u0131z\u0131l Devre\u201d olarak biliniyor? \u00b7         D\u00f6nemin Genelkurmay Ba\u015fkan\u0131 Semih Sancar, K\u0131z\u0131l Devre\u2019yi neden toptan atmak istedi? \u00b7         \u201cTe\u011fmen oluyorsunuz ama y\u00fczba\u015f\u0131 olamayacaks\u0131n\u0131z.\u201d s\u00f6zleri ne anlama geliyordu? \u00b7         \u201c12 Eyl\u00fcl darbesini kimin \u00e7ocuklar\u0131 yapt\u0131?\u201d \u00b7         Darbeden sonra T\u00fcrk Silahl\u0131 Kuvvetleri\u2019nde nas\u0131l bir tasfiye yap\u0131ld\u0131? \u00b7         Tasfiye edilen solcu askerler nas\u0131l bir sorgudan ge\u00e7irildiler? \u00b7         San\u0131klar\u0131 askerlerden olu\u015fan THKP\/C \u00dc\u00e7\u00fcnc\u00fc Yol davas\u0131 neden a\u00e7\u0131ld\u0131? \u00b7         Kenan Evren, \u201cOnlara hain demeyi bile az bulurum.\u201d diyerek \u00dc\u00e7\u00fcnc\u00fc Yol davas\u0131 san\u0131\u011f\u0131 askerleri neden hedef g\u00f6sterdi? \u00b7         S\u0131k\u0131y\u00f6netim mahkemesinde neler ya\u015fand\u0131, tutuklular tektip elbiseyi ni\u00e7in y\u0131rt\u0131p att\u0131lar? \u00b7         Mahkemede nas\u0131l bir savunma yap\u0131ld\u0131? \u00b7         \u00dcste\u011fmen Rahmi Y\u0131ld\u0131r\u0131m Kenan Evren\u2019e neden \u201cHainlik bizde kals\u0131n!\u201d diye seslendi? \u00b7         \u00dcste\u011fmen Rahmi Y\u0131ld\u0131r\u0131m 2012 y\u0131l\u0131nda a\u00e7\u0131lan darbe davas\u0131nda Kenan Evren ile y\u00fczle\u015firken hangi sorular\u0131 sordu? \u00b7         Subaylar karde\u015f, \u00fcstsubaylar arkada\u015f, generaller d\u00fc\u015fman m\u0131d\u0131r?                            \u0130yi okumalar diliyoruz\u2026                                              <\/p>\n","protected":false},"excerpt":{"rendered":"<p>\u00b7 Kara Harp Okulu 1978 devresi neden \u201cK\u0131z\u0131l Devre\u201d olarak biliniyor? \u00b7 D\u00f6nemin Genelkurmay Ba\u015fkan\u0131 Semih Sancar, K\u0131z\u0131l Devre\u2019yi neden toptan atmak istedi? \u00b7 \u201cTe\u011fmen oluyorsunuz<span class=\"excerpt-hellip\"> [\u2026]<\/span><\/p>\n","protected":false},"featured_media":0,"template":"","meta":{"_monsterinsights_skip_tracking":false,"_monsterinsights_sitenote_active":false,"_monsterinsights_sitenote_note":"","_monsterinsights_sitenote_category":0},"product_brand":[],"product_cat":[12337],"product_tag":[],"class_list":{"0":"post-759955","1":"product","2":"type-product","3":"status-publish","5":"product_cat-politika-siyaset","6":"pa_cilt-ciltsiz","7":"pa_tur-kitap","8":"pa_yayinevi-galeati-yayincilik","9":"pa_yazar-rahmi-yildirim","11":"first","12":"instock","13":"sale","14":"shipping-taxable","15":"purchasable","16":"product-type-simple"},"_links":{"self":[{"href":"https:\/\/roveyayinevi.com.tr\/index.php\/wp-json\/wp\/v2\/product\/759955","targetHints":{"allow":["GET"]}}],"collection":[{"href":"https:\/\/roveyayinevi.com.tr\/index.php\/wp-json\/wp\/v2\/product"}],"about":[{"href":"https:\/\/roveyayinevi.com.tr\/index.php\/wp-json\/wp\/v2\/types\/product"}],"wp:attachment":[{"href":"https:\/\/roveyayinevi.com.tr\/index.php\/wp-json\/wp\/v2\/media?parent=759955"}],"wp:term":[{"taxonomy":"product_brand","embeddable":true,"href":"https:\/\/roveyayinevi.com.tr\/index.php\/wp-json\/wp\/v2\/product_brand?post=759955"},{"taxonomy":"product_cat","embeddable":true,"href":"https:\/\/roveyayinevi.com.tr\/index.php\/wp-json\/wp\/v2\/product_cat?post=759955"},{"taxonomy":"product_tag","embeddable":true,"href":"https:\/\/roveyayinevi.com.tr\/index.php\/wp-json\/wp\/v2\/product_tag?post=759955"}],"curies":[{"name":"wp","href":"https:\/\/api.w.org\/{rel}","templated":true}]}}