{"id":759520,"date":"2025-08-28T08:37:23","date_gmt":"2025-08-28T05:37:23","guid":{"rendered":"https:\/\/roveyayinevi.com.tr\/index.php\/urun\/yenilenme-nedir\/"},"modified":"2026-04-16T03:12:34","modified_gmt":"2026-04-16T00:12:34","slug":"yenilenme-nedir","status":"publish","type":"product","link":"https:\/\/roveyayinevi.com.tr\/index.php\/urun\/yenilenme-nedir\/","title":{"rendered":"Yenilenme Nedir?"},"content":{"rendered":"<p>Yunan tanr\u0131lar\u0131, ate\u015fi \u00e7ald\u0131\u011f\u0131 i\u00e7in Prometheus\u2019u bir kayaya zincirledi; bir kartal her g\u00fcn ci\u011ferini didikliyor ve ci\u011feri her gece yenileniyordu. Prometheus mitolojik bir kahraman olsa da, bilim insanlar\u0131 bug\u00fcn antik Yunanlar\u0131n insan ci\u011ferinin ger\u00e7ekten de \u00f6zel bir yenilenme yetisi oldu\u011funu bilip bilmediklerini sorguluyor. Kimi organlar ve dokular yenilenebilirken kimileri yenilenmez; yersolucan\u0131n\u0131 ikiye keserseniz kar\u015f\u0131n\u0131za k\u0131p\u0131r k\u0131p\u0131r iki solucan \u00e7\u0131kabilir. Hidran\u0131n ba\u015f\u0131n\u0131 keserseniz, yeni bir ba\u015f \u00e7\u0131karabilir. \u0130nsan\u0131n kolu kesildi\u011findeyse kolsuz kal\u0131r. Arada neden b\u00f6yle bir fark vard\u0131r? Yenilenme nas\u0131l, ne zaman, neden ger\u00e7ekle\u015fir ve s\u0131n\u0131rlar\u0131 nelerdir? Jane Maienschein ile Kate MacCord bu kitapta yenileyici t\u0131p, geli\u015fimsel biyoloji ile n\u00f6robiyolojinin yeni ara\u00e7lar\u0131n\u0131n ve iklim de\u011fi\u015fikli\u011finin ekosistemlerde yaratt\u0131\u011f\u0131 hasar\u0131 ivedilikle onarma gereksinimi \u0131\u015f\u0131\u011f\u0131nda bir dizi derin ve k\u0131\u015fk\u0131rt\u0131c\u0131 soru ortaya at\u0131yor: Kimi mikrobiyomlar\u0131n yenilenmesini olanakl\u0131 k\u0131larken ba\u015fkalar\u0131n\u0131 k\u0131lmayan ko\u015fullar nelerdir? Ormanlar neden yang\u0131nlar\u0131n ard\u0131ndan zaman zaman yenilenirken bazen de yenilenmez? Gezegenimiz, \u0130nsan \u00c7a\u011f\u0131 olarak adland\u0131r\u0131lan d\u00f6nemdeki iklim de\u011fi\u015fikli\u011finde yenilenip sa\u011fl\u0131\u011f\u0131na bir kez daha kavu\u015fabilir mi, yoksa k\u00fcresel ekosistemimizin sonu mu geldi? \u201cKonuya hem bilim tarihi ve felsefesi hem de pratik biyoloji a\u00e7\u0131s\u0131ndan yakla\u015fan ve mikro d\u00fczeyden makro d\u00fczeye kadar a\u00e7\u0131klama getiren yazarlar, yenilenmenin \u2018temellerini\u2019 ortaya koyuyor.\u201d \u2013The Well-Read Naturalist \u201cYeniden b\u00fcy\u00fcme s\u00fcrecini ne belirler ve neden sadece baz\u0131 dokularda, baz\u0131 t\u00fcrlerde ve sadece baz\u0131 zamanlarda ger\u00e7ekle\u015fir? Maienschein ve MacCord bunu tam olarak anlamak i\u00e7in yenilenmeyi genel olarak biyoloji d\u00fcnyas\u0131na ve neyin nerede ve ne zaman b\u00fcy\u00fcyece\u011fine, b\u00f6l\u00fcnece\u011fine ve \u00f6lece\u011fine karar veren karma\u015f\u0131k geri bildirim d\u00f6ng\u00fclerine a\u00e7\u0131lan bir pencere olarak g\u00f6rmemiz gerekti\u011fini savunuyor.\u201d \u2013Simon Ings, New Scientist \u201cSadece \u00f6\u011frenciler ve bilim insanlar\u0131 i\u00e7in de\u011fil, ayn\u0131 zamanda politikac\u0131lar ve meslekten olmayanlar i\u00e7in de ger\u00e7ekten d\u00fc\u015f\u00fcnd\u00fcr\u00fcc\u00fc bir kitap.\u201d \u2013Eric R\u00f6ttinger, Kanser ve Ya\u015flanma Ara\u015ft\u0131rma Enstit\u00fcs\u00fc, Universit\u00e9 C\u00f4te d\u2019Azur.<\/p>\n","protected":false},"excerpt":{"rendered":"<p>Yunan tanr\u0131lar\u0131, ate\u015fi \u00e7ald\u0131\u011f\u0131 i\u00e7in Prometheus\u2019u bir kayaya zincirledi; bir kartal her g\u00fcn ci\u011ferini didikliyor ve ci\u011feri her gece yenileniyordu. Prometheus mitolojik bir kahraman olsa da,<span class=\"excerpt-hellip\"> [\u2026]<\/span><\/p>\n","protected":false},"featured_media":0,"template":"","meta":{"_monsterinsights_skip_tracking":false,"_monsterinsights_sitenote_active":false,"_monsterinsights_sitenote_note":"","_monsterinsights_sitenote_category":0},"product_brand":[],"product_cat":[13005,13006],"product_tag":[],"class_list":{"0":"post-759520","1":"product","2":"type-product","3":"status-publish","5":"product_cat-bilim-muhendislik","6":"product_cat-populer-bilim","7":"pa_cilt-ciltsiz","8":"pa_tur-kitap","9":"pa_yayinevi-alfa-yayinlari","10":"pa_yazar-jane-maienschein-kate-maccord","12":"first","13":"instock","14":"sale","15":"shipping-taxable","16":"purchasable","17":"product-type-simple"},"_links":{"self":[{"href":"https:\/\/roveyayinevi.com.tr\/index.php\/wp-json\/wp\/v2\/product\/759520","targetHints":{"allow":["GET"]}}],"collection":[{"href":"https:\/\/roveyayinevi.com.tr\/index.php\/wp-json\/wp\/v2\/product"}],"about":[{"href":"https:\/\/roveyayinevi.com.tr\/index.php\/wp-json\/wp\/v2\/types\/product"}],"wp:attachment":[{"href":"https:\/\/roveyayinevi.com.tr\/index.php\/wp-json\/wp\/v2\/media?parent=759520"}],"wp:term":[{"taxonomy":"product_brand","embeddable":true,"href":"https:\/\/roveyayinevi.com.tr\/index.php\/wp-json\/wp\/v2\/product_brand?post=759520"},{"taxonomy":"product_cat","embeddable":true,"href":"https:\/\/roveyayinevi.com.tr\/index.php\/wp-json\/wp\/v2\/product_cat?post=759520"},{"taxonomy":"product_tag","embeddable":true,"href":"https:\/\/roveyayinevi.com.tr\/index.php\/wp-json\/wp\/v2\/product_tag?post=759520"}],"curies":[{"name":"wp","href":"https:\/\/api.w.org\/{rel}","templated":true}]}}