{"id":759466,"date":"2025-08-28T08:35:48","date_gmt":"2025-08-28T05:35:48","guid":{"rendered":"https:\/\/roveyayinevi.com.tr\/index.php\/urun\/hepimizin-yarasinda\/"},"modified":"2026-04-16T03:12:33","modified_gmt":"2026-04-16T00:12:33","slug":"hepimizin-yarasinda","status":"publish","type":"product","link":"https:\/\/roveyayinevi.com.tr\/index.php\/urun\/hepimizin-yarasinda\/","title":{"rendered":"Hepimizin Yaras\u0131nda"},"content":{"rendered":"<p>Y\u0131l\u0131n en k\u0131sa g\u00fcn\u00fcnde, yollar\u0131 Ankara\u2019daki bir k\u00f6\u015fkte habersizce kesi\u015fen Emsile ve Heval\u2019in \u00f6yk\u00fcs\u00fcn\u00fcn pe\u015fine d\u00fc\u015fen Hepimizin Yaras\u0131nda, yersiz yurtsuzlu\u011fa, dilsizli\u011fe, vatans\u0131zl\u0131\u011fa, \u0131rk\u00e7\u0131l\u0131\u011fa, toplum bask\u0131s\u0131na i\u00e7ten bir tan\u0131kl\u0131k. Attil\u00e2 \u015eenkon, t\u00fcm par\u00e7alar\u0131 zamanla yerine oturan bir yapboz misali kurgulad\u0131\u011f\u0131 anlat\u0131da, hangi evde, mahallede, co\u011frafyada ge\u00e7ti\u011fi fark etmeksizin ortak yaralara sahip oldu\u011fumuzu bize an\u0131msat\u0131rken, herkesi usulca kendi yaras\u0131n\u0131 d\u00fc\u015f\u00fcnmeye \u00e7a\u011f\u0131r\u0131yor.   \u201cMeknuze Dersim\u2019de ba\u015f\u0131ma gelen olay i\u00e7in Emsile\u2019yi itham ediyor h\u00e2l\u00e2. H\u00e2lbuki o yaradan benim kadar kendi de mesul. Zira dizimde bir ni\u015fan gibi ta\u015f\u0131d\u0131\u011f\u0131m yara yaln\u0131z benim de\u011fil hepimizin yaras\u0131.\u201d <\/p>\n","protected":false},"excerpt":{"rendered":"<p>Y\u0131l\u0131n en k\u0131sa g\u00fcn\u00fcnde, yollar\u0131 Ankara\u2019daki bir k\u00f6\u015fkte habersizce kesi\u015fen Emsile ve Heval\u2019in \u00f6yk\u00fcs\u00fcn\u00fcn pe\u015fine d\u00fc\u015fen Hepimizin Yaras\u0131nda, yersiz yurtsuzlu\u011fa, dilsizli\u011fe, vatans\u0131zl\u0131\u011fa, \u0131rk\u00e7\u0131l\u0131\u011fa, toplum bask\u0131s\u0131na i\u00e7ten<span class=\"excerpt-hellip\"> [\u2026]<\/span><\/p>\n","protected":false},"featured_media":0,"template":"","meta":{"_monsterinsights_skip_tracking":false,"_monsterinsights_sitenote_active":false,"_monsterinsights_sitenote_note":"","_monsterinsights_sitenote_category":0},"product_brand":[],"product_cat":[12291,12711],"product_tag":[],"class_list":{"0":"post-759466","1":"product","2":"type-product","3":"status-publish","5":"product_cat-edebiyat","6":"product_cat-roman-oyku","7":"pa_cilt-ciltsiz","8":"pa_tur-kitap","9":"pa_yayinevi-everest-yayinlari","10":"pa_yazar-attila-senkon","12":"first","13":"instock","14":"sale","15":"shipping-taxable","16":"purchasable","17":"product-type-simple"},"_links":{"self":[{"href":"https:\/\/roveyayinevi.com.tr\/index.php\/wp-json\/wp\/v2\/product\/759466","targetHints":{"allow":["GET"]}}],"collection":[{"href":"https:\/\/roveyayinevi.com.tr\/index.php\/wp-json\/wp\/v2\/product"}],"about":[{"href":"https:\/\/roveyayinevi.com.tr\/index.php\/wp-json\/wp\/v2\/types\/product"}],"wp:attachment":[{"href":"https:\/\/roveyayinevi.com.tr\/index.php\/wp-json\/wp\/v2\/media?parent=759466"}],"wp:term":[{"taxonomy":"product_brand","embeddable":true,"href":"https:\/\/roveyayinevi.com.tr\/index.php\/wp-json\/wp\/v2\/product_brand?post=759466"},{"taxonomy":"product_cat","embeddable":true,"href":"https:\/\/roveyayinevi.com.tr\/index.php\/wp-json\/wp\/v2\/product_cat?post=759466"},{"taxonomy":"product_tag","embeddable":true,"href":"https:\/\/roveyayinevi.com.tr\/index.php\/wp-json\/wp\/v2\/product_tag?post=759466"}],"curies":[{"name":"wp","href":"https:\/\/api.w.org\/{rel}","templated":true}]}}