{"id":759320,"date":"2025-08-28T08:31:15","date_gmt":"2025-08-28T05:31:15","guid":{"rendered":"https:\/\/roveyayinevi.com.tr\/index.php\/urun\/suveys-kanali-ve-osmanli-imparatorlugu\/"},"modified":"2026-04-16T03:12:30","modified_gmt":"2026-04-16T00:12:30","slug":"suveys-kanali-ve-osmanli-imparatorlugu","status":"publish","type":"product","link":"https:\/\/roveyayinevi.com.tr\/index.php\/urun\/suveys-kanali-ve-osmanli-imparatorlugu\/","title":{"rendered":"S\u00fcvey\u015f Kanal\u0131 Ve Osmanl\u0131 \u0130mparatorlu\u011fu"},"content":{"rendered":"<p>S\u00fcvey\u015f Kanal\u0131 17 Kas\u0131m 1869\u2019da Fransa \u0130mparatori\u00e7esi Eug\u00e9nie\u2019nin de kat\u0131ld\u0131\u011f\u0131 b\u00fcy\u00fck t\u00f6renlerle a\u00e7\u0131ld\u0131. 1859\u2019da ba\u015flayan ve yakla\u015f\u0131k on y\u0131l s\u00fcren yap\u0131m\u0131 hem B\u00fcy\u00fck Britanya, Fransa ve Osmanl\u0131 \u0130mparatorlu\u011fu aras\u0131nda hem de do\u011frudan M\u0131s\u0131r H\u0131divli\u011fi ile Bab\u0131\u00e2li aras\u0131nda \u00e7e\u015fitli ihtilaflar, m\u00fczakereler ve uzla\u015fmalarla \u015fekillenen uzun bir s\u00fcre\u00e7 olmu\u015ftu. Prof. Dr. Faruk Bilici\u2019nin bu \u00e7al\u0131\u015fmas\u0131n\u0131 ayn\u0131 konuda yaz\u0131lm\u0131\u015f \u00e7ok say\u0131da eserden ay\u0131ran, yazar\u0131n bug\u00fcne kadar ihmal edilmi\u015f Osmanl\u0131 kaynaklar\u0131 ve d\u00f6nemin Osmanl\u0131 bas\u0131n\u0131nda yapt\u0131\u011f\u0131 titiz ar\u015fiv \u00e7al\u0131\u015fmas\u0131d\u0131r. S\u00fcvey\u015f Kanal\u0131 ve Osmanl\u0131 \u0130mparatorlu\u011fu eksik kalm\u0131\u015f bu y\u00f6n\u00fc tamamlamakta, S\u00fcvey\u015f Kanal\u0131 projesinin ve in\u015fa s\u00fcrecinin \u0130stanbul\u2019dan ve Kahire\u2019den nas\u0131l g\u00f6r\u00fcld\u00fc\u011f\u00fcn\u00fc g\u00f6zler \u00f6n\u00fcne sermektedir. Bilici, \u201cAvrupal\u0131 alacakl\u0131lar\u0131n M\u0131s\u0131r ve Osmanl\u0131 maliyesine tamamen h\u00e2kim olmalar\u0131na kar\u015f\u0131 Osmanl\u0131 \u0130mparatorlu\u011fu\u2019nun g\u00f6sterdi\u011fi son direni\u015fi\u201d temsil etti\u011fini belirtti\u011fi S\u00fcvey\u015f Kanal\u0131 s\u00fcrecini, Bab\u0131\u00e2li, Britanya ve Fransa h\u00fck\u00fcmetleri, Avrupa\u2019daki Osmanl\u0131 sefirleri, proje sahibi ve S\u00fcvey\u015f Kanal\u0131 \u015eirketi\u2019nin kurucusu Ferdinand de Lesseps ile M\u0131s\u0131r H\u0131divi \u0130smail Pa\u015fa aras\u0131ndaki yaz\u0131\u015fmalar ve Osmanl\u0131 kaynaklar\u0131ndaki \u00e7e\u015fitli belgeler \u00fczerinden takip ederken, d\u00f6nemin Osmanl\u0131 bas\u0131n\u0131na da yer veriyor. S\u00fcvey\u015f meselesiyle Tanzimat d\u00f6neminde kar\u015f\u0131 kar\u015f\u0131ya kalan Osmanl\u0131 Devleti\u2019nin tavr\u0131n\u0131, \u00f6ncelikle h\u00fck\u00fcmranl\u0131k haklar\u0131yla ilgili kayg\u0131lar belirlemi\u015fti. Kanal\u2019\u0131n deniz ticaretine ve seyr\u00fcsefere a\u00e7\u0131lmas\u0131yla d\u00fcnya ekonomik sistemiyle b\u00fct\u00fcnle\u015fecek M\u0131s\u0131r\u2019\u0131n \u0130stanbul ile olan ba\u011flar\u0131n\u0131n gev\u015feyece\u011finden endi\u015fe ediliyordu. \u0130ki deniz aras\u0131nda seyredilebilecek yeni bir yolun a\u00e7\u0131lmas\u0131n\u0131n Bat\u0131l\u0131 g\u00fc\u00e7lere er ge\u00e7 M\u0131s\u0131r\u2019a m\u00fcdahale imk\u00e2n\u0131 tan\u0131yaca\u011f\u0131n\u0131 d\u00fc\u015f\u00fcnen Bab\u0131\u00e2li, bunun da M\u0131s\u0131r\u2019daki h\u00fck\u00fcmranl\u0131\u011f\u0131n\u0131 kaybetmesine neden olaca\u011f\u0131na inan\u0131yordu. Tarih bu endi\u015felerin yerinde oldu\u011funu kan\u0131tlad\u0131.     <\/p>\n","protected":false},"excerpt":{"rendered":"<p>S\u00fcvey\u015f Kanal\u0131 17 Kas\u0131m 1869\u2019da Fransa \u0130mparatori\u00e7esi Eug\u00e9nie\u2019nin de kat\u0131ld\u0131\u011f\u0131 b\u00fcy\u00fck t\u00f6renlerle a\u00e7\u0131ld\u0131. 1859\u2019da ba\u015flayan ve yakla\u015f\u0131k on y\u0131l s\u00fcren yap\u0131m\u0131 hem B\u00fcy\u00fck Britanya, Fransa ve<span class=\"excerpt-hellip\"> [\u2026]<\/span><\/p>\n","protected":false},"featured_media":0,"template":"","meta":{"_monsterinsights_skip_tracking":false,"_monsterinsights_sitenote_active":false,"_monsterinsights_sitenote_note":"","_monsterinsights_sitenote_category":0},"product_brand":[],"product_cat":[13517,12304],"product_tag":[],"class_list":{"0":"post-759320","1":"product","2":"type-product","3":"status-publish","5":"product_cat-osmanli-tarihi","6":"product_cat-tarih","7":"pa_cilt-ciltsiz","8":"pa_tur-kitap","9":"pa_yayinevi-is-bankasi-kultur-yayinlari","10":"pa_yazar-faruk-bilici","12":"first","13":"instock","14":"sale","15":"shipping-taxable","16":"purchasable","17":"product-type-simple"},"_links":{"self":[{"href":"https:\/\/roveyayinevi.com.tr\/index.php\/wp-json\/wp\/v2\/product\/759320","targetHints":{"allow":["GET"]}}],"collection":[{"href":"https:\/\/roveyayinevi.com.tr\/index.php\/wp-json\/wp\/v2\/product"}],"about":[{"href":"https:\/\/roveyayinevi.com.tr\/index.php\/wp-json\/wp\/v2\/types\/product"}],"wp:attachment":[{"href":"https:\/\/roveyayinevi.com.tr\/index.php\/wp-json\/wp\/v2\/media?parent=759320"}],"wp:term":[{"taxonomy":"product_brand","embeddable":true,"href":"https:\/\/roveyayinevi.com.tr\/index.php\/wp-json\/wp\/v2\/product_brand?post=759320"},{"taxonomy":"product_cat","embeddable":true,"href":"https:\/\/roveyayinevi.com.tr\/index.php\/wp-json\/wp\/v2\/product_cat?post=759320"},{"taxonomy":"product_tag","embeddable":true,"href":"https:\/\/roveyayinevi.com.tr\/index.php\/wp-json\/wp\/v2\/product_tag?post=759320"}],"curies":[{"name":"wp","href":"https:\/\/api.w.org\/{rel}","templated":true}]}}