{"id":759277,"date":"2025-08-28T08:29:53","date_gmt":"2025-08-28T05:29:53","guid":{"rendered":"https:\/\/roveyayinevi.com.tr\/index.php\/urun\/cavit-caglar-firtinali-bir-yasamoykusu\/"},"modified":"2026-04-16T03:12:29","modified_gmt":"2026-04-16T00:12:29","slug":"cavit-caglar-firtinali-bir-yasamoykusu","status":"publish","type":"product","link":"https:\/\/roveyayinevi.com.tr\/index.php\/urun\/cavit-caglar-firtinali-bir-yasamoykusu\/","title":{"rendered":"Cavit \u00c7a\u011flar F\u0131rt\u0131nal\u0131 Bir Ya\u015fam\u00f6yk\u00fcs\u00fc"},"content":{"rendered":"<p>Cavit \u00c7a\u011flar, 1950\u2019de hen\u00fcz 5 ya\u015f\u0131ndayken, annesi ve babas\u0131yla birlikte hangi \u00fclkedeki \u00e7ete sava\u015flar\u0131ndan ka\u00e7\u0131p Anavatan T\u00fcrkiye\u2019ye s\u0131\u011f\u0131nd\u0131?   1958\u2019de ortaokul \u00f6\u011frencisiyken, d\u00f6nemin Ba\u015fbakan\u0131 Adnan Menderes\u2019e yazd\u0131\u011f\u0131 mektup, ailesinin hayat\u0131na neler kazand\u0131rd\u0131?   \u00c7ocukluk y\u0131llar\u0131nda Akhisar\u2019da yapt\u0131\u011f\u0131 eczane ve benzin istasyonu \u00e7\u0131rakl\u0131\u011f\u0131ndan, 7. Demirel H\u00fck\u00fbmeti\u2019nde Devlet Bakanl\u0131\u011f\u0131\u2019na nas\u0131l y\u00fckseldi?   1997\u2019de kurdu\u011fu, T\u00fcrkiye\u2019nin 24 saat yay\u0131n yapan uluslararas\u0131 \u00f6l\u00e7ekli ilk haber televizyon kanal\u0131 NTV, yay\u0131n\u0131n\u0131n birinci ay\u0131nda nas\u0131l izlenme rekoru k\u0131rd\u0131?   &#8230;Ve 2015 y\u0131l\u0131nda bir Rus asker\u00ee u\u00e7a\u011f\u0131n\u0131n T\u00fcrkiye-Suriye s\u0131n\u0131r\u0131nda d\u00fc\u015f\u00fcr\u00fclmesi \u00fczerine, \u00fclkemizle siyasi, diplomatik ve ekonomik ili\u015fkilerini ask\u0131ya alan yakla\u015f\u0131k bin y\u0131ll\u0131k kuzey kom\u015fumuz Rusya ile T\u00fcrkiye\u2019yi nas\u0131l bar\u0131\u015ft\u0131rd\u0131? <\/p>\n","protected":false},"excerpt":{"rendered":"<p>Cavit \u00c7a\u011flar, 1950\u2019de hen\u00fcz 5 ya\u015f\u0131ndayken, annesi ve babas\u0131yla birlikte hangi \u00fclkedeki \u00e7ete sava\u015flar\u0131ndan ka\u00e7\u0131p Anavatan T\u00fcrkiye\u2019ye s\u0131\u011f\u0131nd\u0131? 1958\u2019de ortaokul \u00f6\u011frencisiyken, d\u00f6nemin Ba\u015fbakan\u0131 Adnan Menderes\u2019e yazd\u0131\u011f\u0131<span class=\"excerpt-hellip\"> [\u2026]<\/span><\/p>\n","protected":false},"featured_media":0,"template":"","meta":{"_monsterinsights_skip_tracking":false,"_monsterinsights_sitenote_active":false,"_monsterinsights_sitenote_note":"","_monsterinsights_sitenote_category":0},"product_brand":[],"product_cat":[14009,12291],"product_tag":[],"class_list":{"0":"post-759277","1":"product","2":"type-product","3":"status-publish","5":"product_cat-biyografi-otobiyografi-edebiyat","6":"product_cat-edebiyat","7":"pa_cilt-ciltsiz","8":"pa_tur-kitap","9":"pa_yayinevi-dogan-kitap","10":"pa_yazar-hulusi-turgut","12":"first","13":"instock","14":"sale","15":"shipping-taxable","16":"purchasable","17":"product-type-simple"},"_links":{"self":[{"href":"https:\/\/roveyayinevi.com.tr\/index.php\/wp-json\/wp\/v2\/product\/759277","targetHints":{"allow":["GET"]}}],"collection":[{"href":"https:\/\/roveyayinevi.com.tr\/index.php\/wp-json\/wp\/v2\/product"}],"about":[{"href":"https:\/\/roveyayinevi.com.tr\/index.php\/wp-json\/wp\/v2\/types\/product"}],"wp:attachment":[{"href":"https:\/\/roveyayinevi.com.tr\/index.php\/wp-json\/wp\/v2\/media?parent=759277"}],"wp:term":[{"taxonomy":"product_brand","embeddable":true,"href":"https:\/\/roveyayinevi.com.tr\/index.php\/wp-json\/wp\/v2\/product_brand?post=759277"},{"taxonomy":"product_cat","embeddable":true,"href":"https:\/\/roveyayinevi.com.tr\/index.php\/wp-json\/wp\/v2\/product_cat?post=759277"},{"taxonomy":"product_tag","embeddable":true,"href":"https:\/\/roveyayinevi.com.tr\/index.php\/wp-json\/wp\/v2\/product_tag?post=759277"}],"curies":[{"name":"wp","href":"https:\/\/api.w.org\/{rel}","templated":true}]}}