{"id":759191,"date":"2025-08-28T08:27:14","date_gmt":"2025-08-28T05:27:14","guid":{"rendered":"https:\/\/roveyayinevi.com.tr\/index.php\/urun\/sanat-dunyamiz-199-mart-nisan-2024\/"},"modified":"2026-04-16T03:12:27","modified_gmt":"2026-04-16T00:12:27","slug":"sanat-dunyamiz-199-mart-nisan-2024","status":"publish","type":"product","link":"https:\/\/roveyayinevi.com.tr\/index.php\/urun\/sanat-dunyamiz-199-mart-nisan-2024\/","title":{"rendered":"Sanat D\u00fcnyam\u0131z 199 \/ Mart-Nisan 2024"},"content":{"rendered":"<p>Sanat D\u00fcnyam\u0131z dergisi Mart Nisan say\u0131s\u0131nda kapa\u011f\u0131na Orhan Pamuk\u2019un Dresden\u2019de izleyiciyle bulu\u015fan ve buradan M\u00fcnih\u2019e, sonra da Prag\u2019a seyahat edecek olan \u201cE\u015fyalar\u0131n Tesellisi\u201d sergisinden \u201cRilke\u2019nin Melekleri\u201d eserini ta\u015f\u0131yor. Dergide bu vesileyle Orhan Pamuk\u2019un Dresden sergisi katalo\u011funda yay\u0131mlanan yaz\u0131lar\u0131ndan bir se\u00e7ki yer al\u0131yor. Abd\u00fclmecid Efendi K\u00f6\u015fk\u00fc\u2019nde devam eden \u201cM\u00e2z\u00eeden \u00c2t\u00eeye Zar\u00e2fet, Osmanl\u0131 \u0130mparatorlu\u011fu\u2019nun Son D\u00f6neminden Cumhuriyet\u2019in \u0130lk Y\u0131llar\u0131na Kad\u0131n K\u0131y\u00e2fetleri\u201d sergisine dair Amira Akb\u0131y\u0131ko\u011flu\u2019nun Sadberk Han\u0131m M\u00fczesi m\u00fcd\u00fcr\u00fc H\u00fclya Bilgi ile yapt\u0131\u011f\u0131 kapsaml\u0131 s\u00f6yle\u015fi de dergide. Sabanc\u0131 \u00dcniversitesi Sak\u0131p Sabanc\u0131 M\u00fczesi\u2019nin monografik sergilerinin devam\u0131 olan \u201cUnutulmu\u015f Bir Cumhuriyet Kad\u0131n\u0131: B\u00fct\u00fcn Y\u00f6nleriyle Melek Cel\u00e2l\u201d sergisi vesilesiyle Ay\u015fe Pelin \u015eahin Tekinalp dergideki yaz\u0131s\u0131nda sanat\u00e7\u0131n\u0131n ya\u015fam\u0131n\u0131 ve yap\u0131tlar\u0131n\u0131 oda\u011f\u0131na al\u0131yor. Zeynep Ayano\u011flu, Handan B\u00f6r\u00fcte\u00e7ene\u2019nin \u201c\u00dc\u00e7 \u0130\u00e7 Denizin \u00dclkesi\u201d sergisini Sappho\u2019nun Kay\u0131p S\u00f6zleri, K\u0131r\/G\u00f6r, Yery\u00fcz\u00fcn\u00fcn Belle\u011fi ve \u00c7ok S\u0131k\u0131ld\u0131m i\u015fleri \u00fczerinden okuyor. G\u00f6zde C\u00f6bek Depo\u2019da a\u00e7\u0131lan Alaca Heyheyler\u2019in \u201cKad\u0131nlar Atlas\u0131\u201d sergisinden yola \u00e7\u0131karak ki\u015fisel bir anlat\u0131 sunuyor. Sevil Enginsoy Ekinci ve Ya\u011fmur Y\u0131ld\u0131r\u0131m, Me\u015fher\u2019deki \u201cG\u00f6z Alabildi\u011fine \u0130stanbul: Be\u015f As\u0131rdan Manzaralar\u201d ve Pera M\u00fczesi\u2019ndeki \u201cTam Yerinden: \u0130stanbul\u2019a Panoramik Bak\u0131\u015f\u0131n Tarihi\u201d ba\u015fl\u0131kl\u0131 sergileri \u0130stanbul\u2019u g\u00f6rme, g\u00f6rselle\u015ftirme ve g\u00f6stermenin tarihselli\u011fi \u00fczerinden inceliyor. Abdullah Ezik, Selen Ansen\u2019in k\u00fcrat\u00f6rl\u00fc\u011f\u00fcnde Arter\u2019de s\u00fcren \u201cFarz Et Ki Sen Yoksun\u201du \u00f6zg\u00fcrl\u00fck ve yoksunluk kavramlar\u0131 ekseninden ele al\u0131yor. Furkan \u00d6ztekin, Taner Ceylan k\u00fcrat\u00f6rl\u00fc\u011f\u00fcnde Karak\u00f6y\u2019de ger\u00e7ekle\u015fen \u201cEnteriy\u00f6r\u201d sergisi ve temas etti\u011fi mek\u00e2nsall\u0131k kavram\u0131 \u00fczerine bir denemesiyle dergide. Sanat D\u00fcnyam\u0131z S\u00f6yle\u015fileri\u2019nin bu say\u0131daki konuklar\u0131 Bursa\u2019da Meteor Balat K\u00fclt\u00fcrevi\u2019nde a\u00e7\u0131lan \u201cS\u0131radaki \u015eark\u0131\u201d sergisiyle Nermin Er ve Hara\u2019da a\u00e7\u0131lan \u201cBir Yer Var\u201d sergisinin sanat\u00e7\u0131lar\u0131. S\u00fcreyyya Evren \u201cAnlam \u00c7er\u00e7evesi\u201d serisinde sanat ele\u015ftirisinin rol\u00fcn\u00fc tart\u0131\u015f\u0131yor. G\u00f6rsel Notlar\u2019da derginin konu\u011fu Alp \u0130\u015fmen, Ajanda\u2019da ise \u0130hsan Oturmak. Dergide sanat\u00e7\u0131 G\u00fcl\u00e7in Aksoy, ani kayb\u0131n\u0131n ard\u0131ndan, 2023\u2019te \u201c\u015eefkat Ni\u015fan\u0131\u201d ad\u0131yla a\u00e7\u0131lan son ki\u015fisel sergisinin k\u00fcrat\u00f6r\u00fc Nergis Ab\u0131yeva\u2019n\u0131n sanat\u0131n\u0131 ve dostluklar\u0131n\u0131 kaleme ald\u0131\u011f\u0131 yaz\u0131s\u0131yla an\u0131l\u0131yor. <\/p>\n","protected":false},"excerpt":{"rendered":"<p>Sanat D\u00fcnyam\u0131z dergisi Mart Nisan say\u0131s\u0131nda kapa\u011f\u0131na Orhan Pamuk\u2019un Dresden\u2019de izleyiciyle bulu\u015fan ve buradan M\u00fcnih\u2019e, sonra da Prag\u2019a seyahat edecek olan \u201cE\u015fyalar\u0131n Tesellisi\u201d sergisinden \u201cRilke\u2019nin Melekleri\u201d<span class=\"excerpt-hellip\"> [\u2026]<\/span><\/p>\n","protected":false},"featured_media":0,"template":"","meta":{"_monsterinsights_skip_tracking":false,"_monsterinsights_sitenote_active":false,"_monsterinsights_sitenote_note":"","_monsterinsights_sitenote_category":0},"product_brand":[],"product_cat":[13527],"product_tag":[],"class_list":{"0":"post-759191","1":"product","2":"type-product","3":"status-publish","5":"product_cat-sureli-yayinlar","6":"pa_cilt-ciltsiz","7":"pa_tur-kitap","8":"pa_yayinevi-yapi-kredi-yayinlari-dergi","9":"pa_yazar-kolektif","11":"first","12":"instock","13":"sale","14":"shipping-taxable","15":"purchasable","16":"product-type-simple"},"_links":{"self":[{"href":"https:\/\/roveyayinevi.com.tr\/index.php\/wp-json\/wp\/v2\/product\/759191","targetHints":{"allow":["GET"]}}],"collection":[{"href":"https:\/\/roveyayinevi.com.tr\/index.php\/wp-json\/wp\/v2\/product"}],"about":[{"href":"https:\/\/roveyayinevi.com.tr\/index.php\/wp-json\/wp\/v2\/types\/product"}],"wp:attachment":[{"href":"https:\/\/roveyayinevi.com.tr\/index.php\/wp-json\/wp\/v2\/media?parent=759191"}],"wp:term":[{"taxonomy":"product_brand","embeddable":true,"href":"https:\/\/roveyayinevi.com.tr\/index.php\/wp-json\/wp\/v2\/product_brand?post=759191"},{"taxonomy":"product_cat","embeddable":true,"href":"https:\/\/roveyayinevi.com.tr\/index.php\/wp-json\/wp\/v2\/product_cat?post=759191"},{"taxonomy":"product_tag","embeddable":true,"href":"https:\/\/roveyayinevi.com.tr\/index.php\/wp-json\/wp\/v2\/product_tag?post=759191"}],"curies":[{"name":"wp","href":"https:\/\/api.w.org\/{rel}","templated":true}]}}