{"id":759080,"date":"2025-08-28T08:24:09","date_gmt":"2025-08-28T05:24:09","guid":{"rendered":"https:\/\/roveyayinevi.com.tr\/index.php\/urun\/kesiflerden-iklim-degisimine-uluslararasi-iliskilerde-arktik\/"},"modified":"2026-04-16T03:11:53","modified_gmt":"2026-04-16T00:11:53","slug":"kesiflerden-iklim-degisimine-uluslararasi-iliskilerde-arktik","status":"publish","type":"product","link":"https:\/\/roveyayinevi.com.tr\/index.php\/urun\/kesiflerden-iklim-degisimine-uluslararasi-iliskilerde-arktik\/","title":{"rendered":"Ke\u015fiflerden \u0130klim De\u011fi\u015fimine Uluslararas\u0131 \u0130li\u015fkilerde Arktik"},"content":{"rendered":"<p>T\u00fcrkiye\u2019nin son y\u0131llarda kutup b\u00f6lgelerine g\u00f6sterdi\u011fi ilgi artmakta ve G\u00fcney Kutbu\u2019na yap\u0131lan bilimsel ke\u015fifler ve kuzeyde Arktik Konseyi\u2019ne olan ilgi dikkat \u00e7ekici \u00f6l\u00e7ekte b\u00fcy\u00fcmektedir. \u0130klim de\u011fi\u015fikli\u011fi nedeniyle d\u00fcnyan\u0131n geri kalan b\u00f6lgelerinden d\u00f6rt kat daha fazla \u0131s\u0131nan Arktik b\u00f6lgesinin jeopolitik ve jeostratejik \u00f6nemi, sadece bu okyanusu ve b\u00f6lgeyi \u00e7evreleyen devletler i\u00e7in de\u011fil, Avrupa Birli\u011fi, \u00c7in gibi uluslararas\u0131 arenada \u00f6nemli akt\u00f6rlerin de dikkatini \u00e7ekmektedir. \u0130klim krizi, b\u00f6lgenin fiziksel durumunu de\u011fi\u015ftirmektedir. Eriyen buzullar ile b\u00f6lgenin hidrokarbon kaynaklar\u0131na ula\u015f\u0131m ve yeni deniz rotalar\u0131n\u0131n i\u015flevsel hale gelmesi, Arktik\u2019i 21. y\u00fczy\u0131l\u0131n y\u00fckselen b\u00f6lgesi haline getirmi\u015ftir. Bu do\u011frultuda, egemenlik, g\u00fcvenlik, \u00e7evre, g\u00fc\u00e7 \u00e7at\u0131\u015fmas\u0131, deniz hukuku, yeni akt\u00f6rler ve i\u015fbirli\u011fi gibi konular b\u00f6lgede ana g\u00fcndemin bile\u015fenleri haline gelmi\u015ftir. Arktik b\u00f6lgesinin uluslararas\u0131 ili\u015fkiler disiplininde nas\u0131l bir yer te\u015fkil etti\u011fi, iklim krizine kar\u015f\u0131 devletler aras\u0131 i\u015fbirli\u011fi, T\u00fcrkiye\u2019nin Arktik Konseyi\u2019ne \u00fcyelik yolunda izleyebilece\u011fi ad\u0131mlar bu kitab\u0131n a\u00e7\u0131klamaya \u00e7al\u0131\u015ft\u0131\u011f\u0131 meselelerdir. Elinizdeki kitap, konuda uzmanla\u015fm\u0131\u015f, T\u00fcrkiye\u2019den ve Arktik b\u00f6lgesinden akademisyenlere yer vererek b\u00f6lgeyi yak\u0131ndan mercek alt\u0131na alarak incelemektedir. Bu sayede, akademisyenlere, Uluslararas\u0131 \u0130li\u015fkiler ve Uluslararas\u0131 Hukuk \u00f6\u011frencilerine Arktik b\u00f6lgesindeki temel dinamikleri ve bu dinamikleri \u00e7ok boyutlu bir de\u011ferlendirmeye tabi tutabilecek perspektifleri sunarken, politikac\u0131lara ise iklim de\u011fi\u015fimi politikalar\u0131 ve Arktik Konseyi\u2019ne \u00fcyelik konular\u0131nda faydalanabilecekleri a\u00e7\u0131lar sunan bir kaynak olmay\u0131 hedeflemektedir.   \u201cBu kitap, uluslararas\u0131 ili\u015fkiler disiplininde, h\u0131zlanan iklim de\u011fi\u015fikli\u011fi a\u00e7\u0131s\u0131ndan da b\u00fcy\u00fck \u00f6neme sahip olan Arktik b\u00f6lgesini her y\u00f6n\u00fcyle incelemesinin yan\u0131 s\u0131ra, ger\u00e7ek T\u00fcrk d\u0131\u015f politikas\u0131n\u0131n temel dayanaklar\u0131ndan birini de ortaya koyuyor: D\u00fcnya politikas\u0131n\u0131 \u00e7ok yak\u0131ndan izlemek. G\u00f6n\u00fclden kutlanacak bir \u015fey bu kitab\u0131n bu yapt\u0131\u011f\u0131.\u201d \u2013 Bask\u0131n Oran \u201c21. y\u00fczy\u0131lda Arktik b\u00f6lgesi art\u0131k bilinmeyen ve ke\u015ffedilmesi gereken uzak bir yer de\u011fil. Ancak \u00f6zellikle iklim de\u011fi\u015fikli\u011fi s\u00fcrecinde b\u00f6lgenin siyasal ve hukuksal stat\u00fcs\u00fc k\u00fcresel d\u00fczeyde tart\u0131\u015fmalar yaratmakta. Bu kitap bu tart\u0131\u015fmalar\u0131 bir\u00e7ok y\u00f6n\u00fcyle incelemesi a\u00e7\u0131s\u0131ndan \u00e7ok \u00f6nemli bir g\u00f6revi yerine getiriyor ve mevcut uluslararas\u0131 ili\u015fkiler ve uluslararas\u0131 hukuk literat\u00fcr\u00fcne \u00e7ok de\u011ferli bir katk\u0131 sa\u011fl\u0131yor.\u201d \u2013 Nil\u00fcfer Oral <\/p>\n","protected":false},"excerpt":{"rendered":"<p>T\u00fcrkiye\u2019nin son y\u0131llarda kutup b\u00f6lgelerine g\u00f6sterdi\u011fi ilgi artmakta ve G\u00fcney Kutbu\u2019na yap\u0131lan bilimsel ke\u015fifler ve kuzeyde Arktik Konseyi\u2019ne olan ilgi dikkat \u00e7ekici \u00f6l\u00e7ekte b\u00fcy\u00fcmektedir. \u0130klim de\u011fi\u015fikli\u011fi<span class=\"excerpt-hellip\"> [\u2026]<\/span><\/p>\n","protected":false},"featured_media":0,"template":"","meta":{"_monsterinsights_skip_tracking":false,"_monsterinsights_sitenote_active":false,"_monsterinsights_sitenote_note":"","_monsterinsights_sitenote_category":0},"product_brand":[],"product_cat":[12337,14706],"product_tag":[],"class_list":{"0":"post-759080","1":"product","2":"type-product","3":"status-publish","5":"product_cat-politika-siyaset","6":"product_cat-siyaset-bilimi","7":"pa_cilt-ciltsiz","8":"pa_tur-kitap","9":"pa_yayinevi-istanbul-bilgi-universitesi-yayinlari","10":"pa_yazar-eda-ayaydin-adnan-dal","12":"first","13":"instock","14":"sale","15":"shipping-taxable","16":"purchasable","17":"product-type-simple"},"_links":{"self":[{"href":"https:\/\/roveyayinevi.com.tr\/index.php\/wp-json\/wp\/v2\/product\/759080","targetHints":{"allow":["GET"]}}],"collection":[{"href":"https:\/\/roveyayinevi.com.tr\/index.php\/wp-json\/wp\/v2\/product"}],"about":[{"href":"https:\/\/roveyayinevi.com.tr\/index.php\/wp-json\/wp\/v2\/types\/product"}],"wp:attachment":[{"href":"https:\/\/roveyayinevi.com.tr\/index.php\/wp-json\/wp\/v2\/media?parent=759080"}],"wp:term":[{"taxonomy":"product_brand","embeddable":true,"href":"https:\/\/roveyayinevi.com.tr\/index.php\/wp-json\/wp\/v2\/product_brand?post=759080"},{"taxonomy":"product_cat","embeddable":true,"href":"https:\/\/roveyayinevi.com.tr\/index.php\/wp-json\/wp\/v2\/product_cat?post=759080"},{"taxonomy":"product_tag","embeddable":true,"href":"https:\/\/roveyayinevi.com.tr\/index.php\/wp-json\/wp\/v2\/product_tag?post=759080"}],"curies":[{"name":"wp","href":"https:\/\/api.w.org\/{rel}","templated":true}]}}