{"id":759021,"date":"2025-08-28T08:22:30","date_gmt":"2025-08-28T05:22:30","guid":{"rendered":"https:\/\/roveyayinevi.com.tr\/index.php\/urun\/sagligin-tarihi-uzayan-omrumuz-ve-gelecegimiz\/"},"modified":"2026-04-16T03:11:52","modified_gmt":"2026-04-16T00:11:52","slug":"sagligin-tarihi-uzayan-omrumuz-ve-gelecegimiz","status":"publish","type":"product","link":"https:\/\/roveyayinevi.com.tr\/index.php\/urun\/sagligin-tarihi-uzayan-omrumuz-ve-gelecegimiz\/","title":{"rendered":"Sa\u011fl\u0131\u011f\u0131n Tarihi \u2013 Uzayan \u00d6mr\u00fcm\u00fcz Ve Gelece\u011fimiz"},"content":{"rendered":"<p>\u201cBir \u00fclkenin sa\u011fl\u0131\u011f\u0131n\u0131 d\u00fczeltmek zaman al\u0131r, ancak bir \u00fclkenin sa\u011fl\u0131\u011f\u0131n\u0131n bozulmas\u0131 da yine zaman al\u0131r, hatta bunun g\u00f6r\u00fcn\u00fcr hale gelmesi i\u00e7in daha da fazla zaman gerekir. Ortalama ya\u015fam s\u00fcresi d\u00fc\u015ft\u00fc\u011f\u00fcnde zaten i\u015f i\u015ften ge\u00e7mi\u015ftir. Sa\u011fl\u0131k bir kez bozulmu\u015ftur ve zarar\u0131n k\u0131sa vadede telafisi olanaks\u0131zd\u0131r.\u201d \u00c7a\u011flar boyunca insanlar\u0131n sa\u011fl\u0131\u011f\u0131 genel olarak \u00e7ok k\u00f6t\u00fcyd\u00fc. Yetersiz beslenme, sava\u015flar ve mikroplar ba\u015fl\u0131ca \u00f6l\u00fcm nedenleriydi. Bebek \u00f6l\u00fcm oranlar\u0131 \u00e7ok y\u00fcksekti ve yeni do\u011fan \u00e7ocuklarda beklenen ya\u015fam s\u00fcresi ortalama otuz y\u0131l civar\u0131ndayd\u0131. Ayd\u0131nlanma ve Frans\u0131z Devrimi sonras\u0131 ba\u015flayan de\u011fi\u015fim, devletlerin sa\u011fl\u0131k politikas\u0131 olu\u015fturmas\u0131yla beraber sa\u011fl\u0131\u011f\u0131m\u0131zda \u00e7ok \u00e7arp\u0131c\u0131 bir d\u00fczelmeye yol a\u00e7t\u0131. T\u0131p \u00e7a\u011f\u0131na girilmesiyle birlikte \u00f6mr\u00fcm\u00fcz uzad\u0131. Bug\u00fcn s\u0131k\u00e7a kap\u0131ld\u0131\u011f\u0131m\u0131z muhakeme yanl\u0131l\u0131\u011f\u0131n\u0131n etkisiyle, beklenen ya\u015fam s\u00fcresinde ya\u015fanm\u0131\u015f s\u00fcrekli art\u0131\u015f\u0131n hi\u00e7 durmayaca\u011f\u0131na inanma e\u011filimindeyiz. Oysa eldeki veriler bu e\u011filimin art\u0131k belirsizle\u015fti\u011fini g\u00f6steriyor. Kronik hastal\u0131klarla y\u00fcz y\u00fcze oldu\u011fumuz 21. y\u00fczy\u0131lda pandemiler \u00e7a\u011f\u0131n\u0131n ba\u015flang\u0131c\u0131na deh\u015fetle tan\u0131k oluyoruz. Jean-David Zeitoun kitab\u0131nda insan sa\u011fl\u0131\u011f\u0131n\u0131 belirleyen etmenlerin zaman i\u00e7indeki de\u011fi\u015fimini sistemli bir analize t\u00e2bi tutarak sanayi toplumlar\u0131n\u0131n sa\u011fl\u0131k kadar sa\u011fl\u0131ks\u0131zl\u0131k da \u00fcretti\u011fini g\u00f6zler \u00f6n\u00fcne seriyor. Yazar, sanayile\u015fme ve kentle\u015fmenin genel sa\u011fl\u0131\u011f\u0131 bozmad\u0131\u011f\u0131, sanayi ekonomisinin insan sa\u011fl\u0131\u011f\u0131n\u0131n \u00f6n\u00fcne ge\u00e7medi\u011fi bir gelece\u011fin yarat\u0131lmas\u0131n\u0131n torunlar\u0131m\u0131za daha iyi sa\u011fl\u0131k ko\u015fullar\u0131 b\u0131rakman\u0131n \u00f6nko\u015fulu oldu\u011funu bizlere hat\u0131rlat\u0131yor. <\/p>\n","protected":false},"excerpt":{"rendered":"<p>\u201cBir \u00fclkenin sa\u011fl\u0131\u011f\u0131n\u0131 d\u00fczeltmek zaman al\u0131r, ancak bir \u00fclkenin sa\u011fl\u0131\u011f\u0131n\u0131n bozulmas\u0131 da yine zaman al\u0131r, hatta bunun g\u00f6r\u00fcn\u00fcr hale gelmesi i\u00e7in daha da fazla zaman gerekir.<span class=\"excerpt-hellip\"> [\u2026]<\/span><\/p>\n","protected":false},"featured_media":0,"template":"","meta":{"_monsterinsights_skip_tracking":false,"_monsterinsights_sitenote_active":false,"_monsterinsights_sitenote_note":"","_monsterinsights_sitenote_category":0},"product_brand":[],"product_cat":[13005,38128],"product_tag":[],"class_list":{"0":"post-759021","1":"product","2":"type-product","3":"status-publish","5":"product_cat-bilim-muhendislik","6":"product_cat-tip-bilimleri","7":"pa_cilt-ciltsiz","8":"pa_tur-kitap","9":"pa_yayinevi-is-bankasi-kultur-yayinlari","10":"pa_yazar-jean-david-zeitoun","12":"first","13":"instock","14":"sale","15":"shipping-taxable","16":"purchasable","17":"product-type-simple"},"_links":{"self":[{"href":"https:\/\/roveyayinevi.com.tr\/index.php\/wp-json\/wp\/v2\/product\/759021","targetHints":{"allow":["GET"]}}],"collection":[{"href":"https:\/\/roveyayinevi.com.tr\/index.php\/wp-json\/wp\/v2\/product"}],"about":[{"href":"https:\/\/roveyayinevi.com.tr\/index.php\/wp-json\/wp\/v2\/types\/product"}],"wp:attachment":[{"href":"https:\/\/roveyayinevi.com.tr\/index.php\/wp-json\/wp\/v2\/media?parent=759021"}],"wp:term":[{"taxonomy":"product_brand","embeddable":true,"href":"https:\/\/roveyayinevi.com.tr\/index.php\/wp-json\/wp\/v2\/product_brand?post=759021"},{"taxonomy":"product_cat","embeddable":true,"href":"https:\/\/roveyayinevi.com.tr\/index.php\/wp-json\/wp\/v2\/product_cat?post=759021"},{"taxonomy":"product_tag","embeddable":true,"href":"https:\/\/roveyayinevi.com.tr\/index.php\/wp-json\/wp\/v2\/product_tag?post=759021"}],"curies":[{"name":"wp","href":"https:\/\/api.w.org\/{rel}","templated":true}]}}