{"id":759008,"date":"2025-08-28T08:22:09","date_gmt":"2025-08-28T05:22:09","guid":{"rendered":"https:\/\/roveyayinevi.com.tr\/index.php\/urun\/yarinin-adami-3-ya-istiklal-ya-olum\/"},"modified":"2026-04-16T03:11:51","modified_gmt":"2026-04-16T00:11:51","slug":"yarinin-adami-3-ya-istiklal-ya-olum","status":"publish","type":"product","link":"https:\/\/roveyayinevi.com.tr\/index.php\/urun\/yarinin-adami-3-ya-istiklal-ya-olum\/","title":{"rendered":"Yar\u0131n\u0131n Adam\u0131 3 &#8211; Ya \u0130stiklal Ya \u00d6l\u00fcm"},"content":{"rendered":"<p>\u201cOrtada bir millet var. Koyun s\u00fcr\u00fcs\u00fc. \u0130daresi i\u00e7in bir \u00e7oban laz\u0131m. O da benim!\u201dVahdettin \u201cAmac\u0131m\u0131z b\u00f6lmek ve h\u00fckmetmek olmal\u0131d\u0131r. Biz ger\u00e7ek ideali dinmi\u015f gibi davranacak \u00e7\u0131karc\u0131 bir grubu idareci olarak takdim etmeye \u00e7al\u0131\u015faca\u011f\u0131z.\u201dAndrew Ryan \u201cSultan, \u0130ngilizlerin kuvvet kullanarak milliyet\u00e7ileri durdurmalar\u0131n\u0131 istedi\u2026\u201dDe Robeck \u201c\u0130ngilizleri istiyoruz, bizi onlar elimizden tutup kurtaracak.\u201dRefi Cevad \u201cBizim ayd\u0131nlar neden Anadolu\u2019ya gelip u\u011fra\u015fmazlar? Neden milletle do\u011frudan do\u011fruya temasta bulunmazlar? Memleketi gezmeli. Milleti tan\u0131mal\u0131. Eksikli\u011fi nedir, g\u00f6r\u00fcp g\u00f6stermeli. Milleti sevmek b\u00f6yle olur. Yoksa, lafta sevgi fayda vermez.\u201dMustafa Kemal<\/p>\n","protected":false},"excerpt":{"rendered":"<p>\u201cOrtada bir millet var. Koyun s\u00fcr\u00fcs\u00fc. \u0130daresi i\u00e7in bir \u00e7oban laz\u0131m. O da benim!\u201dVahdettin \u201cAmac\u0131m\u0131z b\u00f6lmek ve h\u00fckmetmek olmal\u0131d\u0131r. Biz ger\u00e7ek ideali dinmi\u015f gibi davranacak \u00e7\u0131karc\u0131<span class=\"excerpt-hellip\"> [\u2026]<\/span><\/p>\n","protected":false},"featured_media":0,"template":"","meta":{"_monsterinsights_skip_tracking":false,"_monsterinsights_sitenote_active":false,"_monsterinsights_sitenote_note":"","_monsterinsights_sitenote_category":0},"product_brand":[],"product_cat":[12530,12304],"product_tag":[],"class_list":{"0":"post-759008","1":"product","2":"type-product","3":"status-publish","5":"product_cat-mustafa-kemal-ataturk","6":"product_cat-tarih","7":"pa_cilt-ciltsiz","8":"pa_tur-kitap","9":"pa_yayinevi-masa-kitap","10":"pa_yazar-con-sinov","12":"first","13":"instock","14":"sale","15":"shipping-taxable","16":"purchasable","17":"product-type-simple"},"_links":{"self":[{"href":"https:\/\/roveyayinevi.com.tr\/index.php\/wp-json\/wp\/v2\/product\/759008","targetHints":{"allow":["GET"]}}],"collection":[{"href":"https:\/\/roveyayinevi.com.tr\/index.php\/wp-json\/wp\/v2\/product"}],"about":[{"href":"https:\/\/roveyayinevi.com.tr\/index.php\/wp-json\/wp\/v2\/types\/product"}],"wp:attachment":[{"href":"https:\/\/roveyayinevi.com.tr\/index.php\/wp-json\/wp\/v2\/media?parent=759008"}],"wp:term":[{"taxonomy":"product_brand","embeddable":true,"href":"https:\/\/roveyayinevi.com.tr\/index.php\/wp-json\/wp\/v2\/product_brand?post=759008"},{"taxonomy":"product_cat","embeddable":true,"href":"https:\/\/roveyayinevi.com.tr\/index.php\/wp-json\/wp\/v2\/product_cat?post=759008"},{"taxonomy":"product_tag","embeddable":true,"href":"https:\/\/roveyayinevi.com.tr\/index.php\/wp-json\/wp\/v2\/product_tag?post=759008"}],"curies":[{"name":"wp","href":"https:\/\/api.w.org\/{rel}","templated":true}]}}