{"id":758991,"date":"2025-08-28T08:21:39","date_gmt":"2025-08-28T05:21:39","guid":{"rendered":"https:\/\/roveyayinevi.com.tr\/index.php\/urun\/aydinlanma-4\/"},"modified":"2026-04-16T03:11:51","modified_gmt":"2026-04-16T00:11:51","slug":"aydinlanma-4","status":"publish","type":"product","link":"https:\/\/roveyayinevi.com.tr\/index.php\/urun\/aydinlanma-4\/","title":{"rendered":"Ayd\u0131nlanma"},"content":{"rendered":"<p>\u201cAyd\u0131nlanma\u201d, s\u0131k\u00e7a kullan\u0131lan ama niteli\u011fi \u00fczerinde pek de uzla\u015f\u0131lamayan bir kavramd\u0131r. Kimileri onu karanl\u0131k \u00e7a\u011flar\u0131 bitirdi\u011fi i\u00e7in kutsar, kimileriyse yirminci y\u00fczy\u0131l\u0131n kanl\u0131 felaketlerinden sorumlu tutar. Ne getirmi\u015ftir bize ayd\u0131nlanma, ho\u015fg\u00f6r\u00fc m\u00fc yoksa riyak\u00e2rl\u0131k m\u0131? \u0130nsanlar\u0131n e\u015fitli\u011fiyle mi sonu\u00e7lanm\u0131\u015ft\u0131r yoksa soyk\u0131r\u0131mla m\u0131? Evrensel bir k\u00fclt\u00fcr m\u00fc in\u015fa etmi\u015ftir, yoksa insanlar\u0131 kendi seslerini bast\u0131rmak zorunda m\u0131 b\u0131rakm\u0131\u015ft\u0131r? \u0130nsanl\u0131\u011f\u0131 d\u00fcnyevi kaynaklar\u0131m\u0131z\u0131 geri d\u00f6n\u00fc\u015fs\u00fcz bir bi\u00e7imde ya\u011fmalamaya m\u0131 y\u00f6neltir, yoksa refah\u0131m\u0131z\u0131 en \u00fcst seviyeye \u00e7\u0131karman\u0131n yeg\u00e2ne anahtar\u0131 m\u0131d\u0131r? Kieron O&#8217;Hara bu \u00e7at\u0131\u015fmalar\u0131 ustal\u0131kla a\u015farak Ayd\u0131nlanma&#8217;n\u0131n tarihini, siyasetini, bilimini, dinini, sanat\u0131n\u0131 ve sosyal ya\u015fam\u0131n\u0131 masaya yat\u0131r\u0131yor. Onu kolayca s\u0131ralanabilecek basit bir fikir manzumesi olarak de\u011fil, radikal Rousseau&#8217;dan muhafazak\u00e2r Burke&#8217;e kadar \u00e7ok \u00e7e\u015fitli d\u00fc\u015f\u00fcn\u00fcrleri ortaya \u00e7\u0131karan, evrim ge\u00e7iren bir b\u00fct\u00fcn olarak sunuyor. <\/p>\n","protected":false},"excerpt":{"rendered":"<p>\u201cAyd\u0131nlanma\u201d, s\u0131k\u00e7a kullan\u0131lan ama niteli\u011fi \u00fczerinde pek de uzla\u015f\u0131lamayan bir kavramd\u0131r. Kimileri onu karanl\u0131k \u00e7a\u011flar\u0131 bitirdi\u011fi i\u00e7in kutsar, kimileriyse yirminci y\u00fczy\u0131l\u0131n kanl\u0131 felaketlerinden sorumlu tutar. Ne<span class=\"excerpt-hellip\"> [\u2026]<\/span><\/p>\n","protected":false},"featured_media":0,"template":"","meta":{"_monsterinsights_skip_tracking":false,"_monsterinsights_sitenote_active":false,"_monsterinsights_sitenote_note":"","_monsterinsights_sitenote_category":0},"product_brand":[],"product_cat":[12388],"product_tag":[],"class_list":{"0":"post-758991","1":"product","2":"type-product","3":"status-publish","5":"product_cat-felsefe","6":"pa_cilt-ciltsiz","7":"pa_tur-kitap","8":"pa_yayinevi-babil-kitap","9":"pa_yazar-kieron-ohara","11":"first","12":"instock","13":"sale","14":"shipping-taxable","15":"purchasable","16":"product-type-simple"},"_links":{"self":[{"href":"https:\/\/roveyayinevi.com.tr\/index.php\/wp-json\/wp\/v2\/product\/758991","targetHints":{"allow":["GET"]}}],"collection":[{"href":"https:\/\/roveyayinevi.com.tr\/index.php\/wp-json\/wp\/v2\/product"}],"about":[{"href":"https:\/\/roveyayinevi.com.tr\/index.php\/wp-json\/wp\/v2\/types\/product"}],"wp:attachment":[{"href":"https:\/\/roveyayinevi.com.tr\/index.php\/wp-json\/wp\/v2\/media?parent=758991"}],"wp:term":[{"taxonomy":"product_brand","embeddable":true,"href":"https:\/\/roveyayinevi.com.tr\/index.php\/wp-json\/wp\/v2\/product_brand?post=758991"},{"taxonomy":"product_cat","embeddable":true,"href":"https:\/\/roveyayinevi.com.tr\/index.php\/wp-json\/wp\/v2\/product_cat?post=758991"},{"taxonomy":"product_tag","embeddable":true,"href":"https:\/\/roveyayinevi.com.tr\/index.php\/wp-json\/wp\/v2\/product_tag?post=758991"}],"curies":[{"name":"wp","href":"https:\/\/api.w.org\/{rel}","templated":true}]}}