{"id":758949,"date":"2025-08-28T08:20:26","date_gmt":"2025-08-28T05:20:26","guid":{"rendered":"https:\/\/roveyayinevi.com.tr\/index.php\/urun\/cocuk-kalbi-16\/"},"modified":"2026-04-16T03:11:50","modified_gmt":"2026-04-16T00:11:50","slug":"cocuk-kalbi-16","status":"publish","type":"product","link":"https:\/\/roveyayinevi.com.tr\/index.php\/urun\/cocuk-kalbi-16\/","title":{"rendered":"\u00c7ocuk Kalbi"},"content":{"rendered":"<p>\u00c7ocuk Kalbi \u0130talyan yazar Edmondo De Amicis taraf\u0131ndan yaz\u0131lm\u0131\u015f, \u00e7ocuklara vatan sevgisini, fedak\u00e2rl\u0131\u011f\u0131 a\u015f\u0131layan, otoriteye itaat etmeyi \u00f6\u011f\u00fctleyen, yaz\u0131ld\u0131\u011f\u0131 d\u00f6nemin yo\u011fun milliyet\u00e7ilik ve vatanseverlik duygular\u0131n\u0131 yans\u0131tan bir \u00e7ocuk klasi\u011fidir.         Torino \u015fehrinde ya\u015fayan, ilkokul 3. s\u0131n\u0131f \u00f6\u011frencisi olan ba\u015fkahraman Enriko Bottini\u2019nin bir ders y\u0131l\u0131nda ya\u015fad\u0131klar\u0131 g\u00fcnl\u00fck format\u0131nda yaz\u0131lm\u0131\u015ft\u0131r. Yazar, eseri kendi o\u011flunun g\u00fcnl\u00fcklerinden esinlenerek meydana getirmi\u015ftir.         Kitapta Enriko&#8217;nun g\u00fcnl\u00fck yaz\u0131lar\u0131 d\u0131\u015f\u0131nda ona annesi, babas\u0131 ve ablas\u0131n\u0131n yazd\u0131\u011f\u0131 \u00f6\u011f\u00fct niteli\u011finde mektuplar ile anlat\u0131n\u0131n i\u00e7ine \u201cay\u0131n \u00f6yk\u00fcs\u00fc\u201d ba\u015fl\u0131\u011f\u0131 ile serpi\u015ftirilmi\u015f dokuz k\u0131sa \u00f6yk\u00fcy\u00fc de yer al\u0131r. Ay\u0131n \u00f6yk\u00fcs\u00fc ba\u015fl\u0131kl\u0131 \u00f6yk\u00fclerde vatan\u0131 i\u00e7in ya da bir ba\u015fkas\u0131n\u0131 kurtarmak i\u00e7in \u00f6len 11-13 ya\u015f aras\u0131 erkek \u00e7ocuklar\u0131n ola\u011fan\u00fcst\u00fc kahramanl\u0131klar\u0131 ve ac\u0131kl\u0131 olaylar anlat\u0131l\u0131r.        Eser, d\u00fcnyan\u0131n bir\u00e7ok diline \u00e7evrilmi\u015ftir. <\/p>\n","protected":false},"excerpt":{"rendered":"<p>\u00c7ocuk Kalbi \u0130talyan yazar Edmondo De Amicis taraf\u0131ndan yaz\u0131lm\u0131\u015f, \u00e7ocuklara vatan sevgisini, fedak\u00e2rl\u0131\u011f\u0131 a\u015f\u0131layan, otoriteye itaat etmeyi \u00f6\u011f\u00fctleyen, yaz\u0131ld\u0131\u011f\u0131 d\u00f6nemin yo\u011fun milliyet\u00e7ilik ve vatanseverlik duygular\u0131n\u0131 yans\u0131tan<span class=\"excerpt-hellip\"> [\u2026]<\/span><\/p>\n","protected":false},"featured_media":0,"template":"","meta":{"_monsterinsights_skip_tracking":false,"_monsterinsights_sitenote_active":false,"_monsterinsights_sitenote_note":"","_monsterinsights_sitenote_category":0},"product_brand":[],"product_cat":[12274],"product_tag":[],"class_list":{"0":"post-758949","1":"product","2":"type-product","3":"status-publish","5":"product_cat-cocuk-ve-genclik-kitaplari","6":"pa_cilt-ciltsiz","7":"pa_tur-kitap","8":"pa_yayinevi-kitappazari-yayinlari","9":"pa_yazar-edmondo-de-amicis","11":"first","12":"instock","13":"sale","14":"shipping-taxable","15":"purchasable","16":"product-type-simple"},"_links":{"self":[{"href":"https:\/\/roveyayinevi.com.tr\/index.php\/wp-json\/wp\/v2\/product\/758949","targetHints":{"allow":["GET"]}}],"collection":[{"href":"https:\/\/roveyayinevi.com.tr\/index.php\/wp-json\/wp\/v2\/product"}],"about":[{"href":"https:\/\/roveyayinevi.com.tr\/index.php\/wp-json\/wp\/v2\/types\/product"}],"wp:attachment":[{"href":"https:\/\/roveyayinevi.com.tr\/index.php\/wp-json\/wp\/v2\/media?parent=758949"}],"wp:term":[{"taxonomy":"product_brand","embeddable":true,"href":"https:\/\/roveyayinevi.com.tr\/index.php\/wp-json\/wp\/v2\/product_brand?post=758949"},{"taxonomy":"product_cat","embeddable":true,"href":"https:\/\/roveyayinevi.com.tr\/index.php\/wp-json\/wp\/v2\/product_cat?post=758949"},{"taxonomy":"product_tag","embeddable":true,"href":"https:\/\/roveyayinevi.com.tr\/index.php\/wp-json\/wp\/v2\/product_tag?post=758949"}],"curies":[{"name":"wp","href":"https:\/\/api.w.org\/{rel}","templated":true}]}}