{"id":758778,"date":"2025-08-28T08:14:36","date_gmt":"2025-08-28T05:14:36","guid":{"rendered":"https:\/\/roveyayinevi.com.tr\/index.php\/urun\/ebedi-safak\/"},"modified":"2026-04-16T03:11:46","modified_gmt":"2026-04-16T00:11:46","slug":"ebedi-safak","status":"publish","type":"product","link":"https:\/\/roveyayinevi.com.tr\/index.php\/urun\/ebedi-safak\/","title":{"rendered":"Ebedi \u015eafak"},"content":{"rendered":"<p>\u0130kinci D\u00fcnya Sava\u015f\u0131 \u00f6ncesinde d\u00fcnyay\u0131 kas\u0131p kavuran gerilim ve belirsizliklerin ortas\u0131nda, T\u00fcrkiye Cumhuriyeti, modern \u00e7a\u011fda bir devletin nas\u0131l reforme edilece\u011fi ve y\u00f6netilece\u011fi konusunda bir\u00e7ok ki\u015fiye benzersiz ve yap\u0131c\u0131 bir model olarak g\u00f6r\u00fcnd\u00fc. Bir\u00e7ok sava\u015f aras\u0131 g\u00f6zlemciye g\u00f6re T\u00fcrkiye, kendisini k\u00f6kten birle\u015fmi\u015f, g\u00fc\u00e7l\u00fc ve ilerici, ge\u00e7mi\u015finin y\u00fck\u00fcnden ar\u0131nm\u0131\u015f bir ulusa d\u00f6n\u00fc\u015ft\u00fcrm\u00fc\u015f bir \u00fclkeydi. Bu ba\u015far\u0131n\u0131n ba\u015f mimar\u0131 ve m\u00fchendisinin T\u00fcrkiye&#8217;nin kurucu cumhurba\u015fkan\u0131 Mustafa Kemal Atat\u00fcrk oldu\u011fu konusunda genel bir fikir birli\u011fi vard\u0131 ve bu inan\u00e7 onu d\u00fcnya tarihindeki en b\u00fcy\u00fck reformcu devlet adamlar\u0131 aras\u0131na yerle\u015ftirmi\u015fti. Atat\u00fcrk ve onun devrimci y\u00f6netimine ili\u015fkin bu genel alg\u0131 g\u00fcn\u00fcm\u00fcze kadar b\u00fcy\u00fck \u00f6l\u00e7\u00fcde varl\u0131\u011f\u0131n\u0131 s\u00fcrd\u00fcrm\u00fc\u015ft\u00fcr. B\u00fcy\u00fck \u00f6l\u00e7\u00fcde kullan\u0131lmam\u0131\u015f ar\u015fiv ve bilimsel kaynaklara dayanan bir \u00e7al\u0131\u015fma olan Ebedi \u015eafak, Atat\u00fcrk T\u00fcrkiye&#8217;sinin geli\u015fimine ve evrimine kapsaml\u0131 bir bak\u0131\u015f sunuyor. Akademisyen Ryan Gingeras, \u00fclkenin kurulu\u015funu ve d\u00f6n\u00fc\u015f\u00fcm\u00fcn\u00fc T\u00fcrkiye&#8217;nin ilk y\u0131llar\u0131n\u0131, ge\u00e7mi\u015fi ge\u00e7 Osmanl\u0131 \u0130mparatorlu\u011fu&#8217;na kadar uzanan \u00e7e\u015fitli toplumsal ve siyasi g\u00fc\u00e7lerin zirvesi olarak sunuyor. Gingeras, ba\u015fkentin yan\u0131 s\u0131ra T\u00fcrkiye&#8217;nin \u00e7e\u015fitli illerindeki ya\u015fam\u0131 tan\u0131mlayan sosyal ve politik ko\u015fullar\u0131 ayr\u0131nt\u0131l\u0131 bir \u015fekilde inceleyerek, cumhuriyetin kurulu\u015fu ve d\u00f6n\u00fc\u015f\u00fcm\u00fc sonucunda ortaya \u00e7\u0131kan bir\u00e7ok sert ger\u00e7ekleri ve ac\u0131 miraslar\u0131 a\u00e7\u0131\u011fa \u00e7\u0131kar\u0131yor.<\/p>\n","protected":false},"excerpt":{"rendered":"<p>\u0130kinci D\u00fcnya Sava\u015f\u0131 \u00f6ncesinde d\u00fcnyay\u0131 kas\u0131p kavuran gerilim ve belirsizliklerin ortas\u0131nda, T\u00fcrkiye Cumhuriyeti, modern \u00e7a\u011fda bir devletin nas\u0131l reforme edilece\u011fi ve y\u00f6netilece\u011fi konusunda bir\u00e7ok ki\u015fiye benzersiz<span class=\"excerpt-hellip\"> [\u2026]<\/span><\/p>\n","protected":false},"featured_media":0,"template":"","meta":{"_monsterinsights_skip_tracking":false,"_monsterinsights_sitenote_active":false,"_monsterinsights_sitenote_note":"","_monsterinsights_sitenote_category":0},"product_brand":[],"product_cat":[12304,13650],"product_tag":[],"class_list":{"0":"post-758778","1":"product","2":"type-product","3":"status-publish","5":"product_cat-tarih","6":"product_cat-turk-tarihi-arastirmalari","7":"pa_cilt-ciltsiz","8":"pa_tur-kitap","9":"pa_yayinevi-mitra-yayincilik","10":"pa_yazar-ryan-gingeras","12":"first","13":"instock","14":"sale","15":"shipping-taxable","16":"purchasable","17":"product-type-simple"},"_links":{"self":[{"href":"https:\/\/roveyayinevi.com.tr\/index.php\/wp-json\/wp\/v2\/product\/758778","targetHints":{"allow":["GET"]}}],"collection":[{"href":"https:\/\/roveyayinevi.com.tr\/index.php\/wp-json\/wp\/v2\/product"}],"about":[{"href":"https:\/\/roveyayinevi.com.tr\/index.php\/wp-json\/wp\/v2\/types\/product"}],"wp:attachment":[{"href":"https:\/\/roveyayinevi.com.tr\/index.php\/wp-json\/wp\/v2\/media?parent=758778"}],"wp:term":[{"taxonomy":"product_brand","embeddable":true,"href":"https:\/\/roveyayinevi.com.tr\/index.php\/wp-json\/wp\/v2\/product_brand?post=758778"},{"taxonomy":"product_cat","embeddable":true,"href":"https:\/\/roveyayinevi.com.tr\/index.php\/wp-json\/wp\/v2\/product_cat?post=758778"},{"taxonomy":"product_tag","embeddable":true,"href":"https:\/\/roveyayinevi.com.tr\/index.php\/wp-json\/wp\/v2\/product_tag?post=758778"}],"curies":[{"name":"wp","href":"https:\/\/api.w.org\/{rel}","templated":true}]}}