{"id":758751,"date":"2025-08-28T08:13:57","date_gmt":"2025-08-28T05:13:57","guid":{"rendered":"https:\/\/roveyayinevi.com.tr\/index.php\/urun\/chpde-sag-sapma\/"},"modified":"2026-04-16T03:11:46","modified_gmt":"2026-04-16T00:11:46","slug":"chpde-sag-sapma","status":"publish","type":"product","link":"https:\/\/roveyayinevi.com.tr\/index.php\/urun\/chpde-sag-sapma\/","title":{"rendered":"CHP\u2019de Sa\u011f Sapma"},"content":{"rendered":"<p>T\u00fcrkiye Cumhuriyeti\u2019yle ya\u015f\u0131t, 100 y\u0131ll\u0131k bir kurum Cumhuriyet Halk Partisi. 1950 se\u00e7imlerinden beri tek ba\u015f\u0131na iktidar olamam\u0131\u015f, 12 Eyl\u00fcl Darbesi\u2019yle kapat\u0131lm\u0131\u015f CHP bug\u00fcn \u201csa\u011fa sapmak\u201dla, hatal\u0131 ittifaklar yapmakla, yanl\u0131\u015f kesimlerle \u201chelalle\u015fmek\u201dle ele\u015ftiriliyor. Deneyimli gazeteci Fikret Bil\u00e2, CHP\u2019de Sa\u011f Sapma kitab\u0131nda CHP\u2019yi masaya yat\u0131r\u0131yor. Kurulu\u015fundan itibaren ge\u00e7irdi\u011fi k\u0131r\u0131lmalardan ya\u015fanan tart\u0131\u015fmalara, \u201claiklik\u201d konusuna \u00f6zel \u00f6nem verilen Deniz Baykal d\u00f6neminden yeni a\u00e7\u0131l\u0131mlar deneyen Kemal K\u0131l\u0131\u00e7daro\u011flu d\u00f6nemine kadar CHP\u2019nin 100 y\u0131l\u0131n\u0131n analizini yap\u0131yor. Kemal K\u0131l\u0131\u00e7daro\u011flu\u2019nun \u201csa\u011f sapma\u201d ve \u201chelalle\u015fme\u201d ele\u015ftirileri \u00fczerine yorum ve cevaplar\u0131yla  belge niteli\u011fi daha da kuvvetlenen kitab\u0131nda Bil\u00e2, gelece\u011fin CHP\u2019si i\u00e7in \u00e7a\u011fda\u015f siyaset kriterlerine dayanarak \u00f6nerilerde de bulunuyor. CHP\u2019de Sa\u011f Sapma sadece 100 y\u0131ll\u0131k bir siyasi partinin de\u011fil, ya\u015fad\u0131\u011f\u0131m\u0131z b\u00fct\u00fcn sorunlar\u0131n ve \u00fclkenin siyasi tarihinin de hik\u00e2yesi. <\/p>\n","protected":false},"excerpt":{"rendered":"<p>T\u00fcrkiye Cumhuriyeti\u2019yle ya\u015f\u0131t, 100 y\u0131ll\u0131k bir kurum Cumhuriyet Halk Partisi. 1950 se\u00e7imlerinden beri tek ba\u015f\u0131na iktidar olamam\u0131\u015f, 12 Eyl\u00fcl Darbesi\u2019yle kapat\u0131lm\u0131\u015f CHP bug\u00fcn \u201csa\u011fa sapmak\u201dla, hatal\u0131<span class=\"excerpt-hellip\"> [\u2026]<\/span><\/p>\n","protected":false},"featured_media":0,"template":"","meta":{"_monsterinsights_skip_tracking":false,"_monsterinsights_sitenote_active":false,"_monsterinsights_sitenote_note":"","_monsterinsights_sitenote_category":0},"product_brand":[],"product_cat":[12337],"product_tag":[],"class_list":{"0":"post-758751","1":"product","2":"type-product","3":"status-publish","5":"product_cat-politika-siyaset","6":"pa_cilt-ciltsiz","7":"pa_tur-kitap","8":"pa_yayinevi-kirmizi-kedi-yayinevi","9":"pa_yazar-fikret-bila","11":"first","12":"instock","13":"sale","14":"shipping-taxable","15":"purchasable","16":"product-type-simple"},"_links":{"self":[{"href":"https:\/\/roveyayinevi.com.tr\/index.php\/wp-json\/wp\/v2\/product\/758751","targetHints":{"allow":["GET"]}}],"collection":[{"href":"https:\/\/roveyayinevi.com.tr\/index.php\/wp-json\/wp\/v2\/product"}],"about":[{"href":"https:\/\/roveyayinevi.com.tr\/index.php\/wp-json\/wp\/v2\/types\/product"}],"wp:attachment":[{"href":"https:\/\/roveyayinevi.com.tr\/index.php\/wp-json\/wp\/v2\/media?parent=758751"}],"wp:term":[{"taxonomy":"product_brand","embeddable":true,"href":"https:\/\/roveyayinevi.com.tr\/index.php\/wp-json\/wp\/v2\/product_brand?post=758751"},{"taxonomy":"product_cat","embeddable":true,"href":"https:\/\/roveyayinevi.com.tr\/index.php\/wp-json\/wp\/v2\/product_cat?post=758751"},{"taxonomy":"product_tag","embeddable":true,"href":"https:\/\/roveyayinevi.com.tr\/index.php\/wp-json\/wp\/v2\/product_tag?post=758751"}],"curies":[{"name":"wp","href":"https:\/\/api.w.org\/{rel}","templated":true}]}}