{"id":758705,"date":"2025-08-28T08:12:47","date_gmt":"2025-08-28T05:12:47","guid":{"rendered":"https:\/\/roveyayinevi.com.tr\/index.php\/urun\/meslek-yuksek-okullari-icin-deniz-isletmeciliginde-gemi-yonetimi\/"},"modified":"2026-04-16T03:11:45","modified_gmt":"2026-04-16T00:11:45","slug":"meslek-yuksek-okullari-icin-deniz-isletmeciliginde-gemi-yonetimi","status":"publish","type":"product","link":"https:\/\/roveyayinevi.com.tr\/index.php\/urun\/meslek-yuksek-okullari-icin-deniz-isletmeciliginde-gemi-yonetimi\/","title":{"rendered":"Meslek Y\u00fcksek Okullar\u0131 \u0130\u00e7in Deniz \u0130\u015fletmecili\u011finde Gemi Y\u00f6netimi"},"content":{"rendered":"<p>Deniz ta\u015f\u0131mac\u0131l\u0131\u011f\u0131 hacim olarak d\u00fcnya ticaretinin yakla\u015f\u0131k %80&#8217;inin ger\u00e7ekle\u015ftirildi\u011fi dinamik bir ta\u015f\u0131mac\u0131l\u0131k \u015feklidir. UNCTAD (United Nations Conference On Trade and Development) 2013 raporunda yay\u0131nlanan verilere g\u00f6re global deniz ticareti 2013 y\u0131l\u0131nda %4,3 artarak 9 milyar dolar\u0131 a\u015fm\u0131\u015ft\u0131r. Deniz ticaretinin birincil bile\u015feni olan gemilerin y\u00f6netimi ve i\u015fletilmesi a\u015famalar\u0131 ise deniz ticaretinin kesintiye u\u011framaks\u0131z\u0131n devaml\u0131l\u0131\u011f\u0131n\u0131n sa\u011flanmas\u0131 a\u00e7\u0131s\u0131ndan \u00f6nem ta\u015f\u0131maktad\u0131r.   Denizcilik Meslek Y\u00fcksekokullar\u0131n\u0131n ana amac\u0131, deniz ticaretinin \u00e7e\u015fitli bile\u015fenlerine hizmet veren kurumlar ile gemi y\u00f6netim firmalar\u0131 ve bu firmalara destek veren di\u011fer kurum ve kurulu\u015flara uygun \u00e7al\u0131\u015fanlar\u0131n yeti\u015ftirilmesine y\u00f6nelik e\u011fitim vermektir. E\u011fitimli personel ihtiyac\u0131; \u00fclkemizde faaliyet g\u00f6steren denizcilik firmalar\u0131n\u0131n en \u00f6nemli ihtiya\u00e7lar\u0131 aras\u0131nda say\u0131lmaktad\u0131r. Bu nedenle de denizcilik meslek y\u00fcksekokullar\u0131ndan mezun olan \u00f6\u011frencilerin \u00f6nemli \u00e7al\u0131\u015fma alanlar\u0131ndan biri olan gemi y\u00f6netimi temelli sekt\u00f6r firmalar\u0131n\u0131n ihtiyac\u0131n\u0131 kar\u015f\u0131layacak donan\u0131ma sahip \u00f6\u011frenciler mezun edebilmek ilk \u00f6nceli\u011fimizdir.   Bu kitab\u0131n ana amac\u0131, sekt\u00f6r\u00fcn bu ihtiyac\u0131n\u0131n giderilmesine y\u00f6nelik olarak e\u011fitim veren denizcilik meslek y\u00fcksekokullar\u0131 i\u00e7in kullan\u0131labilir olacak bir kitap olu\u015fturabilmekti. Bu vesile ile de denizcilik meslek y\u00fcksekokullar\u0131n\u0131n bu ihtiyac\u0131n\u0131 kar\u015f\u0131layacak bir kaynak yarat\u0131ld\u0131\u011f\u0131n\u0131 d\u00fc\u015f\u00fcn\u00fcyorum.   Elinizde tuttu\u011funuz kitap, \u00fclkemizde denizcilik e\u011fitimi veren \u00f6nemli meslek y\u00fcksekokullar\u0131n\u0131n de\u011ferli \u00f6\u011fretim g\u00f6revlileri taraf\u0131ndan, \u00f6\u011frencileri sekt\u00f6r\u00fcn ihtiya\u00e7lar\u0131 do\u011frultusunda yeti\u015ftirebilmek gayesi ile haz\u0131rlanm\u0131\u015f ve bu amac\u0131yla T\u00fcrkiye&#8217;de ilk olma \u00f6zelli\u011fi ta\u015f\u0131yan bir kitapt\u0131r. Amac\u0131m\u0131z, bu eserin denizcilik e\u011fitimi veren t\u00fcm meslek y\u00fcksekokullar\u0131 \u00f6\u011frencileri ve \u00f6\u011fretim g\u00f6revlileri i\u00e7in kullan\u0131labilir olmas\u0131n\u0131n sa\u011flanmas\u0131d\u0131r. Ve bu amac\u0131n ger\u00e7ekle\u015fece\u011fine olan inanc\u0131m tamd\u0131r.   Bu \u00e7al\u0131\u015fman\u0131n ortaya \u00e7\u0131kmas\u0131nda eme\u011fi ge\u00e7en t\u00fcm de\u011ferli meslek y\u00fcksekokullar\u0131m\u0131z ve \u00f6\u011fretim g\u00f6revlileri ba\u015fta olmak \u00fczere, kitab\u0131n edit\u00f6rl\u00fc\u011f\u00fcn\u00fc \u00fcstlenen okulumuz Deniz ve Liman \u0130\u015fletmecili\u011fi Program Ba\u015fkan\u0131, \u00d6\u011fretim G\u00f6revlisi Nesli \u00c7ank\u0131r\u0131 Kolba\u015f\u0131&#8217;na, ortaya \u00e7\u0131kan bu fikri destekleyen ve geli\u015ftiren okul M\u00fcd\u00fcr\u00fcm\u00fcz Prof. Dr. Okan Tuna&#8217;ya ve eme\u011fi ge\u00e7en herkese en i\u00e7ten te\u015fekk\u00fcrlerimi sunuyorum. <\/p>\n","protected":false},"excerpt":{"rendered":"<p>Deniz ta\u015f\u0131mac\u0131l\u0131\u011f\u0131 hacim olarak d\u00fcnya ticaretinin yakla\u015f\u0131k %80&#8217;inin ger\u00e7ekle\u015ftirildi\u011fi dinamik bir ta\u015f\u0131mac\u0131l\u0131k \u015feklidir. UNCTAD (United Nations Conference On Trade and Development) 2013 raporunda yay\u0131nlanan verilere g\u00f6re<span class=\"excerpt-hellip\"> [\u2026]<\/span><\/p>\n","protected":false},"featured_media":0,"template":"","meta":{"_monsterinsights_skip_tracking":false,"_monsterinsights_sitenote_active":false,"_monsterinsights_sitenote_note":"","_monsterinsights_sitenote_category":0},"product_brand":[],"product_cat":[13043,14381],"product_tag":[],"class_list":{"0":"post-758705","1":"product","2":"type-product","3":"status-publish","5":"product_cat-ekonomi","6":"product_cat-isletme-muhasebe-maliye","7":"pa_cilt-ciltsiz","8":"pa_tur-kitap","9":"pa_yayinevi-beykoz-universitesi-yayinlari","10":"pa_yazar-kolektif","12":"first","13":"instock","14":"sale","15":"shipping-taxable","16":"purchasable","17":"product-type-simple"},"_links":{"self":[{"href":"https:\/\/roveyayinevi.com.tr\/index.php\/wp-json\/wp\/v2\/product\/758705","targetHints":{"allow":["GET"]}}],"collection":[{"href":"https:\/\/roveyayinevi.com.tr\/index.php\/wp-json\/wp\/v2\/product"}],"about":[{"href":"https:\/\/roveyayinevi.com.tr\/index.php\/wp-json\/wp\/v2\/types\/product"}],"wp:attachment":[{"href":"https:\/\/roveyayinevi.com.tr\/index.php\/wp-json\/wp\/v2\/media?parent=758705"}],"wp:term":[{"taxonomy":"product_brand","embeddable":true,"href":"https:\/\/roveyayinevi.com.tr\/index.php\/wp-json\/wp\/v2\/product_brand?post=758705"},{"taxonomy":"product_cat","embeddable":true,"href":"https:\/\/roveyayinevi.com.tr\/index.php\/wp-json\/wp\/v2\/product_cat?post=758705"},{"taxonomy":"product_tag","embeddable":true,"href":"https:\/\/roveyayinevi.com.tr\/index.php\/wp-json\/wp\/v2\/product_tag?post=758705"}],"curies":[{"name":"wp","href":"https:\/\/api.w.org\/{rel}","templated":true}]}}