{"id":758697,"date":"2025-08-28T08:12:37","date_gmt":"2025-08-28T05:12:37","guid":{"rendered":"https:\/\/roveyayinevi.com.tr\/index.php\/urun\/ermeni-meselesini-birlikte-konusmak\/"},"modified":"2026-04-16T03:11:44","modified_gmt":"2026-04-16T00:11:44","slug":"ermeni-meselesini-birlikte-konusmak","status":"publish","type":"product","link":"https:\/\/roveyayinevi.com.tr\/index.php\/urun\/ermeni-meselesini-birlikte-konusmak\/","title":{"rendered":"Ermeni Meselesini Birlikte Konu\u015fmak"},"content":{"rendered":"<p>Bu kitap neden okunmal\u0131d\u0131r?T\u00fcrkiye\u2019de, Ermeni sorunu konusunda pek \u00e7ok \u00e7al\u0131\u015fma yap\u0131lmaktad\u0131r. \u00d6zellikle son yirmi y\u0131lda bu konuda \u00f6nemli yol kat edilmi\u015f durumdad\u0131r. Bu \u00e7al\u0131\u015fma, Ermeni sorunu konusunda T\u00fcrkiye\u2019nin yeti\u015ftirdi\u011fi en \u00f6nemli bilim insanlar\u0131n\u0131n ve uluslararas\u0131 alandaki bilim insanlar\u0131n\u0131n g\u00f6r\u00fc\u015flerini i\u00e7erdi\u011fi i\u00e7in di\u011fer \u00e7al\u0131\u015fmalardan farkl\u0131d\u0131r. T\u00fcrkiye\u2019de Ermeni sorunu konusunda uzun y\u0131llar \u00e7al\u0131\u015fmalar y\u00fcr\u00fct\u00fclm\u00fc\u015f, bu alanda \u00f6nemli eserler ortaya koymu\u015f bilim insanlar\u0131n\u0131n haz\u0131rlad\u0131\u011f\u0131 b\u00f6l\u00fcmlerin, Ermeni sorunu konusunda okuyucuda ufuk a\u00e7\u0131c\u0131 olaca\u011f\u0131na inan\u0131lmaktad\u0131r. Bu kitapta;Ermeni sorunu nedir?Bu sorun nas\u0131l ortaya \u00e7\u0131km\u0131\u015ft\u0131r?Sorun uluslararas\u0131 boyuta nas\u0131l d\u00f6n\u00fc\u015fm\u00fc\u015ft\u00fcr?Ermeni sorunu konusunda do\u011fru ve yanl\u0131\u015f bilinen \u015feyler nelerdir?Ermeni sorununda olas\u0131 \u00e7\u00f6z\u00fcm yollar\u0131 neler olabilir?Ermeni sorunu konusunda nas\u0131l \u00e7al\u0131\u015f\u0131lmal\u0131d\u0131r?Bu konudaki gelecek perspektifi nas\u0131l olmal\u0131d\u0131r?Gibi sorular\u0131n cevaplar\u0131na, alan\u0131nda uzman bilim insanlar\u0131n\u0131n haz\u0131rlad\u0131\u011f\u0131 b\u00f6l\u00fcmlerde cevaplar bulabilece\u011finiz i\u00e7in bu kitap okunmal\u0131d\u0131r.<\/p>\n","protected":false},"excerpt":{"rendered":"<p>Bu kitap neden okunmal\u0131d\u0131r?T\u00fcrkiye\u2019de, Ermeni sorunu konusunda pek \u00e7ok \u00e7al\u0131\u015fma yap\u0131lmaktad\u0131r. \u00d6zellikle son yirmi y\u0131lda bu konuda \u00f6nemli yol kat edilmi\u015f durumdad\u0131r. Bu \u00e7al\u0131\u015fma, Ermeni sorunu<span class=\"excerpt-hellip\"> [\u2026]<\/span><\/p>\n","protected":false},"featured_media":0,"template":"","meta":{"_monsterinsights_skip_tracking":false,"_monsterinsights_sitenote_active":false,"_monsterinsights_sitenote_note":"","_monsterinsights_sitenote_category":0},"product_brand":[],"product_cat":[12370,12304],"product_tag":[],"class_list":{"0":"post-758697","1":"product","2":"type-product","3":"status-publish","5":"product_cat-arastirma-inceleme","6":"product_cat-tarih","7":"pa_cilt-ciltsiz","8":"pa_tur-kitap","9":"pa_yayinevi-istanbul-sabahattin-zaim-universitesi","10":"pa_yazar-kolektif","12":"first","13":"instock","14":"sale","15":"shipping-taxable","16":"purchasable","17":"product-type-simple"},"_links":{"self":[{"href":"https:\/\/roveyayinevi.com.tr\/index.php\/wp-json\/wp\/v2\/product\/758697","targetHints":{"allow":["GET"]}}],"collection":[{"href":"https:\/\/roveyayinevi.com.tr\/index.php\/wp-json\/wp\/v2\/product"}],"about":[{"href":"https:\/\/roveyayinevi.com.tr\/index.php\/wp-json\/wp\/v2\/types\/product"}],"wp:attachment":[{"href":"https:\/\/roveyayinevi.com.tr\/index.php\/wp-json\/wp\/v2\/media?parent=758697"}],"wp:term":[{"taxonomy":"product_brand","embeddable":true,"href":"https:\/\/roveyayinevi.com.tr\/index.php\/wp-json\/wp\/v2\/product_brand?post=758697"},{"taxonomy":"product_cat","embeddable":true,"href":"https:\/\/roveyayinevi.com.tr\/index.php\/wp-json\/wp\/v2\/product_cat?post=758697"},{"taxonomy":"product_tag","embeddable":true,"href":"https:\/\/roveyayinevi.com.tr\/index.php\/wp-json\/wp\/v2\/product_tag?post=758697"}],"curies":[{"name":"wp","href":"https:\/\/api.w.org\/{rel}","templated":true}]}}