{"id":758641,"date":"2025-08-28T08:11:10","date_gmt":"2025-08-28T05:11:10","guid":{"rendered":"https:\/\/roveyayinevi.com.tr\/index.php\/urun\/dogal-afetlerle-mucadelede-kamu-politikalari-sosyal-ekonomik-ve-mali-etkiler\/"},"modified":"2026-04-16T03:11:43","modified_gmt":"2026-04-16T00:11:43","slug":"dogal-afetlerle-mucadelede-kamu-politikalari-sosyal-ekonomik-ve-mali-etkiler","status":"publish","type":"product","link":"https:\/\/roveyayinevi.com.tr\/index.php\/urun\/dogal-afetlerle-mucadelede-kamu-politikalari-sosyal-ekonomik-ve-mali-etkiler\/","title":{"rendered":"Do\u011fal Afetlerle M\u00fccadelede Kamu Politikalar\u0131 Sosyal, Ekonomik Ve Mali Etkiler"},"content":{"rendered":"<p>\u0130\u00e7indekiler :   B\u00d6L\u00dcM I DO\u011eAL AFETLER\u0130N MAL\u0130 ETK\u0130LER\u0130 VE Y\u00d6NET\u0130M\u0130: TEOR\u0130 VE UYGULAMALAR \u00dcZER\u0130NE B\u0130R \u0130NCELEME   B\u00d6L\u00dcM II DO\u011eAL AFETLERLE M\u00dcCADELEDE HUKUK\u0130 VE \u0130DAR\u0130 D\u00dcZENLEMELER\u0130N KAPSAMI VE \u00d6NEM\u0130   B\u00d6L\u00dcM III DO\u011eAL AFETLER VE KAMU EKONOM\u0130S\u0130 \u00dcZER\u0130NE ETK\u0130LER\u0130   B\u00d6L\u00dcM IV KR\u0130Z Y\u00d6NET\u0130M\u0120 VE ARTAN AFET R\u0130SKLER\u0130   B\u00d6L\u00dcM V AFETLERE HAZIRLIK VE M\u00dcCADELEDE YEREL Y\u00d6NET\u0130MLER\u0130N \u00d6NEM\u0130, YETK\u0130 VE SORUMLULUKLARI   B\u00d6L\u00dcM VI AFET Y\u00d6NET\u0130M\u0130 S\u00dcREC\u0130NDE \u0130NSAN KAYNAKLARI Y\u00d6NET\u0130M\u0130   B\u00d6L\u00dcM VII DO\u011eAL AFETLER\u0130N EKONOM\u0130K YAPI \u00dcZER\u0130NDEK\u0130 ETK\u0130LER\u0130: TEOR\u0130K DE\u011eERLEND\u0130RME VE L\u0130TERAT\u00dcR \u0120NCELEMES\u0130   B\u00d6L\u00dcM VIII T\u00dcRK\u0130YE&#8217;N\u0130N DO\u011eAL AFET GE\u00c7M\u0130\u015e\u0130 VE BEKLENEN OLASI DO\u011eAL AFETLER   B\u00d6L\u00dcM IX 6 \u015eUBAT DEPREMLER\u0130 SONRASINDA AFET B\u00d6LGES\u0130 BELED\u0130YELER\u0130NDE \u00c7EVR\u0130M\u0130\u00c7\u0130 HESAPVER\u0130LEB\u0130L\u0130RL\u0130K VE AFET Y\u00d6NET\u0130M\u0130 BA\u011eLAMINDA B\u0130R DE\u011eERLEND\u0130RME <\/p>\n","protected":false},"excerpt":{"rendered":"<p>\u0130\u00e7indekiler : B\u00d6L\u00dcM I DO\u011eAL AFETLER\u0130N MAL\u0130 ETK\u0130LER\u0130 VE Y\u00d6NET\u0130M\u0130: TEOR\u0130 VE UYGULAMALAR \u00dcZER\u0130NE B\u0130R \u0130NCELEME B\u00d6L\u00dcM II DO\u011eAL AFETLERLE M\u00dcCADELEDE HUKUK\u0130 VE \u0130DAR\u0130 D\u00dcZENLEMELER\u0130N KAPSAMI<span class=\"excerpt-hellip\"> [\u2026]<\/span><\/p>\n","protected":false},"featured_media":0,"template":"","meta":{"_monsterinsights_skip_tracking":false,"_monsterinsights_sitenote_active":false,"_monsterinsights_sitenote_note":"","_monsterinsights_sitenote_category":0},"product_brand":[],"product_cat":[13005,40995],"product_tag":[],"class_list":{"0":"post-758641","1":"product","2":"type-product","3":"status-publish","5":"product_cat-bilim-muhendislik","6":"product_cat-sosyal-bilimler","7":"pa_cilt-ciltsiz","8":"pa_tur-kitap","9":"pa_yayinevi-gazi-kitabevi","10":"pa_yazar-kolektif","12":"first","13":"instock","14":"sale","15":"shipping-taxable","16":"purchasable","17":"product-type-simple"},"_links":{"self":[{"href":"https:\/\/roveyayinevi.com.tr\/index.php\/wp-json\/wp\/v2\/product\/758641","targetHints":{"allow":["GET"]}}],"collection":[{"href":"https:\/\/roveyayinevi.com.tr\/index.php\/wp-json\/wp\/v2\/product"}],"about":[{"href":"https:\/\/roveyayinevi.com.tr\/index.php\/wp-json\/wp\/v2\/types\/product"}],"wp:attachment":[{"href":"https:\/\/roveyayinevi.com.tr\/index.php\/wp-json\/wp\/v2\/media?parent=758641"}],"wp:term":[{"taxonomy":"product_brand","embeddable":true,"href":"https:\/\/roveyayinevi.com.tr\/index.php\/wp-json\/wp\/v2\/product_brand?post=758641"},{"taxonomy":"product_cat","embeddable":true,"href":"https:\/\/roveyayinevi.com.tr\/index.php\/wp-json\/wp\/v2\/product_cat?post=758641"},{"taxonomy":"product_tag","embeddable":true,"href":"https:\/\/roveyayinevi.com.tr\/index.php\/wp-json\/wp\/v2\/product_tag?post=758641"}],"curies":[{"name":"wp","href":"https:\/\/api.w.org\/{rel}","templated":true}]}}