{"id":758593,"date":"2025-08-28T08:09:15","date_gmt":"2025-08-28T05:09:15","guid":{"rendered":"https:\/\/roveyayinevi.com.tr\/index.php\/urun\/catalzeytin-ve-karadeniz-oykuleri\/"},"modified":"2026-04-16T03:11:42","modified_gmt":"2026-04-16T00:11:42","slug":"catalzeytin-ve-karadeniz-oykuleri","status":"publish","type":"product","link":"https:\/\/roveyayinevi.com.tr\/index.php\/urun\/catalzeytin-ve-karadeniz-oykuleri\/","title":{"rendered":"\u00c7atalzeytin ve Karadeniz \u00d6yk\u00fcleri"},"content":{"rendered":"<p>Karadeniz, y\u00f6resinde ve yamac\u0131nda ya\u015fayan insanlar\u0131m\u0131z\u0131n \u00fczerinde \u00f6nemli bir yere sahip. G\u00fcndelik hayatlar\u0131nda, ge\u00e7inme tela\u015flar\u0131 ve hayat kavgalar\u0131nda, kader \u00e7izgilerinde\u2026 Bir \u00e7ocuk kadar uysal ve sevecenken birden \u00f6fkeleniveren, ne yapaca\u011f\u0131n\u0131 kestirmesi zor bu kudretli deniz ile birlikte ya\u015fanm\u0131\u015f ne \u00f6yk\u00fcleri, ne maceralar\u0131 vard\u0131r Karadenizliler \u2019in! Bu kitapta Kastamonu\u2019nun cennet k\u0131y\u0131 kasabalar\u0131ndan \u00c7atalzeytin\u2019de ya\u015fayan Karadenizliler \u2018in devletine, milletine, yerine ve yurduna \u00e7ok d\u00fc\u015fk\u00fcn insanlar\u0131n \u00f6yk\u00fcleri anlat\u0131lmaya \u00e7al\u0131\u015f\u0131ld\u0131. 1910\u2019lardaki \u0130lk Belediye Reisi Mehmet H\u00fcsn\u00fc Bey\u2019in, 1960\u2019larda \u201cP\u00fct\u00fc Emmi\u201d \u0130brahim Me\u015fe\u2019nin, 1970\u2019lerin ba\u015f\u0131ndaki Belediye Elektrik\u00e7ilerinden Mustafa Korkmaz ile Hilmi Didin Kaptan\u2019\u0131n, 2000\u2019lerin ba\u015f\u0131ndaki belediye ile Esnaf Basri Karadeniz\u2019in, bir de 2023\u2019\u00fcn sonbahar\u0131nda \u00c7atalzeytin \u00e7ar\u015f\u0131s\u0131na inen Balatl\u0131 Tahir\u2019in\u2026 Umal\u0131m ki, \u00c7atalzeytinliler g\u00fczelce tarif edilebilmi\u015f, Karadeniz\u2019de ya\u015fanm\u0131\u015f binlerce \u00f6yk\u00fcn\u00fcn aras\u0131ndan bu \u015firin il\u00e7ede ya\u015fanm\u0131\u015f birka\u00e7\u0131 usul\u00fcnce anlat\u0131labilmi\u015ftir. <\/p>\n","protected":false},"excerpt":{"rendered":"<p>Karadeniz, y\u00f6resinde ve yamac\u0131nda ya\u015fayan insanlar\u0131m\u0131z\u0131n \u00fczerinde \u00f6nemli bir yere sahip. G\u00fcndelik hayatlar\u0131nda, ge\u00e7inme tela\u015flar\u0131 ve hayat kavgalar\u0131nda, kader \u00e7izgilerinde\u2026 Bir \u00e7ocuk kadar uysal ve sevecenken<span class=\"excerpt-hellip\"> [\u2026]<\/span><\/p>\n","protected":false},"featured_media":0,"template":"","meta":{"_monsterinsights_skip_tracking":false,"_monsterinsights_sitenote_active":false,"_monsterinsights_sitenote_note":"","_monsterinsights_sitenote_category":0},"product_brand":[],"product_cat":[12291,18202],"product_tag":[],"class_list":{"0":"post-758593","1":"product","2":"type-product","3":"status-publish","5":"product_cat-edebiyat","6":"product_cat-hikaye","7":"pa_cilt-ciltsiz","8":"pa_tur-kitap","9":"pa_yayinevi-kirmizi-ada-yayinlari","10":"pa_yazar-hasan-dogan","12":"first","13":"instock","14":"sale","15":"shipping-taxable","16":"purchasable","17":"product-type-simple"},"_links":{"self":[{"href":"https:\/\/roveyayinevi.com.tr\/index.php\/wp-json\/wp\/v2\/product\/758593","targetHints":{"allow":["GET"]}}],"collection":[{"href":"https:\/\/roveyayinevi.com.tr\/index.php\/wp-json\/wp\/v2\/product"}],"about":[{"href":"https:\/\/roveyayinevi.com.tr\/index.php\/wp-json\/wp\/v2\/types\/product"}],"wp:attachment":[{"href":"https:\/\/roveyayinevi.com.tr\/index.php\/wp-json\/wp\/v2\/media?parent=758593"}],"wp:term":[{"taxonomy":"product_brand","embeddable":true,"href":"https:\/\/roveyayinevi.com.tr\/index.php\/wp-json\/wp\/v2\/product_brand?post=758593"},{"taxonomy":"product_cat","embeddable":true,"href":"https:\/\/roveyayinevi.com.tr\/index.php\/wp-json\/wp\/v2\/product_cat?post=758593"},{"taxonomy":"product_tag","embeddable":true,"href":"https:\/\/roveyayinevi.com.tr\/index.php\/wp-json\/wp\/v2\/product_tag?post=758593"}],"curies":[{"name":"wp","href":"https:\/\/api.w.org\/{rel}","templated":true}]}}