{"id":758577,"date":"2025-08-28T08:08:48","date_gmt":"2025-08-28T05:08:48","guid":{"rendered":"https:\/\/roveyayinevi.com.tr\/index.php\/urun\/hakikat-sonrasi-cagda-yalan-yemin-ve-siyaset\/"},"modified":"2026-04-16T03:11:42","modified_gmt":"2026-04-16T00:11:42","slug":"hakikat-sonrasi-cagda-yalan-yemin-ve-siyaset","status":"publish","type":"product","link":"https:\/\/roveyayinevi.com.tr\/index.php\/urun\/hakikat-sonrasi-cagda-yalan-yemin-ve-siyaset\/","title":{"rendered":"Hakikat-Sonras\u0131 \u00c7a\u011fda Yalan Yemin ve Siyaset"},"content":{"rendered":"<p>Elinizdeki \u00e7al\u0131\u015fma, yalan ve siyaset aras\u0131ndaki ili\u015fkiyi yemin kavram\u0131n\u0131 merkeze alarak olduk\u00e7a \u00f6zg\u00fcn bir \u015fekilde tart\u0131\u015f\u0131yor. Yalan s\u00f6ylemeyi yemin kavram\u0131yla birlikte ele alan \u00d6zden, dilin sadece bir konu\u015fma arac\u0131 olamayaca\u011f\u0131n\u0131n, ayn\u0131 zamanda dilin etik bir mesele olarak anla\u015f\u0131lmas\u0131 gerekti\u011finin alt\u0131n\u0131 \u00e7iziyor. \u00c7a\u011fda\u015f demokrasi kuramlar\u0131n\u0131 Jacques Derrida, Hannah Arendt ve Giorgio Agamben ile tart\u0131\u015fan \u00d6zden, bizi hakikat sonras\u0131 siyasete farkl\u0131 bir perspektiften bakmaya davet ediyor. \u00d6zden\u2019e g\u00f6re bug\u00fcn \u201cs\u00f6z konusu olan, konu\u015fan varl\u0131k olarak insan\u0131n kendi ko\u015fulunu beyan etme kapasitesindeki bir eksiklik olan bu musibet halidir. Bu bak\u0131mdan hakikat-sonras\u0131na ili\u015fkin olarak bir\u00e7ok yazara, d\u00fc\u015f\u00fcn\u00fcre, akademisyene bir \u015feylerin farkl\u0131 oldu\u011funu d\u00fc\u015f\u00fcnd\u00fcren, kendi geleneksel rollerini, yani olgulara tan\u0131kl\u0131k yapmakla ili\u015fkilendirdikleri sorumluluklar\u0131n\u0131 yerine getirmelerine bu musibet hali nedeniyle dilin\/konu\u015fman\u0131n engel olmaya ba\u015flamas\u0131d\u0131r.\u201d\u00d6zden&#8217;in \u00e7al\u0131\u015fmas\u0131, okuru siyaset teorisinin derinliklerine davet ederek hakikat-sonras\u0131 siyaset tart\u0131\u015fmas\u0131na ufuk a\u00e7\u0131c\u0131 bir katk\u0131 sunuyor.  <\/p>\n","protected":false},"excerpt":{"rendered":"<p>Elinizdeki \u00e7al\u0131\u015fma, yalan ve siyaset aras\u0131ndaki ili\u015fkiyi yemin kavram\u0131n\u0131 merkeze alarak olduk\u00e7a \u00f6zg\u00fcn bir \u015fekilde tart\u0131\u015f\u0131yor. Yalan s\u00f6ylemeyi yemin kavram\u0131yla birlikte ele alan \u00d6zden, dilin sadece<span class=\"excerpt-hellip\"> [\u2026]<\/span><\/p>\n","protected":false},"featured_media":0,"template":"","meta":{"_monsterinsights_skip_tracking":false,"_monsterinsights_sitenote_active":false,"_monsterinsights_sitenote_note":"","_monsterinsights_sitenote_category":0},"product_brand":[],"product_cat":[12337],"product_tag":[],"class_list":{"0":"post-758577","1":"product","2":"type-product","3":"status-publish","5":"product_cat-politika-siyaset","6":"pa_cilt-ciltsiz","7":"pa_tur-kitap","8":"pa_yayinevi-nika-yayinevi","9":"pa_yazar-onder-ozden","11":"first","12":"instock","13":"sale","14":"shipping-taxable","15":"purchasable","16":"product-type-simple"},"_links":{"self":[{"href":"https:\/\/roveyayinevi.com.tr\/index.php\/wp-json\/wp\/v2\/product\/758577","targetHints":{"allow":["GET"]}}],"collection":[{"href":"https:\/\/roveyayinevi.com.tr\/index.php\/wp-json\/wp\/v2\/product"}],"about":[{"href":"https:\/\/roveyayinevi.com.tr\/index.php\/wp-json\/wp\/v2\/types\/product"}],"wp:attachment":[{"href":"https:\/\/roveyayinevi.com.tr\/index.php\/wp-json\/wp\/v2\/media?parent=758577"}],"wp:term":[{"taxonomy":"product_brand","embeddable":true,"href":"https:\/\/roveyayinevi.com.tr\/index.php\/wp-json\/wp\/v2\/product_brand?post=758577"},{"taxonomy":"product_cat","embeddable":true,"href":"https:\/\/roveyayinevi.com.tr\/index.php\/wp-json\/wp\/v2\/product_cat?post=758577"},{"taxonomy":"product_tag","embeddable":true,"href":"https:\/\/roveyayinevi.com.tr\/index.php\/wp-json\/wp\/v2\/product_tag?post=758577"}],"curies":[{"name":"wp","href":"https:\/\/api.w.org\/{rel}","templated":true}]}}