{"id":758427,"date":"2025-08-28T08:04:02","date_gmt":"2025-08-28T05:04:02","guid":{"rendered":"https:\/\/roveyayinevi.com.tr\/index.php\/urun\/adaletin-hayaletleri-cagdas-dusunurlerle-soylesiler\/"},"modified":"2026-04-16T03:11:24","modified_gmt":"2026-04-16T00:11:24","slug":"adaletin-hayaletleri-cagdas-dusunurlerle-soylesiler","status":"publish","type":"product","link":"https:\/\/roveyayinevi.com.tr\/index.php\/urun\/adaletin-hayaletleri-cagdas-dusunurlerle-soylesiler\/","title":{"rendered":"Adaletin Hayaletleri  \u2013\u00c7a\u011fda\u015f D\u00fc\u015f\u00fcn\u00fcrlerle S\u00f6yle\u015filer\u2013"},"content":{"rendered":"<p>\u0130nsanl\u0131\u011f\u0131n \u00fczerinde \u00f6teden beri bir hayalet dola\u015f\u0131yor. Hakk\u0131n hak sahibine verilmesinde \u0131srar eden, haks\u0131zl\u0131klar\u0131 hayk\u0131ran, insanl\u0131\u011fa musallat olmu\u015f, yakas\u0131n\u0131 asla b\u0131rakmayan bir hayalet bu: adalet. Ger\u00e7ek d\u00fcnyan\u0131n ac\u0131mas\u0131zl\u0131\u011f\u0131nda u\u011franan somut adaletsizliklerin so\u011fuk ger\u00e7ekli\u011fi kar\u015f\u0131s\u0131nda bize \u201cdo\u011frusunu\u201d buyuruyor. Kulaklar\u0131m\u0131z\u0131 s\u00f6zlerine t\u0131kasak da kalbimize ve zihnimize s\u0131zmay\u0131, bize y\u00f6n vermeyi biliyor. Toplama kamplar\u0131nda gaz odalar\u0131na g\u00f6nderilenlerden, haydut devletlerce ku\u015fat\u0131l\u0131p a\u00e7 b\u0131rak\u0131lan, evleri bombalanan insanlara kadar, her yerde, her \u015fartta, d\u00fc\u015fman karde\u015fler olarak bile onun \u00e7a\u011fr\u0131s\u0131na ortak bir tav\u0131rla cevap vermeden edemiyoruz. Adaleti seviyoruz, arzu ediyoruz, hayal ediyoruz, onun i\u00e7in dua ediyoruz, onu takip ediyoruz, u\u011frunda sava\u015f\u0131p \u00f6l\u00fcyoruz ama adaletin kendisi ortada \u201cyok\u201d. Gelecek diye bekliyoruz, umut ve kayg\u0131yla. Bu kitap Sema Cevirici Atilla\u2019n\u0131n \u00e7a\u011f\u0131m\u0131z\u0131n en \u00f6nemli d\u00fc\u015f\u00fcn\u00fcrlerinden ve felsefecilerinden baz\u0131lar\u0131yla adalet \u00fczerine yapt\u0131\u011f\u0131 felsefi s\u00f6yle\u015filerden olu\u015fuyor. Tanr\u0131, etik, hukuk, demokrasi, insan haklar\u0131, insan do\u011fas\u0131, yap\u0131s\u00f6k\u00fcm, hermen\u00f6tik, g\u00f6\u00e7 ve g\u00f6\u00e7menlik sorunu, anar\u015fizm, postanar\u015fizm gibi temalar ekseninde adaletin varl\u0131\u011f\u0131, neli\u011fi, gelece\u011fi ve insanl\u0131\u011f\u0131n h\u00e2lleri gibi g\u00fcncel meselelerin s\u00f6yle\u015finin rahat ve anla\u015f\u0131l\u0131r diliyle tart\u0131\u015f\u0131ld\u0131\u011f\u0131 bu masada kimler yok ki: Noam Chomsky, Richard Kearney, Simon Critchley, Seyla Benhabib, John D. Caputo, Samir Haddad, Cristopher Norris, Todd May, Saul Newman, Michel Rosenfeld, Richard J. Bernstein ve Lewis Call. Adaletin \u00e7ehrelerini, adil bir d\u00fcnyan\u0131n anlam\u0131n\u0131, olana\u011f\u0131n\u0131, \u00e7\u0131kmazlar\u0131n\u0131 ve adaletsizli\u011fin ald\u0131\u011f\u0131 bi\u00e7imleri g\u00fcn\u00fcm\u00fcz\u00fcn \u00f6nemli d\u00fc\u015f\u00fcn\u00fcrlerinin prizmas\u0131ndan, yepyeni renkleriyle g\u00f6rmek isteyen herkes bu s\u00f6yle\u015fiye davetlidir.<\/p>\n","protected":false},"excerpt":{"rendered":"<p>\u0130nsanl\u0131\u011f\u0131n \u00fczerinde \u00f6teden beri bir hayalet dola\u015f\u0131yor. Hakk\u0131n hak sahibine verilmesinde \u0131srar eden, haks\u0131zl\u0131klar\u0131 hayk\u0131ran, insanl\u0131\u011fa musallat olmu\u015f, yakas\u0131n\u0131 asla b\u0131rakmayan bir hayalet bu: adalet. Ger\u00e7ek<span class=\"excerpt-hellip\"> [\u2026]<\/span><\/p>\n","protected":false},"featured_media":0,"template":"","meta":{"_monsterinsights_skip_tracking":false,"_monsterinsights_sitenote_active":false,"_monsterinsights_sitenote_note":"","_monsterinsights_sitenote_category":0},"product_brand":[],"product_cat":[20351,12388],"product_tag":[],"class_list":{"0":"post-758427","1":"product","2":"type-product","3":"status-publish","5":"product_cat-dusunce","6":"product_cat-felsefe","7":"pa_cilt-ciltsiz","8":"pa_tur-kitap","9":"pa_yayinevi-fol-kitap","10":"pa_yazar-sema-cevirici-atilla","12":"first","13":"instock","14":"sale","15":"shipping-taxable","16":"purchasable","17":"product-type-simple"},"_links":{"self":[{"href":"https:\/\/roveyayinevi.com.tr\/index.php\/wp-json\/wp\/v2\/product\/758427","targetHints":{"allow":["GET"]}}],"collection":[{"href":"https:\/\/roveyayinevi.com.tr\/index.php\/wp-json\/wp\/v2\/product"}],"about":[{"href":"https:\/\/roveyayinevi.com.tr\/index.php\/wp-json\/wp\/v2\/types\/product"}],"wp:attachment":[{"href":"https:\/\/roveyayinevi.com.tr\/index.php\/wp-json\/wp\/v2\/media?parent=758427"}],"wp:term":[{"taxonomy":"product_brand","embeddable":true,"href":"https:\/\/roveyayinevi.com.tr\/index.php\/wp-json\/wp\/v2\/product_brand?post=758427"},{"taxonomy":"product_cat","embeddable":true,"href":"https:\/\/roveyayinevi.com.tr\/index.php\/wp-json\/wp\/v2\/product_cat?post=758427"},{"taxonomy":"product_tag","embeddable":true,"href":"https:\/\/roveyayinevi.com.tr\/index.php\/wp-json\/wp\/v2\/product_tag?post=758427"}],"curies":[{"name":"wp","href":"https:\/\/api.w.org\/{rel}","templated":true}]}}