{"id":758382,"date":"2025-08-28T08:02:43","date_gmt":"2025-08-28T05:02:43","guid":{"rendered":"https:\/\/roveyayinevi.com.tr\/index.php\/urun\/olmemek-uzere-dogan-bahtiyar-yunus-emre\/"},"modified":"2026-04-16T03:11:23","modified_gmt":"2026-04-16T00:11:23","slug":"olmemek-uzere-dogan-bahtiyar-yunus-emre","status":"publish","type":"product","link":"https:\/\/roveyayinevi.com.tr\/index.php\/urun\/olmemek-uzere-dogan-bahtiyar-yunus-emre\/","title":{"rendered":"\u00d6lmemek \u00dczere Do\u011fan Bahtiyar: Yunus Emre"},"content":{"rendered":"<p>\u00c7al\u0131\u015fmam\u0131z, bahsedilen Yunus\u2019u anlama eksikli\u011fini kapatma iddias\u0131nda de\u011fildir. Fakat onun kendine, evrene bak\u0131\u015f\u0131ndaki orijinalli\u011fi bir nebze olsun g\u00f6sterme niyetindedir. T\u00fcrk\u00e7e denince akla ilk gelenin Yunus olmas\u0131 bo\u015funa de\u011fildir. Onun topra\u011fa yerli duyu\u015f p\u0131narl\u0131\u011f\u0131, ya\u015fad\u0131klar\u0131na kar\u015f\u0131 zihnini harekete ge\u00e7irme iste\u011fi d\u00fc\u015f\u00fcncelerini, duyu\u015flar\u0131n\u0131, deyi\u015flerine nas\u0131l ekti\u011fini g\u00f6stererek duyu\u015f ve deyi\u015f k\u0131tl\u0131\u011f\u0131ndaki ya\u015fad\u0131\u011f\u0131m\u0131z d\u00f6nem insan\u0131na \u201csen de d\u00fc\u015f\u00fcn\u201d, sen de s\u00f6yle\u201d, \u201csen de yap\u201d teklifidir adeta. \u0130ster t\u00fcrk\u00fc ile ister resim. \u0130ster \u00f6yk\u00fc ile ister felsefe. Yeter ki sen d\u00fc\u015f\u00fcn ve bittabi sen s\u00f6yle. Sen sor. \u00d6nce kendine sor. Yol s\u00fcr\u00fcp gidiyor. \u00c7ok yol az var\u0131\u015f olsa da kendin \u00e7\u0131k kendi yoluna. Bu yolculukta hakikatin d\u00fcnyal\u0131\u011fa feda edilmeyece\u011fini anla\u2026Kuyunun dibindeki g\u00f6\u011f\u00fc bir kar\u0131\u015f san\u0131rm\u0131\u015f. Okuyucunun \u00e7al\u0131\u015fmam\u0131zdaki eksiklikleri Yunus\u2019a de\u011fil bu g\u00f6r\u00fc\u015f darl\u0131\u011f\u0131 nedeniyle bana vermesi istirham\u0131 ile.Dr. Orhan BASAT<\/p>\n","protected":false},"excerpt":{"rendered":"<p>\u00c7al\u0131\u015fmam\u0131z, bahsedilen Yunus\u2019u anlama eksikli\u011fini kapatma iddias\u0131nda de\u011fildir. Fakat onun kendine, evrene bak\u0131\u015f\u0131ndaki orijinalli\u011fi bir nebze olsun g\u00f6sterme niyetindedir. T\u00fcrk\u00e7e denince akla ilk gelenin Yunus olmas\u0131<span class=\"excerpt-hellip\"> [\u2026]<\/span><\/p>\n","protected":false},"featured_media":0,"template":"","meta":{"_monsterinsights_skip_tracking":false,"_monsterinsights_sitenote_active":false,"_monsterinsights_sitenote_note":"","_monsterinsights_sitenote_category":0},"product_brand":[],"product_cat":[14009,12291],"product_tag":[],"class_list":{"0":"post-758382","1":"product","2":"type-product","3":"status-publish","5":"product_cat-biyografi-otobiyografi-edebiyat","6":"product_cat-edebiyat","7":"pa_cilt-ciltsiz","8":"pa_tur-kitap","9":"pa_yayinevi-telve-kitap","10":"pa_yazar-orhan-basat","12":"first","13":"instock","14":"sale","15":"shipping-taxable","16":"purchasable","17":"product-type-simple"},"_links":{"self":[{"href":"https:\/\/roveyayinevi.com.tr\/index.php\/wp-json\/wp\/v2\/product\/758382","targetHints":{"allow":["GET"]}}],"collection":[{"href":"https:\/\/roveyayinevi.com.tr\/index.php\/wp-json\/wp\/v2\/product"}],"about":[{"href":"https:\/\/roveyayinevi.com.tr\/index.php\/wp-json\/wp\/v2\/types\/product"}],"wp:attachment":[{"href":"https:\/\/roveyayinevi.com.tr\/index.php\/wp-json\/wp\/v2\/media?parent=758382"}],"wp:term":[{"taxonomy":"product_brand","embeddable":true,"href":"https:\/\/roveyayinevi.com.tr\/index.php\/wp-json\/wp\/v2\/product_brand?post=758382"},{"taxonomy":"product_cat","embeddable":true,"href":"https:\/\/roveyayinevi.com.tr\/index.php\/wp-json\/wp\/v2\/product_cat?post=758382"},{"taxonomy":"product_tag","embeddable":true,"href":"https:\/\/roveyayinevi.com.tr\/index.php\/wp-json\/wp\/v2\/product_tag?post=758382"}],"curies":[{"name":"wp","href":"https:\/\/api.w.org\/{rel}","templated":true}]}}