{"id":758380,"date":"2025-08-28T08:02:38","date_gmt":"2025-08-28T05:02:38","guid":{"rendered":"https:\/\/roveyayinevi.com.tr\/index.php\/urun\/benim-dunyam-benim-alemim\/"},"modified":"2026-04-16T03:11:23","modified_gmt":"2026-04-16T00:11:23","slug":"benim-dunyam-benim-alemim","status":"publish","type":"product","link":"https:\/\/roveyayinevi.com.tr\/index.php\/urun\/benim-dunyam-benim-alemim\/","title":{"rendered":"Benim D\u00fcnyam Benim \u00c2lemim"},"content":{"rendered":"<p>Yirminci y\u00fczy\u0131l\u0131n ortalar\u0131ndan ba\u015flay\u0131p, yirmibirinci y\u00fczy\u0131l\u0131n ilk \u00e7eyre\u011fine kadar yetmi\u015f seneyi a\u015fan hayat\u0131mda bir\u00e7ok olay\u0131n i\u00e7inde veya kenar\u0131nda bulundum. \u00d6mr\u00fcm\u00fcn sonbahar\u0131nda kaleme ald\u0131\u011f\u0131m bu \u00e7al\u0131\u015fmamla \u00e7ocuklu\u011fumdan ba\u015flayarak tahsil hayat\u0131m\u0131, siyas\u00ee maceralar\u0131m\u0131, sosyal ve k\u00fclt\u00fcrel faaliyetlerimi kronolojik bir s\u0131ra d\u00e2hilinde anlatmaya \u00e7al\u0131\u015ft\u0131m.Ya\u015fad\u0131\u011f\u0131m olaylar\u0131n yorumu, ortalama bir M\u00fcsl\u00fcman-T\u00fcrk insan\u0131n\u0131n de\u011ferlendirmeleri olarak kab\u00fbl edilmelidir. Ba\u015fka bir deyi\u015fle bu \u00e7al\u0131\u015fma, bir sosyolojik analiz kitab\u0131 olmay\u0131p ancak ya\u015fad\u0131\u011f\u0131m anlar\u0131 kendi zihin s\u00fczgecimden ge\u00e7irerek yine benim yorumlay\u0131p de\u011ferlendi\u011fim ve olaylar zinciri olarak kaleme ald\u0131\u011f\u0131m yaz\u0131lar\u0131mdan ibarettir.Ancak nakletti\u011fim olaylar\u0131n okuyucuya, ya\u015fad\u0131\u011f\u0131m d\u00f6nemlerin siyas\u00ee, sosyolojik ve k\u00fclt\u00fcrel \u00f6zellikleri hakk\u0131nda bir tak\u0131m ipu\u00e7lar\u0131 verdi\u011fi inanc\u0131n\u0131 ta\u015f\u0131maktay\u0131m. Bu hat\u0131rat\u0131n bana g\u00f6re en \u00f6nemli taraf\u0131 da bu husustur. Zira bizim nesil, D\u00fcnya\u2019n\u0131n, T\u00fcrkiye\u2019nin ve Kayseri\u2019nin k\u00f6kl\u00fc k\u00fclt\u00fcr de\u011fi\u015fikliklerine u\u011frad\u0131\u011f\u0131, bir zaman dilimini ya\u015fam\u0131\u015ft\u0131r. Karasaban\u0131 da, Ay\u2019a ayak basan insan\u0131 da g\u00f6rd\u00fck. Gaz oca\u011f\u0131nda pi\u015fen yeme\u011fi de yedik, Rusya\u2019dan gelen do\u011falgazda pi\u015feni de. Toprak daml\u0131 evlerden apartman katlar\u0131na, yer sofralar\u0131ndan masalara, e\u015fek veya at arabalar\u0131ndan u\u00e7aklara, Tommiks \u00e7izgi hik\u00e2yelerinden, 4-G liplay station ser\u00fcvenlerine, daktilodan bilgisayara ve internete ge\u00e7i\u015f d\u00f6nemlerini safha safha ya\u015fad\u0131k.Yani k\u00f6pr\u00fc nesil\u2026BEN K\u00d6PR\u00dcN\u00dcN GE\u00c7M\u0130\u015e YAKASINI ANLATTIM. \u015e\u0130MD\u0130K\u0130 ZAMAN YAKASI ZATEN YA\u015eANIYOR. OKUYUCUYA D\u00dc\u015eEN, \u201c\u0130K\u0130 YAKAYI MUKAYESE ETMEKT\u0130R\u201d D\u0130YE D\u00dc\u015e\u00dcN\u00dcYORUM.Halit ERK\u0130LETL\u0130O\u011eLU<\/p>\n","protected":false},"excerpt":{"rendered":"<p>Yirminci y\u00fczy\u0131l\u0131n ortalar\u0131ndan ba\u015flay\u0131p, yirmibirinci y\u00fczy\u0131l\u0131n ilk \u00e7eyre\u011fine kadar yetmi\u015f seneyi a\u015fan hayat\u0131mda bir\u00e7ok olay\u0131n i\u00e7inde veya kenar\u0131nda bulundum. \u00d6mr\u00fcm\u00fcn sonbahar\u0131nda kaleme ald\u0131\u011f\u0131m bu \u00e7al\u0131\u015fmamla \u00e7ocuklu\u011fumdan<span class=\"excerpt-hellip\"> [\u2026]<\/span><\/p>\n","protected":false},"featured_media":0,"template":"","meta":{"_monsterinsights_skip_tracking":false,"_monsterinsights_sitenote_active":false,"_monsterinsights_sitenote_note":"","_monsterinsights_sitenote_category":0},"product_brand":[],"product_cat":[13701,12291],"product_tag":[],"class_list":{"0":"post-758380","1":"product","2":"type-product","3":"status-publish","5":"product_cat-ani-mektup-gunluk","6":"product_cat-edebiyat","7":"pa_cilt-ciltsiz","8":"pa_tur-kitap","9":"pa_yayinevi-telve-kitap","10":"pa_yazar-halit-erkiletlioglu","12":"first","13":"instock","14":"sale","15":"shipping-taxable","16":"purchasable","17":"product-type-simple"},"_links":{"self":[{"href":"https:\/\/roveyayinevi.com.tr\/index.php\/wp-json\/wp\/v2\/product\/758380","targetHints":{"allow":["GET"]}}],"collection":[{"href":"https:\/\/roveyayinevi.com.tr\/index.php\/wp-json\/wp\/v2\/product"}],"about":[{"href":"https:\/\/roveyayinevi.com.tr\/index.php\/wp-json\/wp\/v2\/types\/product"}],"wp:attachment":[{"href":"https:\/\/roveyayinevi.com.tr\/index.php\/wp-json\/wp\/v2\/media?parent=758380"}],"wp:term":[{"taxonomy":"product_brand","embeddable":true,"href":"https:\/\/roveyayinevi.com.tr\/index.php\/wp-json\/wp\/v2\/product_brand?post=758380"},{"taxonomy":"product_cat","embeddable":true,"href":"https:\/\/roveyayinevi.com.tr\/index.php\/wp-json\/wp\/v2\/product_cat?post=758380"},{"taxonomy":"product_tag","embeddable":true,"href":"https:\/\/roveyayinevi.com.tr\/index.php\/wp-json\/wp\/v2\/product_tag?post=758380"}],"curies":[{"name":"wp","href":"https:\/\/api.w.org\/{rel}","templated":true}]}}