{"id":758291,"date":"2025-08-28T08:00:04","date_gmt":"2025-08-28T05:00:04","guid":{"rendered":"https:\/\/roveyayinevi.com.tr\/index.php\/urun\/egitim-ve-toplum\/"},"modified":"2026-04-16T03:11:21","modified_gmt":"2026-04-16T00:11:21","slug":"egitim-ve-toplum","status":"publish","type":"product","link":"https:\/\/roveyayinevi.com.tr\/index.php\/urun\/egitim-ve-toplum\/","title":{"rendered":"E\u011fitim ve Toplum"},"content":{"rendered":"<p>Bu kitap sorunlara ve a\u00e7\u0131klamalara, yani a\u00e7\u0131klama ihtiyac\u0131 duyan \u015feylere ve onlar\u0131n a\u00e7\u0131klanma tarzlar\u0131na odaklanarak e\u011fitim sosyolojisine bir giri\u015f, bir ba\u015flang\u0131\u00e7 yapmay\u0131 ama\u00e7l\u0131yor. Belki de bu kayg\u0131dan hareketle elinizdeki metinde al\u0131\u015f\u0131lm\u0131\u015f\u0131n d\u0131\u015f\u0131nda bir yakla\u015f\u0131m\u0131 benimseyece\u011fiz. Bu metnin bak\u0131\u015f a\u00e7\u0131s\u0131 ilgilerin ve yakla\u015f\u0131mlar\u0131n geli\u015fmesini, do\u011fan ve birbirini izleyen ilgiler ve yakla\u015f\u0131mlar olarak ifade etme anlam\u0131nda t\u00fcm\u00fcyle tarihsel bir bak\u0131\u015f a\u00e7\u0131s\u0131 da de\u011fildir teorik perspektifler etraf\u0131nda organize edilmi\u015f formel bir bak\u0131\u015f a\u00e7\u0131s\u0131 da de\u011fildir. Fakat yine de elinizdeki metnin tarihe bir vurgusu vard\u0131r; \u00e7\u00fcnk\u00fc amac\u0131 bu alandaki d\u00fc\u015f\u00fcnceyi b\u00fct\u00fcn derinli\u011fiyle takdim etmektir.  Bu kitap sosyolojinin kurucu d\u00fc\u015f\u00fcn\u00fcrlerini m\u00fcmk\u00fcn mertebe ayr\u0131nt\u0131yla ele al\u0131yor ve bu alan\u0131n ge\u00e7mi\u015f elli y\u0131l\u0131n\u0131 geriye ve ileriye do\u011fru kat ediyor. O hem yakla\u015f\u0131mlar\u0131n teorik yakla\u015f\u0131mlar olarak anla\u015f\u0131lma tarzlar\u0131na hem de farkl\u0131 bak\u0131\u015f a\u00e7\u0131lar\u0131n\u0131n belirli sorunlar\u0131 ele alma tarzlar\u0131na odaklan\u0131yor. Bu noktada farkl\u0131 t\u00fcrde ilgileri var: ilkin, sorunlar\u0131n tespitinin i\u00e7erdi\u011fi \u015feyler nelerdir; ikincileyin, sorunlar\u0131n belirli bir \u015fekilde a\u00e7\u0131klanmas\u0131n\u0131n icap ettirdi\u011fi \u015feyler nelerdir? \u0130lki g\u00f6r\u00fcnen d\u00fcnyan\u0131n nas\u0131l oldu\u011fuyla; ikincisi, e\u011fer belirli bir a\u00e7\u0131klamas\u0131n\u0131n ikna edici olmas\u0131 icap ediyorsa d\u00fcnyan\u0131n nas\u0131l olmas\u0131 gerekti\u011fiyle alakal\u0131d\u0131r. S\u00f6z\u00fcn geli\u015fi, e\u011fer e\u011fitimin \u2018kapitalizmin\u2019 ya da \u2018end\u00fcstriyelizmin\u2019 veya \u2018patriyar\u015finin\/peder\u015fahili\u011fin\u2019 \u00e7\u0131karlar\u0131na hizmet etti\u011fine inan\u0131l\u0131yorsa, bunun m\u00fcmk\u00fcn olabilmesi i\u00e7in d\u00fcnyada ne t\u00fcr \u015feylerin vuku bulmas\u0131 gerekir? Bizim d\u00fcnyam\u0131z fark edilebilir \u015fekilde ger\u00e7ekten b\u00f6yle bir d\u00fcnya m\u0131d\u0131r? A\u00e7\u0131klamalar\u0131m\u0131z b\u00f6yle oldu\u011funu d\u00fc\u015f\u00fcnd\u00fc\u011f\u00fcm\u00fcz d\u00fcnyan\u0131n ne kadar ve ne \u00f6l\u00e7\u00fcde kabul edilebilir izahlar\u0131d\u0131r? Temel soru \u015fudur: \u2018Bu d\u00fcnya nas\u0131l varl\u0131\u011f\u0131n\u0131 s\u00fcrd\u00fcrmektedir?<\/p>\n","protected":false},"excerpt":{"rendered":"<p>Bu kitap sorunlara ve a\u00e7\u0131klamalara, yani a\u00e7\u0131klama ihtiyac\u0131 duyan \u015feylere ve onlar\u0131n a\u00e7\u0131klanma tarzlar\u0131na odaklanarak e\u011fitim sosyolojisine bir giri\u015f, bir ba\u015flang\u0131\u00e7 yapmay\u0131 ama\u00e7l\u0131yor. Belki de bu<span class=\"excerpt-hellip\"> [\u2026]<\/span><\/p>\n","protected":false},"featured_media":0,"template":"","meta":{"_monsterinsights_skip_tracking":false,"_monsterinsights_sitenote_active":false,"_monsterinsights_sitenote_note":"","_monsterinsights_sitenote_category":0},"product_brand":[],"product_cat":[12324],"product_tag":[],"class_list":{"0":"post-758291","1":"product","2":"type-product","3":"status-publish","5":"product_cat-sosyoloji","6":"pa_cilt-ciltsiz","7":"pa_tur-kitap","8":"pa_yayinevi-paradigma-yayinlari","9":"pa_yazar-rob-moore","11":"first","12":"instock","13":"sale","14":"shipping-taxable","15":"purchasable","16":"product-type-simple"},"_links":{"self":[{"href":"https:\/\/roveyayinevi.com.tr\/index.php\/wp-json\/wp\/v2\/product\/758291","targetHints":{"allow":["GET"]}}],"collection":[{"href":"https:\/\/roveyayinevi.com.tr\/index.php\/wp-json\/wp\/v2\/product"}],"about":[{"href":"https:\/\/roveyayinevi.com.tr\/index.php\/wp-json\/wp\/v2\/types\/product"}],"wp:attachment":[{"href":"https:\/\/roveyayinevi.com.tr\/index.php\/wp-json\/wp\/v2\/media?parent=758291"}],"wp:term":[{"taxonomy":"product_brand","embeddable":true,"href":"https:\/\/roveyayinevi.com.tr\/index.php\/wp-json\/wp\/v2\/product_brand?post=758291"},{"taxonomy":"product_cat","embeddable":true,"href":"https:\/\/roveyayinevi.com.tr\/index.php\/wp-json\/wp\/v2\/product_cat?post=758291"},{"taxonomy":"product_tag","embeddable":true,"href":"https:\/\/roveyayinevi.com.tr\/index.php\/wp-json\/wp\/v2\/product_tag?post=758291"}],"curies":[{"name":"wp","href":"https:\/\/api.w.org\/{rel}","templated":true}]}}