{"id":758285,"date":"2025-08-28T07:59:57","date_gmt":"2025-08-28T04:59:57","guid":{"rendered":"https:\/\/roveyayinevi.com.tr\/index.php\/urun\/osmanli-dunyasinda-diplomasi-ve-siyaset-ciltli\/"},"modified":"2026-04-16T03:11:21","modified_gmt":"2026-04-16T00:11:21","slug":"osmanli-dunyasinda-diplomasi-ve-siyaset-ciltli","status":"publish","type":"product","link":"https:\/\/roveyayinevi.com.tr\/index.php\/urun\/osmanli-dunyasinda-diplomasi-ve-siyaset-ciltli\/","title":{"rendered":"Osmanl\u0131 D\u00fcnyas\u0131nda Diplomasi ve Siyaset (Ciltli)"},"content":{"rendered":"<p>\u201cArt\u0131k, devletin ayakta kalmas\u0131n\u0131n tek yolu diplomasidir ve bunu idrak eden Tanzimat ric\u00e2linin de ifadesiyle, devletin koruyucusu art\u0131k bizzat \u0130stanbul\u2019un kendisidir!\u201d Prof. Dr. Kemal BeydilliOsmanl\u0131 tarihi alan\u0131nda yapt\u0131\u011f\u0131 orijinal \u00e7al\u0131\u015fmalarla hem yurt i\u00e7inde hem de yurt d\u0131\u015f\u0131nda maruf Prof. Dr. Kemal Beydilli uzun y\u0131llar boyunca s\u00fcrd\u00fcrd\u00fc\u011f\u00fc titiz \u00e7al\u0131\u015fmalar\u0131n\u0131n sonucu olan makalelerini bir araya getirmeye devam ediyor. Serinin \u00fc\u00e7\u00fcnc\u00fc cildinde Osmanl\u0131 tarihinde hat\u0131r\u0131 say\u0131l\u0131r yeri olan m\u00fchim \u015fahsiyetlerin hayatlar\u0131 ve eserleri \u00f6zg\u00fcn bir \u015fekilde ele al\u0131n\u0131yor. Osmanl\u0131 D\u00fcnyas\u0131nda Diplomasi ve Siyaset: \u00d6nemli \u0130simler ve Eserleri \/ Se\u00e7ilmi\u015f Makaleler 3, kitaba ismini veren diplomasi konusundaki bir incelemeyle ba\u015fl\u0131yor. Kelimenin tahlilinden tatbikattaki de\u011fi\u015fkenliklere kadar Osmanl\u0131 diplomasisini masaya yat\u0131ran Beydilli, Avrupa\u2019n\u0131n uluslararas\u0131 siyaset sahnesinde g\u00fc\u00e7 kazanmas\u0131yla diplomasinin Osmanl\u0131 i\u00e7in nas\u0131l hayati bir unsur h\u00e2line geldi\u011fini anlamam\u0131za olanak sa\u011fl\u0131yor.Eserin devam\u0131nda Osmanl\u0131\u2019n\u0131n ilk tarih\u00e7isi \u00c2\u015f\u0131kpa\u015faz\u00e2de Dervi\u015f Ahmed , Evliya \u00c7elebi\u2019nin Seyahatn\u00e2mesi\u2019ni ke\u015ffeden ve daha ziyade 10 ciltlik Osmanl\u0131 Tarihi ile tan\u0131nan, me\u015fhur Avusturyal\u0131 tarih\u00e7i ve \u015earkiyat\u00e7\u0131 Joseph von Hammer, Osmanl\u0131 \u0130mparatorlu\u011fu\u2019nun hukuksal yap\u0131s\u0131 ve toplumsal tarihi bak\u0131m\u0131ndan en \u00f6nemli kaynaklardan biri say\u0131lan ve m\u00fcstesna grav\u00fcrler i\u00e7eren Osmanl\u0131 \u0130mparatorlu\u011fu\u2019nun Men\u00e2z\u0131r-\u0131 Um\u00fbmisi adl\u0131 maruf eserin sahibi Ermeni k\u00f6kenli bir Osmanl\u0131 vatanda\u015f\u0131 olan Ignatius Mouradgea d\u2019Ohsson (Muradcan Tosunyan)  ve yine d\u00f6neminin en \u00f6nemli devlet adamlar\u0131ndan Avusturya ba\u015fbakan\u0131 Prens Metternich \u00fczerine makaleler yer al\u0131yor. Beydilli ayr\u0131ca bu isimler kadar bilindik olmasa da ya\u015fad\u0131klar\u0131 d\u00f6nemde tan\u0131nan, tarihe y\u00f6n veren ilgin\u00e7 ki\u015filiklerin ya\u015fam \u00f6yk\u00fclerine ve faaliyetlerine de mercek tutuyor.Makaleler bir b\u00fct\u00fcnl\u00fck i\u00e7inde okundu\u011funda ise Osmanl\u0131\u2019n\u0131n son d\u00f6nemdeki diplomatik faaliyetleri ve izledi\u011fi politikalar hakk\u0131nda okuyucunun zihninde canl\u0131 bir resim olu\u015fuyor.<\/p>\n","protected":false},"excerpt":{"rendered":"<p>\u201cArt\u0131k, devletin ayakta kalmas\u0131n\u0131n tek yolu diplomasidir ve bunu idrak eden Tanzimat ric\u00e2linin de ifadesiyle, devletin koruyucusu art\u0131k bizzat \u0130stanbul\u2019un kendisidir!\u201d Prof. Dr. Kemal BeydilliOsmanl\u0131 tarihi<span class=\"excerpt-hellip\"> [\u2026]<\/span><\/p>\n","protected":false},"featured_media":0,"template":"","meta":{"_monsterinsights_skip_tracking":false,"_monsterinsights_sitenote_active":false,"_monsterinsights_sitenote_note":"","_monsterinsights_sitenote_category":0},"product_brand":[],"product_cat":[13517,12304],"product_tag":[],"class_list":{"0":"post-758285","1":"product","2":"type-product","3":"status-publish","5":"product_cat-osmanli-tarihi","6":"product_cat-tarih","7":"pa_cilt-ciltli","8":"pa_tur-kitap","9":"pa_yayinevi-timas-yayinlari","10":"pa_yazar-kemal-beydilli","12":"first","13":"instock","14":"sale","15":"shipping-taxable","16":"purchasable","17":"product-type-simple"},"_links":{"self":[{"href":"https:\/\/roveyayinevi.com.tr\/index.php\/wp-json\/wp\/v2\/product\/758285","targetHints":{"allow":["GET"]}}],"collection":[{"href":"https:\/\/roveyayinevi.com.tr\/index.php\/wp-json\/wp\/v2\/product"}],"about":[{"href":"https:\/\/roveyayinevi.com.tr\/index.php\/wp-json\/wp\/v2\/types\/product"}],"wp:attachment":[{"href":"https:\/\/roveyayinevi.com.tr\/index.php\/wp-json\/wp\/v2\/media?parent=758285"}],"wp:term":[{"taxonomy":"product_brand","embeddable":true,"href":"https:\/\/roveyayinevi.com.tr\/index.php\/wp-json\/wp\/v2\/product_brand?post=758285"},{"taxonomy":"product_cat","embeddable":true,"href":"https:\/\/roveyayinevi.com.tr\/index.php\/wp-json\/wp\/v2\/product_cat?post=758285"},{"taxonomy":"product_tag","embeddable":true,"href":"https:\/\/roveyayinevi.com.tr\/index.php\/wp-json\/wp\/v2\/product_tag?post=758285"}],"curies":[{"name":"wp","href":"https:\/\/api.w.org\/{rel}","templated":true}]}}