{"id":758283,"date":"2025-08-28T07:59:53","date_gmt":"2025-08-28T04:59:53","guid":{"rendered":"https:\/\/roveyayinevi.com.tr\/index.php\/urun\/mabeyn-i-humayun\/"},"modified":"2026-04-16T03:11:21","modified_gmt":"2026-04-16T00:11:21","slug":"mabeyn-i-humayun","status":"publish","type":"product","link":"https:\/\/roveyayinevi.com.tr\/index.php\/urun\/mabeyn-i-humayun\/","title":{"rendered":"Mabeyn-i H\u00fcmayun"},"content":{"rendered":"<p>\u201c\u0130stemem devlet aleyhinde evimde g\u00fcft \u00fc g\u00fbSonra bak jurnal ederler, herkesin namusu var;Asker\u00eeden, \u015feyhten, k\u0131ss\u00eesten, k\u00fctt\u00e2bdan Hazret-i \u015f\u00e2h-\u0131 cih\u00e2n\u0131n it kadar c\u00e2s\u00fbsu var!\u201d\u00dcsk\u00fcdarl\u0131 Talat Mabeyn-i H\u00fcmayun: Osmanl\u0131 Saray Te\u015fkilat\u0131n\u0131n Modernle\u015fmesi, Osmanl\u0131 tarihi alan\u0131nda \u00f6zellikle birinci el kaynaklar\u0131 ustaca kullanarak yapt\u0131\u011f\u0131 emsalsiz \u00e7al\u0131\u015fmalarla tan\u0131d\u0131\u011f\u0131m\u0131z Prof. Dr. Ali Aky\u0131ld\u0131z\u2019\u0131n y\u0131llarca emek verdi\u011fi bir \u00e7al\u0131\u015fman\u0131n \u00fcr\u00fcn\u00fc.Aky\u0131ld\u0131z bu eserinde, Osmanl\u0131 tarihi literat\u00fcr\u00fcnde neredeyse hi\u00e7 \u00e7al\u0131\u015f\u0131lmam\u0131\u015f bir alan olan mabeyn-i h\u00fcmayunun, yani padi\u015fah\u0131n \u00fclkeyi y\u00f6netti\u011fi saltanat makam\u0131n\u0131n \u00f6nemini kaybetmesiyle birlikte iktidar\u0131n Saray ve Bab\u0131ali olarak iki yap\u0131ya ayr\u0131lmas\u0131 ve bunun sonucu olarak sarayda bir sekretarya ve saltanat b\u00fcrokrasisinin ortaya \u00e7\u0131k\u0131\u015f\u0131yla te\u015fekk\u00fcl ve geli\u015fim s\u00fcrelerini inceliyor.\u00b7         Osmanl\u0131 Devleti\u2019nin kurulu\u015fundan itibaren devlet i\u015flerinin esas mercii neresiydi?\u00b7         Osmanl\u0131 saray\u0131n\u0131n yap\u0131s\u0131 ve enderun (i\u00e7 hizmetler) ve b\u00eerun (d\u0131\u015f hizmetler) b\u00f6l\u00fcmlerinin g\u00f6revleri nelerdi? \u00b7         Sultan II. Mahmud\u2019un Osmanl\u0131 saray\u0131nda ger\u00e7ekle\u015ftirdi\u011fi radikal de\u011fi\u015fimin mahiyeti\u2026\u00b7         Mabeyn-i h\u00fcmayunun g\u00f6rev ve fonksiyonlar\u0131 ve mabeyinciler\u2026\u00b7         Mabeyn g\u00f6revlileri, g\u00f6revleri ve bu g\u00f6revlerin zaman i\u00e7indeki de\u011fi\u015fim ve geli\u015fimi\u2026\u00b7         Sultan II. Abd\u00fclhamid zaman\u0131nda mabeynin genel yap\u0131s\u0131n\u0131n de\u011fi\u015fim s\u00fcreci\u2026\u00b7         II. Me\u015frutiyet\u2019in ilan\u0131 ve II. Abd\u00fclhamid\u2019in tahttan indirilmesiyle mabeynin ald\u0131\u011f\u0131 yeni bi\u00e7im\u2026\u00b7         Geleneksel saray te\u015fkilat\u0131 i\u00e7erisinde tedric\u00ee olarak ger\u00e7ekle\u015fen de\u011fi\u015fim ve mabeynin te\u015fekk\u00fcl\u00fc ve geli\u015fimi t\u00fcm ayr\u0131nt\u0131lar\u0131yla\u2026Tamam\u0131 renkli resimli, sert kapak ve prestij boy \u00f6zelliklerine sahip bu eser, imparatorlu\u011fun beyni olan Mabeyn-i H\u00fcmayun\u2019u, Osmanl\u0131 saray te\u015fkilat\u0131n\u0131n modernle\u015fmesi ba\u011flam\u0131nda ele alarak Osmanl\u0131 tarihine \u015fimdiye kadar bak\u0131lmayan bir perspektiften bakman\u0131z\u0131 sa\u011flayacak.<\/p>\n","protected":false},"excerpt":{"rendered":"<p>\u201c\u0130stemem devlet aleyhinde evimde g\u00fcft \u00fc g\u00fbSonra bak jurnal ederler, herkesin namusu var;Asker\u00eeden, \u015feyhten, k\u0131ss\u00eesten, k\u00fctt\u00e2bdan Hazret-i \u015f\u00e2h-\u0131 cih\u00e2n\u0131n it kadar c\u00e2s\u00fbsu var!\u201d\u00dcsk\u00fcdarl\u0131 Talat Mabeyn-i H\u00fcmayun:<span class=\"excerpt-hellip\"> [\u2026]<\/span><\/p>\n","protected":false},"featured_media":0,"template":"","meta":{"_monsterinsights_skip_tracking":false,"_monsterinsights_sitenote_active":false,"_monsterinsights_sitenote_note":"","_monsterinsights_sitenote_category":0},"product_brand":[],"product_cat":[13517,12304],"product_tag":[],"class_list":{"0":"post-758283","1":"product","2":"type-product","3":"status-publish","5":"product_cat-osmanli-tarihi","6":"product_cat-tarih","7":"pa_cilt-ciltsiz","8":"pa_tur-kitap","9":"pa_yayinevi-timas-yayinlari","10":"pa_yazar-ali-akyildiz","12":"first","13":"instock","14":"sale","15":"shipping-taxable","16":"purchasable","17":"product-type-simple"},"_links":{"self":[{"href":"https:\/\/roveyayinevi.com.tr\/index.php\/wp-json\/wp\/v2\/product\/758283","targetHints":{"allow":["GET"]}}],"collection":[{"href":"https:\/\/roveyayinevi.com.tr\/index.php\/wp-json\/wp\/v2\/product"}],"about":[{"href":"https:\/\/roveyayinevi.com.tr\/index.php\/wp-json\/wp\/v2\/types\/product"}],"wp:attachment":[{"href":"https:\/\/roveyayinevi.com.tr\/index.php\/wp-json\/wp\/v2\/media?parent=758283"}],"wp:term":[{"taxonomy":"product_brand","embeddable":true,"href":"https:\/\/roveyayinevi.com.tr\/index.php\/wp-json\/wp\/v2\/product_brand?post=758283"},{"taxonomy":"product_cat","embeddable":true,"href":"https:\/\/roveyayinevi.com.tr\/index.php\/wp-json\/wp\/v2\/product_cat?post=758283"},{"taxonomy":"product_tag","embeddable":true,"href":"https:\/\/roveyayinevi.com.tr\/index.php\/wp-json\/wp\/v2\/product_tag?post=758283"}],"curies":[{"name":"wp","href":"https:\/\/api.w.org\/{rel}","templated":true}]}}