{"id":758272,"date":"2025-08-28T07:59:39","date_gmt":"2025-08-28T04:59:39","guid":{"rendered":"https:\/\/roveyayinevi.com.tr\/index.php\/urun\/genc-arastirmacilar-tartisiyor-siyasi-ilimler-turk-dernegi-viii-lisansustu-konferansi-bildirileri-seckisi\/"},"modified":"2026-04-16T03:11:21","modified_gmt":"2026-04-16T00:11:21","slug":"genc-arastirmacilar-tartisiyor-siyasi-ilimler-turk-dernegi-viii-lisansustu-konferansi-bildirileri-seckisi","status":"publish","type":"product","link":"https:\/\/roveyayinevi.com.tr\/index.php\/urun\/genc-arastirmacilar-tartisiyor-siyasi-ilimler-turk-dernegi-viii-lisansustu-konferansi-bildirileri-seckisi\/","title":{"rendered":"Gen\u00e7 Ara\u015ft\u0131rmac\u0131lar Tart\u0131\u015f\u0131yor &#8211; Siyasi \u0130limler T\u00fcrk Derne\u011fi VIII. Lisans\u00fcst\u00fc Konferans\u0131 Bildirileri Se\u00e7kisi"},"content":{"rendered":"<p>S\u0130TD Lisans\u00fcst\u00fc Konferanslar\u0131 2003 ve 2004 y\u0131llar\u0131nda \u0130stanbul Bilgi \u00dcniversitesi, 2005 y\u0131l\u0131nda Hacettepe \u00dcniversitesi, 2006 y\u0131l\u0131nda S\u00fcleyman Demirel \u00dcniversitesi, 2007 y\u0131l\u0131nda Erciyes \u00dcniversitesi, 2008 ve 2009 y\u0131llar\u0131nda \u0130stanbul Bilgi \u00dcniversitesi&#8217;nde, 2010 ve 2011 y\u0131llar\u0131nda Okan \u00dcniversite&#8217;nde, 2012 ve 2013 y\u0131llar\u0131nda Ortado\u011fu Teknik \u00dcniversitesi&#8217;nde d\u00fczenlenmi\u015ftir. Di\u011fer bir deyi\u015fle 10 y\u0131ld\u0131r, bu konferanslar yoluyla ba\u015fta siyaset bilimi ve uluslar aras\u0131 ili\u015fkiler olmak \u00fczere tarih, sosyoloji, felsefe, hukuk ve iktisat gibi \u00e7ok say\u0131da b\u00f6l\u00fcmde y\u00fckseklisans ve doktora yapan \u00f6\u011frenciler ara\u015ft\u0131rmalar\u0131n\u0131 birbirleriyle ve \u00f6\u011fretim \u00fcyeleriyle payla\u015fma f\u0131rsat\u0131 bulmu\u015ftur. 2010 y\u0131l\u0131nda yedincisi d\u00fczenlenen konferans\u0131n akabinde bildirilerde olu\u015facak bir se\u00e7kiyi bas\u0131l\u0131 hale getirme fikri ortaya \u00e7\u0131km\u0131\u015ft\u0131r. Bu kitapta sizlerle T\u00fcrkiye&#8217;nin gen\u00e7 ara\u015ft\u0131rmac\u0131lar\u0131n\u0131n g\u00fcndeminin en az\u0131ndan bir k\u0131sm\u0131n\u0131 payla\u015fabilmekten mutluluk duyuyoruz.<\/p>\n","protected":false},"excerpt":{"rendered":"<p>S\u0130TD Lisans\u00fcst\u00fc Konferanslar\u0131 2003 ve 2004 y\u0131llar\u0131nda \u0130stanbul Bilgi \u00dcniversitesi, 2005 y\u0131l\u0131nda Hacettepe \u00dcniversitesi, 2006 y\u0131l\u0131nda S\u00fcleyman Demirel \u00dcniversitesi, 2007 y\u0131l\u0131nda Erciyes \u00dcniversitesi, 2008 ve 2009<span class=\"excerpt-hellip\"> [\u2026]<\/span><\/p>\n","protected":false},"featured_media":0,"template":"","meta":{"_monsterinsights_skip_tracking":false,"_monsterinsights_sitenote_active":false,"_monsterinsights_sitenote_note":"","_monsterinsights_sitenote_category":0},"product_brand":[],"product_cat":[12573,12566],"product_tag":[],"class_list":{"0":"post-758272","1":"product","2":"type-product","3":"status-publish","5":"product_cat-akademik-kitaplar","6":"product_cat-egitim","7":"pa_cilt-ciltsiz","8":"pa_tur-kitap","9":"pa_yayinevi-istanbul-okan-universitesi","10":"pa_yazar-okan-kollektif","12":"first","13":"instock","14":"sale","15":"shipping-taxable","16":"purchasable","17":"product-type-simple"},"_links":{"self":[{"href":"https:\/\/roveyayinevi.com.tr\/index.php\/wp-json\/wp\/v2\/product\/758272","targetHints":{"allow":["GET"]}}],"collection":[{"href":"https:\/\/roveyayinevi.com.tr\/index.php\/wp-json\/wp\/v2\/product"}],"about":[{"href":"https:\/\/roveyayinevi.com.tr\/index.php\/wp-json\/wp\/v2\/types\/product"}],"wp:attachment":[{"href":"https:\/\/roveyayinevi.com.tr\/index.php\/wp-json\/wp\/v2\/media?parent=758272"}],"wp:term":[{"taxonomy":"product_brand","embeddable":true,"href":"https:\/\/roveyayinevi.com.tr\/index.php\/wp-json\/wp\/v2\/product_brand?post=758272"},{"taxonomy":"product_cat","embeddable":true,"href":"https:\/\/roveyayinevi.com.tr\/index.php\/wp-json\/wp\/v2\/product_cat?post=758272"},{"taxonomy":"product_tag","embeddable":true,"href":"https:\/\/roveyayinevi.com.tr\/index.php\/wp-json\/wp\/v2\/product_tag?post=758272"}],"curies":[{"name":"wp","href":"https:\/\/api.w.org\/{rel}","templated":true}]}}