{"id":758245,"date":"2025-08-28T07:59:09","date_gmt":"2025-08-28T04:59:09","guid":{"rendered":"https:\/\/roveyayinevi.com.tr\/index.php\/urun\/cumhuriyetin-kurulusu-ve-bir-milletin-aydinlanmasi\/"},"modified":"2026-04-16T03:11:20","modified_gmt":"2026-04-16T00:11:20","slug":"cumhuriyetin-kurulusu-ve-bir-milletin-aydinlanmasi","status":"publish","type":"product","link":"https:\/\/roveyayinevi.com.tr\/index.php\/urun\/cumhuriyetin-kurulusu-ve-bir-milletin-aydinlanmasi\/","title":{"rendered":"Cumhuriyet&#8217;in Kurulu\u015fu ve Bir Milletin Ayd\u0131nlanmas\u0131"},"content":{"rendered":"<p>Haz\u0131rlanan bu kitap ile T\u00fcrk Ulusu&#8217;nun 1919-1938 y\u0131llar\u0131 aras\u0131daki ya\u015fam\u0131 i\u00e7erinde Atat\u00fcrk\u00e7\u00fc d\u00fc\u015f\u00fcnceyi olaylara ba\u011fl\u0131 olarak de\u011ferlendirip, ondan sonu\u00e7lar \u00e7\u0131karmak ve gen\u00e7li\u011fi, ya\u015fan\u0131lan y\u00fczy\u0131lda, d\u00fcnyada meydana gelen geli\u015fim ve de\u011fi\u015fimlere kar\u015f\u0131 tarih \u015fuuru ile bilin\u00e7li k\u0131lmak hedeflenmi\u015ftir.Bug\u00fcn \u00fcz\u00fclerek s\u00f6ylemek gerekirse, toplumumuz tarihi konulara yeterince ilgi duymamaktad\u0131r. Bunu nedeni, Mustafa Kemal Pa\u015fa&#8217;n\u0131n Samsum&#8217;dan Anadolu&#8217;ya ayak bast\u0131\u011f\u0131 andan \u00f6l\u00fcm\u00fcne kadar, o inan\u0131lmas\u0131 g\u00fc\u00e7 ve b\u00fcy\u00fck i\u015fleri ger\u00e7ekle\u015ftirirken, \u00f6n\u00fcne \u00e7\u0131kan b\u00fct\u00fcn engelleri \u00e7ok rahat ge\u00e7ti\u011fi, her \u015feyin \u00fcstesinden kolayca geldi\u011fi, destans\u0131 ve kronolojik olarak sunuldu\u011fu i\u00e7indir. Halkbuki cumhuriyete giden yol, \u00e7ok say\u0131da ve \u00e7ok \u00e7e\u015fitli engellerin ve keskin virajlar\u0131n birer birer olanaks\u0131zl\u0131klara ra\u011fmen yok edilmesiyle kat edilmi\u015ftir.<\/p>\n","protected":false},"excerpt":{"rendered":"<p>Haz\u0131rlanan bu kitap ile T\u00fcrk Ulusu&#8217;nun 1919-1938 y\u0131llar\u0131 aras\u0131daki ya\u015fam\u0131 i\u00e7erinde Atat\u00fcrk\u00e7\u00fc d\u00fc\u015f\u00fcnceyi olaylara ba\u011fl\u0131 olarak de\u011ferlendirip, ondan sonu\u00e7lar \u00e7\u0131karmak ve gen\u00e7li\u011fi, ya\u015fan\u0131lan y\u00fczy\u0131lda, d\u00fcnyada meydana<span class=\"excerpt-hellip\"> [\u2026]<\/span><\/p>\n","protected":false},"featured_media":0,"template":"","meta":{"_monsterinsights_skip_tracking":false,"_monsterinsights_sitenote_active":false,"_monsterinsights_sitenote_note":"","_monsterinsights_sitenote_category":0},"product_brand":[],"product_cat":[12304,13493],"product_tag":[],"class_list":{"0":"post-758245","1":"product","2":"type-product","3":"status-publish","5":"product_cat-tarih","6":"product_cat-turkiye-ve-cumhuriyet-tarihi","7":"pa_cilt-ciltsiz","8":"pa_tur-kitap","9":"pa_yayinevi-istanbul-okan-universitesi","10":"pa_yazar-mehmet-kilic","12":"first","13":"instock","14":"sale","15":"shipping-taxable","16":"purchasable","17":"product-type-simple"},"_links":{"self":[{"href":"https:\/\/roveyayinevi.com.tr\/index.php\/wp-json\/wp\/v2\/product\/758245","targetHints":{"allow":["GET"]}}],"collection":[{"href":"https:\/\/roveyayinevi.com.tr\/index.php\/wp-json\/wp\/v2\/product"}],"about":[{"href":"https:\/\/roveyayinevi.com.tr\/index.php\/wp-json\/wp\/v2\/types\/product"}],"wp:attachment":[{"href":"https:\/\/roveyayinevi.com.tr\/index.php\/wp-json\/wp\/v2\/media?parent=758245"}],"wp:term":[{"taxonomy":"product_brand","embeddable":true,"href":"https:\/\/roveyayinevi.com.tr\/index.php\/wp-json\/wp\/v2\/product_brand?post=758245"},{"taxonomy":"product_cat","embeddable":true,"href":"https:\/\/roveyayinevi.com.tr\/index.php\/wp-json\/wp\/v2\/product_cat?post=758245"},{"taxonomy":"product_tag","embeddable":true,"href":"https:\/\/roveyayinevi.com.tr\/index.php\/wp-json\/wp\/v2\/product_tag?post=758245"}],"curies":[{"name":"wp","href":"https:\/\/api.w.org\/{rel}","templated":true}]}}