{"id":758243,"date":"2025-08-28T07:59:07","date_gmt":"2025-08-28T04:59:07","guid":{"rendered":"https:\/\/roveyayinevi.com.tr\/index.php\/urun\/amasya-tamimi-ve-protokolu\/"},"modified":"2026-04-16T03:11:20","modified_gmt":"2026-04-16T00:11:20","slug":"amasya-tamimi-ve-protokolu","status":"publish","type":"product","link":"https:\/\/roveyayinevi.com.tr\/index.php\/urun\/amasya-tamimi-ve-protokolu\/","title":{"rendered":"Amasya Tamimi ve Protokol\u00fc"},"content":{"rendered":"<p>As\u0131rlard\u0131r zaman\u0131n \u015fahitli\u011fini yapm\u0131\u015f, medeniyetlerin ge\u00e7i\u015f sahnesi olmu\u015f Amasya, ge\u00e7mi\u015finden ald\u0131\u011f\u0131 bilim, sanat ve k\u00fclt\u00fcr miras\u0131n\u0131n do\u011fal g\u00fczelliklerle kucakla\u015ft\u0131\u011f\u0131 bir \u015fehir olarak her devirde yazarlara, \u015fair ve sanat\u00e7\u0131lara ilham kayna\u011f\u0131 olurken, Milli m\u00fccadelede de tarihten getirdi\u011fi inan\u00e7, azim ve \u015fuurla \u00e7ok \u00f6nemli bir vazife \u00fcstlenmi\u015ftir. Kurtulu\u015f Sava\u015f\u0131&#8217;na giden yolda Erzurum ve Sivas Kongreleri i\u00e7in at\u0131lan ilk ad\u0131m olan &#8216;Amasya Tamimi&#8221; t\u00fcm d\u00fcnyaya buradan ilan edilmi\u015ftir.Amasya Tamimi, ulusal egemenli\u011fe dayal\u0131 yeni T\u00fcrk devletinin kurulmas\u0131 yolundaki ilkyazd\u0131, hukuki metindir. Vatan ve milletin i\u00e7inde bulundu\u011fu a\u011f\u0131r \u015fartlar\u0131n yaz\u0131l\u0131 olarak ilk defa bu metinde dile getirilmesi, T\u00fcrk milletini &#8220;Ya istikl\u00e2l, ya \u00f6l\u00fcm&#8221; slogan\u0131nda birle\u015ftirmi\u015ftir.Vatan\u0131n b\u00fct\u00fcnl\u00fc\u011f\u00fcn\u00fcn, milletin istikl\u00e2linin tehlikede oldu\u011fu bir ortamda Amasya Tamimi&#8217;nde ifade edilen &#8220;Milletin istikl\u00e2lini yine milletin azim ve karar\u0131 kurtaracakt\u0131r. &#8221; d\u00fcsturu, milletin kurtulu\u015f re\u00e7etesi olarak ulusumuza ve b\u00fct\u00fcn d\u00fcnyaya Amasya\u2019dan duyurulmu\u015f; bu parola, kurtulu\u015f m\u00fccadelesinin ve T\u00fcrkiye Cumhuriyeti Devletinin ilan\u0131yla sonu\u00e7lanan s\u00fcrecin \u00e7\u0131k\u0131\u015f noktas\u0131 olmu\u015ftur.Amasya Protokol\u00fc&#8217;nde ge\u00e7en &#8220;T\u00fcrk vilayetleri d\u00fc\u015fmana terk olunmayacak, hi\u00e7 bir bi\u00e7imde manda ve himaye kabul edilmeyecek, T\u00fcrk vatan\u0131n\u0131n b\u00fct\u00fcnl\u00fc\u011f\u00fc ve ba\u011f\u0131ms\u0131zl\u0131\u011f\u0131 korunacak.&#8221; maddesi, milletin, \u00f6zg\u00fcr bir \u00fclkede ba\u011f\u0131ms\u0131z ya\u015fama \u00fclk\u00fcs\u00fcn\u00fcn Amasya\u2019dan hayk\u0131r\u0131lmas\u0131d\u0131r.Bu topraklar\u0131n vatan haline geli\u015f s\u00fcrecinde, T\u00fcrkiye B\u00fcy\u00fck Millet Meclisinin a\u00e7\u0131lmas\u0131 ve milli iradenin ger\u00e7ekle\u015fmesi yolunda \u00f6nemli bir rol \u00fcstlenmi\u015f olan Amasya &#8216;n\u0131n, milli m\u00fccadele tarihindeki yerinin gen\u00e7 ku\u015faklara tan\u0131t\u0131lmas\u0131, aktar\u0131lmas\u0131 ve o d\u00f6nemin y\u00fcksek m\u00fccadele ruhunun a\u015f\u0131lanmas\u0131, gelece\u011fimiz i\u00e7in bir g\u00f6rev, ge\u00e7mi\u015fimiz i\u00e7in vefa ve minnet borcudur. T\u00fcrkiye B\u00fcy\u00fck Millet Meclisi&#8217;nin &#8220;Milli Egemenli\u011fe Do\u011fru 90. Y\u0131l Kutlamalar\u0131&#8221; vesilesiyle, bu vefa ve minnet borcumuzu dile getirirken, &#8220;Amasya Tamimi ve Protokol\u00fc &#8221; adl\u0131 eseri halk\u0131m\u0131za ve \u00f6\u011frencilerin istifadesine sunulmaktad\u0131r.<\/p>\n","protected":false},"excerpt":{"rendered":"<p>As\u0131rlard\u0131r zaman\u0131n \u015fahitli\u011fini yapm\u0131\u015f, medeniyetlerin ge\u00e7i\u015f sahnesi olmu\u015f Amasya, ge\u00e7mi\u015finden ald\u0131\u011f\u0131 bilim, sanat ve k\u00fclt\u00fcr miras\u0131n\u0131n do\u011fal g\u00fczelliklerle kucakla\u015ft\u0131\u011f\u0131 bir \u015fehir olarak her devirde yazarlara, \u015fair<span class=\"excerpt-hellip\"> [\u2026]<\/span><\/p>\n","protected":false},"featured_media":0,"template":"","meta":{"_monsterinsights_skip_tracking":false,"_monsterinsights_sitenote_active":false,"_monsterinsights_sitenote_note":"","_monsterinsights_sitenote_category":0},"product_brand":[],"product_cat":[12573,12566],"product_tag":[],"class_list":{"0":"post-758243","1":"product","2":"type-product","3":"status-publish","5":"product_cat-akademik-kitaplar","6":"product_cat-egitim","7":"pa_cilt-ciltsiz","8":"pa_tur-kitap","9":"pa_yayinevi-istanbul-okan-universitesi","10":"pa_yazar-mehmet-kilic","12":"first","13":"instock","14":"sale","15":"shipping-taxable","16":"purchasable","17":"product-type-simple"},"_links":{"self":[{"href":"https:\/\/roveyayinevi.com.tr\/index.php\/wp-json\/wp\/v2\/product\/758243","targetHints":{"allow":["GET"]}}],"collection":[{"href":"https:\/\/roveyayinevi.com.tr\/index.php\/wp-json\/wp\/v2\/product"}],"about":[{"href":"https:\/\/roveyayinevi.com.tr\/index.php\/wp-json\/wp\/v2\/types\/product"}],"wp:attachment":[{"href":"https:\/\/roveyayinevi.com.tr\/index.php\/wp-json\/wp\/v2\/media?parent=758243"}],"wp:term":[{"taxonomy":"product_brand","embeddable":true,"href":"https:\/\/roveyayinevi.com.tr\/index.php\/wp-json\/wp\/v2\/product_brand?post=758243"},{"taxonomy":"product_cat","embeddable":true,"href":"https:\/\/roveyayinevi.com.tr\/index.php\/wp-json\/wp\/v2\/product_cat?post=758243"},{"taxonomy":"product_tag","embeddable":true,"href":"https:\/\/roveyayinevi.com.tr\/index.php\/wp-json\/wp\/v2\/product_tag?post=758243"}],"curies":[{"name":"wp","href":"https:\/\/api.w.org\/{rel}","templated":true}]}}