{"id":758218,"date":"2025-08-28T07:58:16","date_gmt":"2025-08-28T04:58:16","guid":{"rendered":"https:\/\/roveyayinevi.com.tr\/index.php\/urun\/emine-isinsu-armagani-ciltli\/"},"modified":"2026-04-16T03:11:19","modified_gmt":"2026-04-16T00:11:19","slug":"emine-isinsu-armagani-ciltli","status":"publish","type":"product","link":"https:\/\/roveyayinevi.com.tr\/index.php\/urun\/emine-isinsu-armagani-ciltli\/","title":{"rendered":"Emine I\u015f\u0131nsu Arma\u011fan\u0131 (Ciltli)"},"content":{"rendered":"<p>Emine I\u015f\u0131nsu Arma\u011fan\u0131 kitab\u0131n\u0131n tohumlar\u0131 2018 y\u0131l\u0131 sonlar\u0131nda at\u0131ld\u0131. Yay\u0131n hayat\u0131nda 12 y\u0131l\u0131 geride b\u0131rakan IHLAMUR dergimizde, ya\u015fayan ustalar\u0131m\u0131za sayg\u0131 ve vefa gayesiyle dosyalar, \u00f6zel say\u0131lar haz\u0131rlamak art\u0131k bir gelenek halini ald\u0131. 2019 y\u0131l\u0131 dosya planlamas\u0131n\u0131 yaparken Mart ay\u0131nda \u201cEmine I\u015f\u0131nsu\u201d dosyas\u0131 haz\u0131rlamaya karar verdik. Daha haz\u0131rl\u0131k a\u015famas\u0131ndayken g\u00f6rd\u00fc\u011f\u00fcm\u00fcz ilgiyle dosya; \u00f6nce \u00f6zel say\u0131ya \u015fimdi de elinizde tuttu\u011funuz bu arma\u011fan kitaba d\u00f6n\u00fc\u015ft\u00fc.Yazarlar\u0131m\u0131zdan, akademisyenlerimizden, Emine I\u015f\u0131nsu&#8217;nun dostlar\u0131ndan; ar\u015fivlik foto\u011fraflar, dok\u00fcmanlar, el yaz\u0131s\u0131 ile yaz\u0131lm\u0131\u015f notlar, mektuplar dergimize ula\u015ft\u0131r\u0131ld\u0131. Dergimizde yerimiz s\u0131n\u0131rl\u0131 oldu\u011fu i\u00e7in pek \u00e7ok malzemeden yararlanamad\u0131k. Bu sebeple gelen t\u00fcm kaynaklar\u0131 kitap halinde sunmaya karar k\u0131ld\u0131k.Ihlamur, Ay\u015fe, T\u00f6re, T\u00fcrk Edebiyat\u0131, T\u00fcrk Yurdu, \u00dclk\u00fc Ocaklar\u0131, Hisar, Edebda\u011f, Mecmua vb. dergilerinin; Devlet, Yeni \u015eafak vb. gazetelerinin Emine I\u015f\u0131nsu \u00f6zel say\u0131lar\u0131n\u0131, dosyalar\u0131n\u0131 ve edinebildi\u011fimiz say\u0131lar\u0131nda I\u015f\u0131nsu&#8217;ya dair yaz\u0131lar\u0131 derledik. Emine I\u015f\u0131nsu hakk\u0131nda haz\u0131rlanm\u0131\u015f tezleri tarad\u0131k. Dergimiz \u00f6zel say\u0131s\u0131nda yer veremedi\u011fimiz ve sonras\u0131nda bu kitap i\u00e7in yeni yaz\u0131lan yaz\u0131lar\u0131 derledik. Bizden 10 y\u0131l kadar \u00f6nce Nebahat Akba\u015f ve G\u00f6k\u00e7e Nur \u015eafak bu \u00e7al\u0131\u015fmaya ba\u015flay\u0131p epeyce yol alm\u0131\u015ft\u0131. \u00c7e\u015fitli sebeplerle kitapla\u015ft\u0131r\u0131lamayan \u00e7al\u0131\u015fmalar\u0131n\u0131 bizlerle payla\u015f\u0131p d\u00f6rt ba\u015f\u0131 mamur bir eser olmas\u0131na vesile olan Nebahat Akba\u015f&#8217;a te\u015fekk\u00fcr ediyoruz.Bizden sonra Emine I\u015f\u0131nsu hakk\u0131nda \u00e7al\u0131\u015fma yapacak olanlara kolayl\u0131k sa\u011flamak ad\u0131na kitab\u0131m\u0131za katk\u0131 sa\u011flayanlar\u0131n k\u0131sa biyografilerine ve e-posta adreslerine yer verdik. Ayr\u0131ca tad\u0131ml\u0131k da olsa bir Emine I\u015f\u0131nsu Alb\u00fcm\u00fc koyarak zamana tan\u0131kl\u0131k etmi\u015f hat\u0131ralar\u0131 tarihe not d\u00fc\u015fm\u00fc\u015f olduk.Halide Nusret Zorlutuna&#8217;n\u0131n Fuzul\u00ee, \u015eeyh Galip, Mehmet Akif \u015fiirleriyle b\u00fcy\u00fctt\u00fc\u011f\u00fc ve Azap Topraklar\u0131, Sanc\u0131, \u00c7i\u00e7ekler B\u00fcy\u00fcr ba\u015fta olmak \u00fczere onlarca kitab\u0131yla bir nesle y\u00f6n veren Emine I\u015f\u0131nsu&#8217;ya kar\u015f\u0131 vefa borcumuzu \u00f6deyebildiysek mutlu olaca\u011f\u0131z. Yazarlar\u0131 zihinlerde ya\u015fatal\u0131m ki eserleri de ya\u015fas\u0131n!Hakan SARI \u2013 Yusuf KO\u015eAR<\/p>\n","protected":false},"excerpt":{"rendered":"<p>Emine I\u015f\u0131nsu Arma\u011fan\u0131 kitab\u0131n\u0131n tohumlar\u0131 2018 y\u0131l\u0131 sonlar\u0131nda at\u0131ld\u0131. Yay\u0131n hayat\u0131nda 12 y\u0131l\u0131 geride b\u0131rakan IHLAMUR dergimizde, ya\u015fayan ustalar\u0131m\u0131za sayg\u0131 ve vefa gayesiyle dosyalar, \u00f6zel say\u0131lar<span class=\"excerpt-hellip\"> [\u2026]<\/span><\/p>\n","protected":false},"featured_media":0,"template":"","meta":{"_monsterinsights_skip_tracking":false,"_monsterinsights_sitenote_active":false,"_monsterinsights_sitenote_note":"","_monsterinsights_sitenote_category":0},"product_brand":[],"product_cat":[14009,12291],"product_tag":[],"class_list":{"0":"post-758218","1":"product","2":"type-product","3":"status-publish","5":"product_cat-biyografi-otobiyografi-edebiyat","6":"product_cat-edebiyat","7":"pa_cilt-ciltli","8":"pa_tur-kitap","9":"pa_yayinevi-ihlamur-kitap","10":"pa_yazar-ihlamur-kollektif","12":"first","13":"instock","14":"sale","15":"shipping-taxable","16":"purchasable","17":"product-type-simple"},"_links":{"self":[{"href":"https:\/\/roveyayinevi.com.tr\/index.php\/wp-json\/wp\/v2\/product\/758218","targetHints":{"allow":["GET"]}}],"collection":[{"href":"https:\/\/roveyayinevi.com.tr\/index.php\/wp-json\/wp\/v2\/product"}],"about":[{"href":"https:\/\/roveyayinevi.com.tr\/index.php\/wp-json\/wp\/v2\/types\/product"}],"wp:attachment":[{"href":"https:\/\/roveyayinevi.com.tr\/index.php\/wp-json\/wp\/v2\/media?parent=758218"}],"wp:term":[{"taxonomy":"product_brand","embeddable":true,"href":"https:\/\/roveyayinevi.com.tr\/index.php\/wp-json\/wp\/v2\/product_brand?post=758218"},{"taxonomy":"product_cat","embeddable":true,"href":"https:\/\/roveyayinevi.com.tr\/index.php\/wp-json\/wp\/v2\/product_cat?post=758218"},{"taxonomy":"product_tag","embeddable":true,"href":"https:\/\/roveyayinevi.com.tr\/index.php\/wp-json\/wp\/v2\/product_tag?post=758218"}],"curies":[{"name":"wp","href":"https:\/\/api.w.org\/{rel}","templated":true}]}}